{"id":7178,"date":"2020-03-05T17:15:59","date_gmt":"2020-03-05T16:15:59","guid":{"rendered":"https:\/\/preprod.nyanpereira.fr\/?post_type=portfolios&#038;p=7178"},"modified":"2020-07-17T10:37:16","modified_gmt":"2020-07-17T09:37:16","slug":"europcar-photomontage-pub-covering-demenagement","status":"publish","type":"portfolios","link":"https:\/\/nyanpereira.fr\/dessinateur\/portfolios\/europcar-photomontage-pub-covering-demenagement\/","title":{"rendered":"EUROPCAR \/\/  Photomontage PUB COVERING D\u00e9m\u00e9nagement"},"content":{"rendered":"<h6>De\u0301couvrez une vid\u00e9o making-of de l\u2019ensemble du projet \u00ab De\u0301me\u0301nager devient un jeux d\u2019enfant \u00bb, de sa gene\u0300se a\u0300 son aboutissement.<\/h6>\n<div class=\"video-container\"><iframe src=\"https:\/\/player.vimeo.com\/video\/385256595?title=0&amp;byline=0&amp;portrait=0\" width=\"\" height=\"\" frameborder=\"0\" webkitallowfullscreen mozallowfullscreen allowfullscreen><\/iframe><\/div>\n<p>Nouvel habillage de la flotte de\u0301me\u0301nagement 20m3 : EuropCar entre dans le Game ! Dans la ligne\u0301e des ce\u0301le\u0300bres covering en trompe l\u2019oeil, nous signons un nouvel habillage ine\u0301dit pour la flotte des 20m3 EUROPCAR : \u00ab De\u0301me\u0301nager devient un jeux d\u2019enfant \u00bb.<br \/>\nCe concept, re\u0301solument oriente\u0301 vers une re\u0301surgence de l\u2019enfance pour la premie\u0300re fourne\u0301e des millenials, s\u2019appuie sur les codes du jeu vide\u0301o et le casse-te\u0302te du de\u0301me\u0301nagement pour extraire une image forte : mettre a\u0300 profit toutes ces anne\u0301es d\u2019entrainement intensif a\u0300 compacter des briques pour (enfin) re\u0301ussir son de\u0301me\u0301nagement.<\/p>\n<p>De\u0301couvrez une vid\u00e9o making-of de l\u2019ensemble du projet \u00ab De\u0301me\u0301nager devient un jeux d\u2019enfant \u00bb, de sa gene\u0300se a\u0300 son aboutissement.<\/p>\n<p>La touche finale : L\u2019impression et la pose de 800m2 d\u2019adhe\u0301sifs par Decoadrer.<br \/>\nC\u0327a va faire un carton !<\/p>\n<p><img loading=\"lazy\" class=\"alignleft size-full wp-image-9107\" src=\"https:\/\/nyanpereira.fr\/dessinateur\/wp-content\/uploads\/2020\/01\/12.total_.covering.Euopcar.campagne.pub_.tetris.photomontage.photomanipulation.photographe.pub_.freelance-min.jpg\" alt=\"total.covering.camion.Euopcar.campagne.pub.tetris.photomontage.photomanipulation.photographe.freelance\" width=\"650\" height=\"945\" \/><img loading=\"lazy\" class=\"alignleft size-full wp-image-9108\" src=\"https:\/\/nyanpereira.fr\/dessinateur\/wp-content\/uploads\/2020\/01\/12.total_.covering.Euopcar.campagne.pub_.tetris.photomontage.photomanipulation.photographe.pub_.freelance2-min.jpg\" alt=\"total.covering.camion.Euopcar.campagne.pub.tetris.photomontage.photomanipulation.photographe.freelance\" width=\"650\" height=\"945\" \/><\/p>\n","protected":false},"excerpt":{"rendered":"","protected":false},"featured_media":7180,"comment_status":"closed","ping_status":"closed","template":"","yoast_head":"<!-- This site is optimized with the Yoast SEO plugin v17.9 - https:\/\/yoast.com\/wordpress\/plugins\/seo\/ -->\n<title>EUROPCAR \/\/ Photomontage PUB COVERING D\u00e9m\u00e9nagement - Service Cr\u00e9atif &amp; Pr\u00e9sentation Artistique<\/title>\n<meta name=\"robots\" content=\"index, follow, max-snippet:-1, max-image-preview:large, max-video-preview:-1\" \/>\n<link rel=\"canonical\" href=\"https:\/\/nyanpereira.fr\/dessinateur\/portfolios\/europcar-photomontage-pub-covering-demenagement\/\" \/>\n<meta property=\"og:locale\" content=\"fr_FR\" \/>\n<meta property=\"og:type\" content=\"article\" \/>\n<meta property=\"og:title\" content=\"EUROPCAR \/\/ Photomontage PUB COVERING D\u00e9m\u00e9nagement - Service Cr\u00e9atif &amp; Pr\u00e9sentation Artistique\" \/>\n<meta property=\"og:url\" content=\"https:\/\/nyanpereira.fr\/dessinateur\/portfolios\/europcar-photomontage-pub-covering-demenagement\/\" \/>\n<meta property=\"og:site_name\" content=\"Service Cr\u00e9atif &amp; Pr\u00e9sentation Artistique\" \/>\n<meta property=\"article:modified_time\" content=\"2020-07-17T09:37:16+00:00\" \/>\n<meta property=\"og:image\" content=\"https:\/\/nyanpereira.fr\/dessinateur\/wp-content\/uploads\/2020\/03\/Making-of.campagne.publicite.covering.VU_.camion.europcar.tetris.photographe.freelance.jpg\" \/>\n\t<meta property=\"og:image:width\" content=\"400\" \/>\n\t<meta property=\"og:image:height\" content=\"222\" \/>\n\t<meta property=\"og:image:type\" content=\"image\/jpeg\" \/>\n<meta name=\"twitter:card\" content=\"summary_large_image\" \/>\n<meta name=\"twitter:label1\" content=\"Dur\u00e9e de lecture estim\u00e9e\" \/>\n\t<meta name=\"twitter:data1\" content=\"1 minute\" \/>\n<script type=\"application\/ld+json\" class=\"yoast-schema-graph\">{\"@context\":\"https:\/\/schema.org\",\"@graph\":[{\"@type\":\"Organization\",\"@id\":\"https:\/\/nyanpereira.fr\/dessinateur\/#organization\",\"name\":\"storyboarder Freelance\",\"url\":\"https:\/\/nyanpereira.fr\/dessinateur\/\",\"sameAs\":[],\"logo\":{\"@type\":\"ImageObject\",\"@id\":\"https:\/\/nyanpereira.fr\/dessinateur\/#logo\",\"inLanguage\":\"fr-FR\",\"url\":\"\",\"contentUrl\":\"\",\"caption\":\"storyboarder Freelance\"},\"image\":{\"@id\":\"https:\/\/nyanpereira.fr\/dessinateur\/#logo\"}},{\"@type\":\"WebSite\",\"@id\":\"https:\/\/nyanpereira.fr\/dessinateur\/#website\",\"url\":\"https:\/\/nyanpereira.fr\/dessinateur\/\",\"name\":\"Service Cr\\u00e9atif &amp; Pr\\u00e9sentation Artistique\",\"description\":\"Roughs, Storyboard, Antimatic &amp; Photomontage\",\"publisher\":{\"@id\":\"https:\/\/nyanpereira.fr\/dessinateur\/#organization\"},\"potentialAction\":[{\"@type\":\"SearchAction\",\"target\":{\"@type\":\"EntryPoint\",\"urlTemplate\":\"https:\/\/nyanpereira.fr\/dessinateur\/?s={search_term_string}\"},\"query-input\":\"required name=search_term_string\"}],\"inLanguage\":\"fr-FR\"},{\"@type\":\"ImageObject\",\"@id\":\"https:\/\/nyanpereira.fr\/dessinateur\/portfolios\/europcar-photomontage-pub-covering-demenagement\/#primaryimage\",\"inLanguage\":\"fr-FR\",\"url\":\"https:\/\/nyanpereira.fr\/dessinateur\/wp-content\/uploads\/2020\/03\/Making-of.campagne.publicite.covering.VU_.camion.europcar.tetris.photographe.freelance.jpg\",\"contentUrl\":\"https:\/\/nyanpereira.fr\/dessinateur\/wp-content\/uploads\/2020\/03\/Making-of.campagne.publicite.covering.VU_.camion.europcar.tetris.photographe.freelance.jpg\",\"width\":400,\"height\":222,\"caption\":\"Making-of.campagne.publicite.covering.VU.camion.europcar.tetris.photographe.freelance\"},{\"@type\":\"WebPage\",\"@id\":\"https:\/\/nyanpereira.fr\/dessinateur\/portfolios\/europcar-photomontage-pub-covering-demenagement\/#webpage\",\"url\":\"https:\/\/nyanpereira.fr\/dessinateur\/portfolios\/europcar-photomontage-pub-covering-demenagement\/\",\"name\":\"EUROPCAR \/\/ Photomontage PUB COVERING D\\u00e9m\\u00e9nagement - Service Cr\\u00e9atif &amp; Pr\\u00e9sentation Artistique\",\"isPartOf\":{\"@id\":\"https:\/\/nyanpereira.fr\/dessinateur\/#website\"},\"primaryImageOfPage\":{\"@id\":\"https:\/\/nyanpereira.fr\/dessinateur\/portfolios\/europcar-photomontage-pub-covering-demenagement\/#primaryimage\"},\"datePublished\":\"2020-03-05T16:15:59+00:00\",\"dateModified\":\"2020-07-17T09:37:16+00:00\",\"breadcrumb\":{\"@id\":\"https:\/\/nyanpereira.fr\/dessinateur\/portfolios\/europcar-photomontage-pub-covering-demenagement\/#breadcrumb\"},\"inLanguage\":\"fr-FR\",\"potentialAction\":[{\"@type\":\"ReadAction\",\"target\":[\"https:\/\/nyanpereira.fr\/dessinateur\/portfolios\/europcar-photomontage-pub-covering-demenagement\/\"]}]},{\"@type\":\"BreadcrumbList\",\"@id\":\"https:\/\/nyanpereira.fr\/dessinateur\/portfolios\/europcar-photomontage-pub-covering-demenagement\/#breadcrumb\",\"itemListElement\":[{\"@type\":\"ListItem\",\"position\":1,\"name\":\"Accueil\",\"item\":\"https:\/\/nyanpereira.fr\/dessinateur\/\"},{\"@type\":\"ListItem\",\"position\":2,\"name\":\"EUROPCAR \/\/ Photomontage PUB COVERING D\\u00e9m\\u00e9nagement\"}]}]}<\/script>\n<!-- \/ Yoast SEO plugin. -->","yoast_head_json":{"title":"EUROPCAR \/\/ Photomontage PUB COVERING D\u00e9m\u00e9nagement - Service Cr\u00e9atif &amp; Pr\u00e9sentation Artistique","robots":{"index":"index","follow":"follow","max-snippet":"max-snippet:-1","max-image-preview":"max-image-preview:large","max-video-preview":"max-video-preview:-1"},"canonical":"https:\/\/nyanpereira.fr\/dessinateur\/portfolios\/europcar-photomontage-pub-covering-demenagement\/","og_locale":"fr_FR","og_type":"article","og_title":"EUROPCAR \/\/ Photomontage PUB COVERING D\u00e9m\u00e9nagement - Service Cr\u00e9atif &amp; Pr\u00e9sentation Artistique","og_url":"https:\/\/nyanpereira.fr\/dessinateur\/portfolios\/europcar-photomontage-pub-covering-demenagement\/","og_site_name":"Service Cr\u00e9atif &amp; Pr\u00e9sentation Artistique","article_modified_time":"2020-07-17T09:37:16+00:00","og_image":[{"width":400,"height":222,"url":"https:\/\/nyanpereira.fr\/dessinateur\/wp-content\/uploads\/2020\/03\/Making-of.campagne.publicite.covering.VU_.camion.europcar.tetris.photographe.freelance.jpg","type":"image\/jpeg"}],"twitter_card":"summary_large_image","twitter_misc":{"Dur\u00e9e de lecture estim\u00e9e":"1 minute"},"schema":{"@context":"https:\/\/schema.org","@graph":[{"@type":"Organization","@id":"https:\/\/nyanpereira.fr\/dessinateur\/#organization","name":"storyboarder Freelance","url":"https:\/\/nyanpereira.fr\/dessinateur\/","sameAs":[],"logo":{"@type":"ImageObject","@id":"https:\/\/nyanpereira.fr\/dessinateur\/#logo","inLanguage":"fr-FR","url":"","contentUrl":"","caption":"storyboarder Freelance"},"image":{"@id":"https:\/\/nyanpereira.fr\/dessinateur\/#logo"}},{"@type":"WebSite","@id":"https:\/\/nyanpereira.fr\/dessinateur\/#website","url":"https:\/\/nyanpereira.fr\/dessinateur\/","name":"Service Cr\u00e9atif &amp; Pr\u00e9sentation Artistique","description":"Roughs, Storyboard, Antimatic &amp; Photomontage","publisher":{"@id":"https:\/\/nyanpereira.fr\/dessinateur\/#organization"},"potentialAction":[{"@type":"SearchAction","target":{"@type":"EntryPoint","urlTemplate":"https:\/\/nyanpereira.fr\/dessinateur\/?s={search_term_string}"},"query-input":"required name=search_term_string"}],"inLanguage":"fr-FR"},{"@type":"ImageObject","@id":"https:\/\/nyanpereira.fr\/dessinateur\/portfolios\/europcar-photomontage-pub-covering-demenagement\/#primaryimage","inLanguage":"fr-FR","url":"https:\/\/nyanpereira.fr\/dessinateur\/wp-content\/uploads\/2020\/03\/Making-of.campagne.publicite.covering.VU_.camion.europcar.tetris.photographe.freelance.jpg","contentUrl":"https:\/\/nyanpereira.fr\/dessinateur\/wp-content\/uploads\/2020\/03\/Making-of.campagne.publicite.covering.VU_.camion.europcar.tetris.photographe.freelance.jpg","width":400,"height":222,"caption":"Making-of.campagne.publicite.covering.VU.camion.europcar.tetris.photographe.freelance"},{"@type":"WebPage","@id":"https:\/\/nyanpereira.fr\/dessinateur\/portfolios\/europcar-photomontage-pub-covering-demenagement\/#webpage","url":"https:\/\/nyanpereira.fr\/dessinateur\/portfolios\/europcar-photomontage-pub-covering-demenagement\/","name":"EUROPCAR \/\/ Photomontage PUB COVERING D\u00e9m\u00e9nagement - Service Cr\u00e9atif &amp; Pr\u00e9sentation Artistique","isPartOf":{"@id":"https:\/\/nyanpereira.fr\/dessinateur\/#website"},"primaryImageOfPage":{"@id":"https:\/\/nyanpereira.fr\/dessinateur\/portfolios\/europcar-photomontage-pub-covering-demenagement\/#primaryimage"},"datePublished":"2020-03-05T16:15:59+00:00","dateModified":"2020-07-17T09:37:16+00:00","breadcrumb":{"@id":"https:\/\/nyanpereira.fr\/dessinateur\/portfolios\/europcar-photomontage-pub-covering-demenagement\/#breadcrumb"},"inLanguage":"fr-FR","potentialAction":[{"@type":"ReadAction","target":["https:\/\/nyanpereira.fr\/dessinateur\/portfolios\/europcar-photomontage-pub-covering-demenagement\/"]}]},{"@type":"BreadcrumbList","@id":"https:\/\/nyanpereira.fr\/dessinateur\/portfolios\/europcar-photomontage-pub-covering-demenagement\/#breadcrumb","itemListElement":[{"@type":"ListItem","position":1,"name":"Accueil","item":"https:\/\/nyanpereira.fr\/dessinateur\/"},{"@type":"ListItem","position":2,"name":"EUROPCAR \/\/ Photomontage PUB COVERING D\u00e9m\u00e9nagement"}]}]}},"_links":{"self":[{"href":"https:\/\/nyanpereira.fr\/dessinateur\/wp-json\/wp\/v2\/portfolios\/7178"}],"collection":[{"href":"https:\/\/nyanpereira.fr\/dessinateur\/wp-json\/wp\/v2\/portfolios"}],"about":[{"href":"https:\/\/nyanpereira.fr\/dessinateur\/wp-json\/wp\/v2\/types\/portfolios"}],"replies":[{"embeddable":true,"href":"https:\/\/nyanpereira.fr\/dessinateur\/wp-json\/wp\/v2\/comments?post=7178"}],"wp:featuredmedia":[{"embeddable":true,"href":"https:\/\/nyanpereira.fr\/dessinateur\/wp-json\/wp\/v2\/media\/7180"}],"wp:attachment":[{"href":"https:\/\/nyanpereira.fr\/dessinateur\/wp-json\/wp\/v2\/media?parent=7178"}],"curies":[{"name":"wp","href":"https:\/\/api.w.org\/{rel}","templated":true}]}}