{"id":8054,"date":"2020-04-08T18:06:21","date_gmt":"2020-04-08T17:06:21","guid":{"rendered":"https:\/\/nyanpereira.fr\/dessinateur\/?page_id=8054"},"modified":"2021-04-30T14:14:50","modified_gmt":"2021-04-30T13:14:50","slug":"devis-tarifs-photographe-publicitaire-photomontage-studio-retouche-post-production-numerique","status":"publish","type":"page","link":"https:\/\/nyanpereira.fr\/dessinateur\/devis-en-ligne\/devis-tarifs-photographe-publicitaire-photomontage-studio-retouche-post-production-numerique\/","title":{"rendered":"DEVIS \/ Tarifs PhotoMontage pub, Retouche &#038; Post Production Num\u00e9rique"},"content":{"rendered":"<p style=\"text-align: center;\"><strong>Besoin d&rsquo;un devis ou de tarifs pour un Photomontage pub ? Le budget d&rsquo;une cr\u00e9ation, d&rsquo;une Retouche en post production num\u00e9rique ou d&rsquo;un Photomontage en trompes l\u2019\u0153il d\u00e9pend de la complexit\u00e9s du visuel \u00e0 livrer. <\/strong><\/p>\n<h6 style=\"text-align: center;\">En r\u00e9pondant \u00e0 quelques questions, nous pouvons estimer votre projet et trouver une solution artistique.<br \/>\n&#8211;<\/h6>\n<div class=\"one_half \" style=\"\">\n<p style=\"text-align: center;\"><div class=\"video-container\"><iframe src=\"https:\/\/player.vimeo.com\/video\/325634596?title=0&amp;byline=0&amp;portrait=0\" width=\"\" height=\"\" frameborder=\"0\" webkitallowfullscreen mozallowfullscreen allowfullscreen><\/iframe><\/div><\/p>\n<p><strong>Laisser votre cr\u00e9ativit\u00e9 s\u2019exprimer sans qu\u2019elle ne soit brid\u00e9e par une contrainte technique ! <\/strong>Retrouvez \u00ab l\u2019\u00e9nergie cr\u00e9ative \u00bb d&rsquo;un concept originale \u00e0 l&rsquo;aide d&rsquo;un photographe freelance r\u00e9put\u00e9 pour ses capacit\u00e9s en retouche et en <strong>post production num\u00e9rique<\/strong>. Je vous invite \u00e0 jouer avec la perspective, les \u00e9chelles, les textures et la gravit\u00e9 ! De vous laissez aller \u00e0 ce qui vous amuse et vous caract\u00e9rise !<\/p>\n<h3>Photomontage pub, Retouche &amp; Post Production Num\u00e9rique<\/h3>\n<p>Imaginez un terrain d\u2019exp\u00e9rimentation o\u00f9 tout est permis. <strong>Un visuel<\/strong><strong> campagne pub ou l\u2019imagination<\/strong><strong> r\u00e8gne en ma\u00eetre. Une photographie dans laquelle la direction artistique part \u00e0 l\u2019aventure et ne se donne que pour seule limite sa cr\u00e9ativit\u00e9.<\/strong><\/p>\n<\/div>\n<div class=\"one_half last \" style=\"\">\n<div role=\"form\" class=\"wpcf7\" id=\"wpcf7-f8094-o1\" lang=\"fr-FR\" dir=\"ltr\">\n<div class=\"screen-reader-response\"><p role=\"status\" aria-live=\"polite\" aria-atomic=\"true\"><\/p> <ul><\/ul><\/div>\n<form action=\"\/dessinateur\/wp-json\/wp\/v2\/pages\/8054#wpcf7-f8094-o1\" method=\"post\" class=\"wpcf7-form init\" novalidate=\"novalidate\" data-status=\"init\">\n<div style=\"display: none;\">\n<input type=\"hidden\" name=\"_wpcf7\" value=\"8094\" \/>\n<input type=\"hidden\" name=\"_wpcf7_version\" value=\"5.5.3\" \/>\n<input type=\"hidden\" name=\"_wpcf7_locale\" value=\"fr_FR\" \/>\n<input type=\"hidden\" name=\"_wpcf7_unit_tag\" value=\"wpcf7-f8094-o1\" \/>\n<input type=\"hidden\" name=\"_wpcf7_container_post\" value=\"0\" \/>\n<input type=\"hidden\" name=\"_wpcf7_posted_data_hash\" value=\"\" \/>\n<\/div>\n<p><label><span class=\"wpcf7-form-control-wrap menu-759\"><select name=\"menu-759\" class=\"wpcf7-form-control wpcf7-select wpcf7-validates-as-required\" aria-required=\"true\" aria-invalid=\"false\"><option value=\"\">---<\/option><option value=\"PHOTOMONTAGE HD\">PHOTOMONTAGE HD<\/option><option value=\"ROUGHPHOTO SD\">ROUGHPHOTO SD<\/option><option value=\"RETOUCHE &amp; Poste PRODUCTION\">RETOUCHE &amp; Poste PRODUCTION<\/option><option value=\"AUTRES\">AUTRES<\/option><\/select><\/span><br \/>\n<\/label><br \/>\n<label><span class=\"wpcf7-form-control-wrap your-name\"><input type=\"text\" name=\"your-name\" value=\"\" size=\"40\" class=\"wpcf7-form-control wpcf7-text wpcf7-validates-as-required\" aria-required=\"true\" aria-invalid=\"false\" placeholder=\"Nom, Pr\u00e9nom ou Soci\u00e9t\u00e9*\" \/><\/span> <\/label><br \/>\n<label><span class=\"wpcf7-form-control-wrap your-email\"><input type=\"email\" name=\"your-email\" value=\"\" size=\"40\" class=\"wpcf7-form-control wpcf7-text wpcf7-email wpcf7-validates-as-required wpcf7-validates-as-email\" aria-required=\"true\" aria-invalid=\"false\" placeholder=\"Adresse e-mail*\" \/><\/span> <\/label><br \/>\n<label><span class=\"wpcf7-form-control-wrap tel-416\"><input type=\"tel\" name=\"tel-416\" value=\"\" size=\"40\" class=\"wpcf7-form-control wpcf7-text wpcf7-tel wpcf7-validates-as-required wpcf7-validates-as-tel\" aria-required=\"true\" aria-invalid=\"false\" placeholder=\"Num\u00e9ro de t\u00e9l\u00e9phone*\" \/><\/span><\/label><br \/>\n<label><span class=\"wpcf7-form-control-wrap your-city\"><input type=\"text\" name=\"your-city\" value=\"\" size=\"40\" class=\"wpcf7-form-control wpcf7-text\" aria-invalid=\"false\" placeholder=\"Ville ou Code postale\" \/><\/span><\/label><br \/>\n<label><span class=\"wpcf7-form-control-wrap your-vitrine\"><input type=\"text\" name=\"your-vitrine\" value=\"\" size=\"40\" class=\"wpcf7-form-control wpcf7-text\" aria-invalid=\"false\" placeholder=\"Planning, Deadline, Urgence 24h\" \/><\/span><\/label><\/p>\n<p><input type=\"submit\" value=\"Envoyer\" class=\"wpcf7-form-control has-spinner wpcf7-submit\" \/><br \/>\n<a href=\"https:\/\/nyanpereira.fr\/dessinateur\/storyborder-freelance-paris-nice\/cgv-artiste-pereira-yta\/\" target=\"_blank\" rel=\"noopener\"><span style=\"color: #999999;\"><em>Politique de confidentialit\u00e9<\/em><\/span><\/a><\/p>\n<div class=\"wpcf7-response-output\" aria-hidden=\"true\"><\/div><\/form><\/div><\/div>\n<p><br class=\"clear\"\/><br \/>\n<img loading=\"lazy\" class=\"aligncenter wp-image-8085 size-full\" src=\"https:\/\/nyanpereira.fr\/dessinateur\/wp-content\/uploads\/2020\/04\/20.devis_.tarif_.photomontage.pub_.retouche.poste_.production.numerique.photographe.freelance.publicite.Paris_.jpg\" alt=\"photomontage tarif retouche photo freelance paris\" width=\"1000\" height=\"319\" \/><\/p>\n<h6 class=\"post-title\">un photographe freelance r\u00e9put\u00e9 pour ses capacit\u00e9s en Post Production<\/h6>\n<p>Photographe autodidacte, aussi bien en photo qu\u2019en retouche. Aujourd&rsquo;hui je r\u00e9alise des PhotoMontages surprenants, d\u00e9cal\u00e9s, et parfois m\u00eame surr\u00e9alistes pour le secteur de la publicit\u00e9. Des projets professionnels mais aussi personnels avec un objectif commun \u00a0\u00bb <strong>Transformer vos id\u00e9es en images aussi r\u00e9alistes que possible !<\/strong> \u00a0\u00bb \u00c0 l&rsquo;aide de la photo-manipulation, capturons des id\u00e9es plut\u00f4t que des instants !<\/p>\n<p>J&rsquo;aime jouer avec les perspectives et les \u00e9chelles toute en fusionnant tout ce qui nous entoure. J&rsquo;aime transformer de simples photographies en v\u00e9ritables <strong>lieux imaginaires et surr\u00e9alistes<\/strong> avec un souci du d\u00e9tail qui fr\u00f4le la perfection.<\/p>\n<p><img loading=\"lazy\" class=\"aligncenter wp-image-8084 size-full\" src=\"https:\/\/nyanpereira.fr\/dessinateur\/wp-content\/uploads\/2020\/04\/19.devis_.tarif_.photomontage.pub_.retouche.poste_.production.numerique.photographe.freelance.publicite.Paris_.jpg\" alt=\"photomontage tarif retouche photo freelance\" width=\"1000\" height=\"319\" \/><\/p>\n<h3><strong>Les principales \u00e9tapes d&rsquo;un photomontage pub r\u00e9ussi<\/strong> :<\/h3>\n<p><strong>1\u2013 Le concept<\/strong> : R\u00e9fl\u00e9chir \u00e0 une id\u00e9e, \u00e0 une probl\u00e9matique puis la dessiner.<br \/>\nLe dessin permet de cr\u00e9ativement s&rsquo;exprimer sans \u00eatre brid\u00e9 par la technique ! Il d\u00e9finit aussi les grandes des lignes qui composent le concept de l&rsquo;illusion : <span style=\"color: #999999;\"><em>Les personnages, leurs attitudes, le stylisme, l&rsquo;espace, le lieux, les volumes, les ombres et les lumi\u00e8res, les textures, les paysages, etc&#8230; Bref les d\u00e9tails.<\/em><\/span><\/p>\n<p><strong>2\u2013 La r\u00e9alisation des photos<\/strong> : Trouvez les espaces, des volontaires et fabriquer les \u00e9l\u00e9ments n\u00e9cessaires \u00e0 la photographie. Puis r\u00e9aliser vos clich\u00e9s en gardant toujours \u00e0 l&rsquo;esprit l&rsquo;orientation de la lumi\u00e8re. Afin que tous les \u00e9l\u00e9ments aient la m\u00eames zone d&rsquo;ombre et de lumi\u00e8re pour obtenir le rendu le plus r\u00e9aliste possible. <strong>La coh\u00e9rance de la lumiere est la base de toute illusion photographique ! <\/strong><\/p>\n<p><strong>3\u2013 L&rsquo;assemblage <\/strong>: Composez votre visuel arm\u00e9 de patience. Cela peut prendre quelques jours voir plusieurs semaines. Mais ce \u00ab puzzle g\u00e9ant \u00bb parfois <strong>compos\u00e9 de plus de 600 clich\u00e9s pour certain photomontage.<\/strong> Un jeux de patience qui vous permettra de fusionner les univers entre eux et ainsi donner naissance \u00e0 <strong>des visuels ou des campagnes publicitaires \u00e9tonnantes<\/strong>, d\u00e9cal\u00e9es voir surr\u00e9alistes.<\/p>\n<div id=\"attachment_7782\" style=\"width: 660px\" class=\"wp-caption aligncenter\"><a href=\"https:\/\/nyanpereira.fr\/dessinateur\/photomontage-europcar-covering-camion-tetris-making-of-photo-manipulation\/\"><img aria-describedby=\"caption-attachment-7782\" loading=\"lazy\" class=\"wp-image-7782 size-full\" src=\"https:\/\/nyanpereira.fr\/dessinateur\/wp-content\/uploads\/2020\/02\/10.Photomontage.phtographe.studio.freelance.paris_.spectacle.publicite.france.paris12-min.jpg\" alt=\"photo manipulation campagne covering europcar Tetris game photographe studio freelance paris\" width=\"650\" height=\"945\" \/><\/a><p id=\"caption-attachment-7782\" class=\"wp-caption-text\">Exemple de post production photo \u00e0 paris \/\/ Europcar Tetris<\/p><\/div>\n<div id=\"attachment_7650\" style=\"width: 660px\" class=\"wp-caption aligncenter\"><img aria-describedby=\"caption-attachment-7650\" loading=\"lazy\" class=\"wp-image-7650 size-full\" src=\"https:\/\/nyanpereira.fr\/dessinateur\/wp-content\/uploads\/2020\/01\/16.photomontage.total_.covering.photographe.freelance.publicite.nice_.cote_.azur3_.jpg\" alt=\"photo manipulation photomontage TOTAL COVERING INTERRENT\" width=\"650\" height=\"945\" \/><p id=\"caption-attachment-7650\" class=\"wp-caption-text\">Exemple photmontage pour un TOTAL-COVERING v\u00e9hicule<\/p><\/div>\n<div id=\"attachment_7646\" style=\"width: 660px\" class=\"wp-caption aligncenter\"><img aria-describedby=\"caption-attachment-7646\" loading=\"lazy\" class=\"wp-image-7646 size-full\" src=\"https:\/\/nyanpereira.fr\/dessinateur\/wp-content\/uploads\/2020\/01\/16.photomontage.pub_.photographe.freelance.publicite.nice_.cote_.azur2_.jpg\" alt=\"exemple photomanipulations pub devis tarif retouche photo freelance\" width=\"650\" height=\"945\" \/><p id=\"caption-attachment-7646\" class=\"wp-caption-text\">photomanipulations : devis tarif retouche photo freelance<\/p><\/div>\n<div id=\"attachment_7644\" style=\"width: 660px\" class=\"wp-caption aligncenter\"><img aria-describedby=\"caption-attachment-7644\" loading=\"lazy\" class=\"wp-image-7644 size-full\" src=\"https:\/\/nyanpereira.fr\/dessinateur\/wp-content\/uploads\/2020\/01\/16.photomontage.pub_.canal_.afrique.animaux.photographe.freelance.publicite.nice_.cote_.azur11.jpg\" alt=\"retoucheur photo freelance paris\" width=\"650\" height=\"945\" \/><p id=\"caption-attachment-7644\" class=\"wp-caption-text\">Visuel m\u00e9dia CANAL+ afrique \/\/ photographe &amp; retoucheur photo freelance<\/p><\/div>\n<div id=\"attachment_7649\" style=\"width: 660px\" class=\"wp-caption aligncenter\"><img aria-describedby=\"caption-attachment-7649\" loading=\"lazy\" class=\"wp-image-7649 size-full\" src=\"https:\/\/nyanpereira.fr\/dessinateur\/wp-content\/uploads\/2020\/01\/16.photomontage.pub_.promotion.pneu_.automobile.photographe.freelance.publicite.nice_.cote_.azur13.jpg\" alt=\"tarif retouche photo \" width=\"650\" height=\"945\" \/><p id=\"caption-attachment-7649\" class=\"wp-caption-text\">Tarif photographe freelance &amp; retouche photo pour le secteur automobile<\/p><\/div>\n<div id=\"attachment_7637\" style=\"width: 660px\" class=\"wp-caption aligncenter\"><img aria-describedby=\"caption-attachment-7637\" loading=\"lazy\" class=\"wp-image-7637 size-full\" src=\"https:\/\/nyanpereira.fr\/dessinateur\/wp-content\/uploads\/2020\/01\/16.photomontage.alimantaire.food_.photographe.freelance.publicite.nice_.cote_.azur9_.jpg\" alt=\"16.photomontage.alimantaire.food.photographe.freelance.publicite.nice.cote.azur9\" width=\"650\" height=\"945\" \/><p id=\"caption-attachment-7637\" class=\"wp-caption-text\">Devis illustration photo pub pour le secteur alimantaire<\/p><\/div>\n<div id=\"attachment_7647\" style=\"width: 660px\" class=\"wp-caption aligncenter\"><img aria-describedby=\"caption-attachment-7647\" loading=\"lazy\" class=\"wp-image-7647 size-full\" src=\"https:\/\/nyanpereira.fr\/dessinateur\/wp-content\/uploads\/2020\/01\/16.photomontage.pub_.photographe.freelance.publicite.nice_.cote_.azur6_.jpg\" alt=\"photo manipulation photomontage PUB COLGATE\" width=\"650\" height=\"945\" \/><p id=\"caption-attachment-7647\" class=\"wp-caption-text\">devis photo manipulation &amp; photomontage artistique pub<\/p><\/div>\n<div id=\"attachment_7808\" style=\"width: 660px\" class=\"wp-caption aligncenter\"><img aria-describedby=\"caption-attachment-7808\" loading=\"lazy\" class=\"wp-image-7808 size-full\" src=\"https:\/\/nyanpereira.fr\/dessinateur\/wp-content\/uploads\/2020\/01\/RoughPhoto.studio.retouche.2.jpg\" alt=\"Aeroports de Paris \/ tarif photomontage photo manipulation pub\" width=\"650\" height=\"945\" \/><p id=\"caption-attachment-7808\" class=\"wp-caption-text\">Photomanipulation pour les Aeroports de Paris et Le Groupe ADP<\/p><\/div>\n<div id=\"attachment_7801\" style=\"width: 660px\" class=\"wp-caption aligncenter\"><img aria-describedby=\"caption-attachment-7801\" loading=\"lazy\" class=\"wp-image-7801 size-full\" src=\"https:\/\/nyanpereira.fr\/dessinateur\/wp-content\/uploads\/2020\/01\/Photographe.studio.publiciter.campagne.communication22.jpg\" alt=\"Packshot Photographie vins spiritueux Ros\u00e9\" width=\"650\" height=\"945\" \/><p id=\"caption-attachment-7801\" class=\"wp-caption-text\">Exemple de photographie produit pour le secteur viticole. Tarif freelance packshot<\/p><\/div>\n<p><img loading=\"lazy\" class=\"size-full wp-image-7784 aligncenter\" src=\"https:\/\/nyanpereira.fr\/dessinateur\/wp-content\/uploads\/2020\/02\/11.campagnecovering.dragon.got_.s8.fr_.phtographe.studio.freelance.paris_.publicite.france.pdf-min.jpg\" alt=\"photo manipulation campagne covering europcar dragon got-s8 HBO photographe studio freelance.paris\" width=\"650\" height=\"945\" \/> <img loading=\"lazy\" class=\"aligncenter wp-image-7648 size-full\" src=\"https:\/\/nyanpereira.fr\/dessinateur\/wp-content\/uploads\/2020\/01\/16.photomontage.pub_.photographe.freelance.publicite.nice_.cote_.azur7_.jpg\" alt=\"photographe freelance tarif\" width=\"650\" height=\"945\" \/> <img loading=\"lazy\" class=\"aligncenter wp-image-7638 size-full\" src=\"https:\/\/nyanpereira.fr\/dessinateur\/wp-content\/uploads\/2020\/01\/16.photomontage.alimantaire.food_.photographe.freelance.publicite.nice_.cote_.azur10.jpg\" alt=\"pub illustration photo alimentaire flan yahourt\" width=\"650\" height=\"945\" \/> <img loading=\"lazy\" class=\"aligncenter wp-image-7645 size-full\" src=\"https:\/\/nyanpereira.fr\/dessinateur\/wp-content\/uploads\/2020\/01\/16.photomontage.pub_.livre_.alphabet.photographe.freelance.publicite.nice_.cote_.azur15.jpg\" alt=\"pub illustration photo livre lettre Alphabet\" width=\"650\" height=\"945\" \/><\/p>\n<h6>Informations \u00e0 fournir pour \u00e9tablir le devis <strong>Photomontage<\/strong> pub :<\/h6>\n<p><strong>DEVIS &amp; Tarifs Photomontage. <\/strong>D\u00e9couvrez la retouche photo, aux travers des Photomontages d&rsquo;un photographe freelance r\u00e9put\u00e9 pour ses capacit\u00e9s en retouche et post production num\u00e9rique. La photo-manipulations ou photographie surr\u00e9aliste \u00e9tant un travail sur-mesure. Il est important de nous envoyer un maximum d&rsquo;informations.<\/p>\n<ul>\n<li>Quel est <strong>votre secteur d&rsquo;activit\u00e9<\/strong> et \u00e0 quelle utilisation seront destin\u00e9s les fichiers ? <span style=\"color: #999999;\">Interne ou public ?<\/span><\/li>\n<li><strong>Votre besoin<\/strong> : <a href=\"https:\/\/nyanpereira.fr\/dessinateur\/gallery\/photoroughs-photographie-photomontage-region-paca\/\">Photomontage<\/a>, Retouche &amp; poste production num\u00e9rique, photo drone, casting, stylisme, Hyperbole publicitaire&#8230;<\/li>\n<li>Le <strong>format des fichiers<\/strong> que vous souhaitez recevoir ? <em><span style=\"color: #999999;\">jpeg, png, tga, psd &#8230;<\/span><\/em><\/li>\n<li>Quelle serait la <strong>r\u00e9solution des photographie <\/strong>ou des Hyperboles publicitaires ?<em><span style=\"color: #999999;\"> SD, HD, 300dpi, 600dpi&#8230;<\/span><\/em><\/li>\n<\/ul>\n<p>&nbsp;<\/p>\n<p><span style=\"color: #999999;\"><em>DEVIS Tarifs Photomontage pub &amp; photographe freelance \u00e0 Paris, devis photographe pub Paris<\/em><\/span><\/p>\n","protected":false},"excerpt":{"rendered":"","protected":false},"author":1,"featured_media":7640,"parent":7962,"menu_order":0,"comment_status":"closed","ping_status":"closed","template":"","meta":[],"yoast_head":"<!-- This site is optimized with the Yoast SEO plugin v17.9 - https:\/\/yoast.com\/wordpress\/plugins\/seo\/ -->\n<title>DEVIS \/ Tarifs PhotoMontage Pub \/ Retouche photo &amp; Post Production HD<\/title>\n<meta name=\"description\" content=\"Devis, tarifs Photographe Pub sp\u00e9cialis\u00e9 dans le Photomontage, la retouche photo et la post production num\u00e9rique. DEVIS Tarifs PhotoMontage pub \u00e0 paris\" \/>\n<meta name=\"robots\" content=\"index, follow, max-snippet:-1, max-image-preview:large, max-video-preview:-1\" \/>\n<link rel=\"canonical\" href=\"https:\/\/nyanpereira.fr\/dessinateur\/devis-en-ligne\/devis-tarifs-photographe-publicitaire-photomontage-studio-retouche-post-production-numerique\/\" \/>\n<meta property=\"og:locale\" content=\"fr_FR\" \/>\n<meta property=\"og:type\" content=\"article\" \/>\n<meta property=\"og:title\" content=\"DEVIS \/ Tarifs PhotoMontage Pub \/ Retouche photo &amp; Post Production HD\" \/>\n<meta property=\"og:description\" content=\"Devis, tarifs Photographe Pub sp\u00e9cialis\u00e9 dans le Photomontage, la retouche photo et la post production num\u00e9rique. DEVIS Tarifs PhotoMontage pub \u00e0 paris\" \/>\n<meta property=\"og:url\" content=\"https:\/\/nyanpereira.fr\/dessinateur\/devis-en-ligne\/devis-tarifs-photographe-publicitaire-photomontage-studio-retouche-post-production-numerique\/\" \/>\n<meta property=\"og:site_name\" content=\"Service Cr\u00e9atif &amp; Pr\u00e9sentation Artistique\" \/>\n<meta property=\"article:modified_time\" content=\"2021-04-30T13:14:50+00:00\" \/>\n<meta property=\"og:image\" content=\"https:\/\/nyanpereira.fr\/dessinateur\/wp-content\/uploads\/2020\/01\/16.photomontage.BARDO_.PETROLE.pub_.photographe.freelance.publicite.nice_.cote_.azur_.jpg\" \/>\n\t<meta property=\"og:image:width\" content=\"650\" \/>\n\t<meta property=\"og:image:height\" content=\"945\" \/>\n\t<meta property=\"og:image:type\" content=\"image\/jpeg\" \/>\n<meta name=\"twitter:card\" content=\"summary_large_image\" \/>\n<meta name=\"twitter:label1\" content=\"Dur\u00e9e de lecture estim\u00e9e\" \/>\n\t<meta name=\"twitter:data1\" content=\"7 minutes\" \/>\n<script type=\"application\/ld+json\" class=\"yoast-schema-graph\">{\"@context\":\"https:\/\/schema.org\",\"@graph\":[{\"@type\":\"Organization\",\"@id\":\"https:\/\/nyanpereira.fr\/dessinateur\/#organization\",\"name\":\"storyboarder Freelance\",\"url\":\"https:\/\/nyanpereira.fr\/dessinateur\/\",\"sameAs\":[],\"logo\":{\"@type\":\"ImageObject\",\"@id\":\"https:\/\/nyanpereira.fr\/dessinateur\/#logo\",\"inLanguage\":\"fr-FR\",\"url\":\"\",\"contentUrl\":\"\",\"caption\":\"storyboarder Freelance\"},\"image\":{\"@id\":\"https:\/\/nyanpereira.fr\/dessinateur\/#logo\"}},{\"@type\":\"WebSite\",\"@id\":\"https:\/\/nyanpereira.fr\/dessinateur\/#website\",\"url\":\"https:\/\/nyanpereira.fr\/dessinateur\/\",\"name\":\"Service Cr\\u00e9atif &amp; Pr\\u00e9sentation Artistique\",\"description\":\"Roughs, Storyboard, Antimatic &amp; Photomontage\",\"publisher\":{\"@id\":\"https:\/\/nyanpereira.fr\/dessinateur\/#organization\"},\"potentialAction\":[{\"@type\":\"SearchAction\",\"target\":{\"@type\":\"EntryPoint\",\"urlTemplate\":\"https:\/\/nyanpereira.fr\/dessinateur\/?s={search_term_string}\"},\"query-input\":\"required name=search_term_string\"}],\"inLanguage\":\"fr-FR\"},{\"@type\":\"ImageObject\",\"@id\":\"https:\/\/nyanpereira.fr\/dessinateur\/devis-en-ligne\/devis-tarifs-photographe-publicitaire-photomontage-studio-retouche-post-production-numerique\/#primaryimage\",\"inLanguage\":\"fr-FR\",\"url\":\"https:\/\/nyanpereira.fr\/dessinateur\/wp-content\/uploads\/2020\/01\/16.photomontage.BARDO_.PETROLE.pub_.photographe.freelance.publicite.nice_.cote_.azur_.jpg\",\"contentUrl\":\"https:\/\/nyanpereira.fr\/dessinateur\/wp-content\/uploads\/2020\/01\/16.photomontage.BARDO_.PETROLE.pub_.photographe.freelance.publicite.nice_.cote_.azur_.jpg\",\"width\":650,\"height\":945},{\"@type\":\"WebPage\",\"@id\":\"https:\/\/nyanpereira.fr\/dessinateur\/devis-en-ligne\/devis-tarifs-photographe-publicitaire-photomontage-studio-retouche-post-production-numerique\/#webpage\",\"url\":\"https:\/\/nyanpereira.fr\/dessinateur\/devis-en-ligne\/devis-tarifs-photographe-publicitaire-photomontage-studio-retouche-post-production-numerique\/\",\"name\":\"DEVIS \/ Tarifs PhotoMontage Pub \/ Retouche photo & Post Production HD\",\"isPartOf\":{\"@id\":\"https:\/\/nyanpereira.fr\/dessinateur\/#website\"},\"primaryImageOfPage\":{\"@id\":\"https:\/\/nyanpereira.fr\/dessinateur\/devis-en-ligne\/devis-tarifs-photographe-publicitaire-photomontage-studio-retouche-post-production-numerique\/#primaryimage\"},\"datePublished\":\"2020-04-08T17:06:21+00:00\",\"dateModified\":\"2021-04-30T13:14:50+00:00\",\"description\":\"Devis, tarifs Photographe Pub sp\\u00e9cialis\\u00e9 dans le Photomontage, la retouche photo et la post production num\\u00e9rique. DEVIS Tarifs PhotoMontage pub \\u00e0 paris\",\"breadcrumb\":{\"@id\":\"https:\/\/nyanpereira.fr\/dessinateur\/devis-en-ligne\/devis-tarifs-photographe-publicitaire-photomontage-studio-retouche-post-production-numerique\/#breadcrumb\"},\"inLanguage\":\"fr-FR\",\"potentialAction\":[{\"@type\":\"ReadAction\",\"target\":[\"https:\/\/nyanpereira.fr\/dessinateur\/devis-en-ligne\/devis-tarifs-photographe-publicitaire-photomontage-studio-retouche-post-production-numerique\/\"]}]},{\"@type\":\"BreadcrumbList\",\"@id\":\"https:\/\/nyanpereira.fr\/dessinateur\/devis-en-ligne\/devis-tarifs-photographe-publicitaire-photomontage-studio-retouche-post-production-numerique\/#breadcrumb\",\"itemListElement\":[{\"@type\":\"ListItem\",\"position\":1,\"name\":\"Accueil\",\"item\":\"https:\/\/nyanpereira.fr\/dessinateur\/\"},{\"@type\":\"ListItem\",\"position\":2,\"name\":\"DEVIS en ligne\",\"item\":\"https:\/\/nyanpereira.fr\/dessinateur\/devis-en-ligne\/\"},{\"@type\":\"ListItem\",\"position\":3,\"name\":\"DEVIS \/ Tarifs PhotoMontage pub, Retouche &#038; Post Production Num\\u00e9rique\"}]}]}<\/script>\n<!-- \/ Yoast SEO plugin. -->","yoast_head_json":{"title":"DEVIS \/ Tarifs PhotoMontage Pub \/ Retouche photo & Post Production HD","description":"Devis, tarifs Photographe Pub sp\u00e9cialis\u00e9 dans le Photomontage, la retouche photo et la post production num\u00e9rique. DEVIS Tarifs PhotoMontage pub \u00e0 paris","robots":{"index":"index","follow":"follow","max-snippet":"max-snippet:-1","max-image-preview":"max-image-preview:large","max-video-preview":"max-video-preview:-1"},"canonical":"https:\/\/nyanpereira.fr\/dessinateur\/devis-en-ligne\/devis-tarifs-photographe-publicitaire-photomontage-studio-retouche-post-production-numerique\/","og_locale":"fr_FR","og_type":"article","og_title":"DEVIS \/ Tarifs PhotoMontage Pub \/ Retouche photo & Post Production HD","og_description":"Devis, tarifs Photographe Pub sp\u00e9cialis\u00e9 dans le Photomontage, la retouche photo et la post production num\u00e9rique. DEVIS Tarifs PhotoMontage pub \u00e0 paris","og_url":"https:\/\/nyanpereira.fr\/dessinateur\/devis-en-ligne\/devis-tarifs-photographe-publicitaire-photomontage-studio-retouche-post-production-numerique\/","og_site_name":"Service Cr\u00e9atif &amp; Pr\u00e9sentation Artistique","article_modified_time":"2021-04-30T13:14:50+00:00","og_image":[{"width":650,"height":945,"url":"https:\/\/nyanpereira.fr\/dessinateur\/wp-content\/uploads\/2020\/01\/16.photomontage.BARDO_.PETROLE.pub_.photographe.freelance.publicite.nice_.cote_.azur_.jpg","type":"image\/jpeg"}],"twitter_card":"summary_large_image","twitter_misc":{"Dur\u00e9e de lecture estim\u00e9e":"7 minutes"},"schema":{"@context":"https:\/\/schema.org","@graph":[{"@type":"Organization","@id":"https:\/\/nyanpereira.fr\/dessinateur\/#organization","name":"storyboarder Freelance","url":"https:\/\/nyanpereira.fr\/dessinateur\/","sameAs":[],"logo":{"@type":"ImageObject","@id":"https:\/\/nyanpereira.fr\/dessinateur\/#logo","inLanguage":"fr-FR","url":"","contentUrl":"","caption":"storyboarder Freelance"},"image":{"@id":"https:\/\/nyanpereira.fr\/dessinateur\/#logo"}},{"@type":"WebSite","@id":"https:\/\/nyanpereira.fr\/dessinateur\/#website","url":"https:\/\/nyanpereira.fr\/dessinateur\/","name":"Service Cr\u00e9atif &amp; Pr\u00e9sentation Artistique","description":"Roughs, Storyboard, Antimatic &amp; Photomontage","publisher":{"@id":"https:\/\/nyanpereira.fr\/dessinateur\/#organization"},"potentialAction":[{"@type":"SearchAction","target":{"@type":"EntryPoint","urlTemplate":"https:\/\/nyanpereira.fr\/dessinateur\/?s={search_term_string}"},"query-input":"required name=search_term_string"}],"inLanguage":"fr-FR"},{"@type":"ImageObject","@id":"https:\/\/nyanpereira.fr\/dessinateur\/devis-en-ligne\/devis-tarifs-photographe-publicitaire-photomontage-studio-retouche-post-production-numerique\/#primaryimage","inLanguage":"fr-FR","url":"https:\/\/nyanpereira.fr\/dessinateur\/wp-content\/uploads\/2020\/01\/16.photomontage.BARDO_.PETROLE.pub_.photographe.freelance.publicite.nice_.cote_.azur_.jpg","contentUrl":"https:\/\/nyanpereira.fr\/dessinateur\/wp-content\/uploads\/2020\/01\/16.photomontage.BARDO_.PETROLE.pub_.photographe.freelance.publicite.nice_.cote_.azur_.jpg","width":650,"height":945},{"@type":"WebPage","@id":"https:\/\/nyanpereira.fr\/dessinateur\/devis-en-ligne\/devis-tarifs-photographe-publicitaire-photomontage-studio-retouche-post-production-numerique\/#webpage","url":"https:\/\/nyanpereira.fr\/dessinateur\/devis-en-ligne\/devis-tarifs-photographe-publicitaire-photomontage-studio-retouche-post-production-numerique\/","name":"DEVIS \/ Tarifs PhotoMontage Pub \/ Retouche photo & Post Production HD","isPartOf":{"@id":"https:\/\/nyanpereira.fr\/dessinateur\/#website"},"primaryImageOfPage":{"@id":"https:\/\/nyanpereira.fr\/dessinateur\/devis-en-ligne\/devis-tarifs-photographe-publicitaire-photomontage-studio-retouche-post-production-numerique\/#primaryimage"},"datePublished":"2020-04-08T17:06:21+00:00","dateModified":"2021-04-30T13:14:50+00:00","description":"Devis, tarifs Photographe Pub sp\u00e9cialis\u00e9 dans le Photomontage, la retouche photo et la post production num\u00e9rique. DEVIS Tarifs PhotoMontage pub \u00e0 paris","breadcrumb":{"@id":"https:\/\/nyanpereira.fr\/dessinateur\/devis-en-ligne\/devis-tarifs-photographe-publicitaire-photomontage-studio-retouche-post-production-numerique\/#breadcrumb"},"inLanguage":"fr-FR","potentialAction":[{"@type":"ReadAction","target":["https:\/\/nyanpereira.fr\/dessinateur\/devis-en-ligne\/devis-tarifs-photographe-publicitaire-photomontage-studio-retouche-post-production-numerique\/"]}]},{"@type":"BreadcrumbList","@id":"https:\/\/nyanpereira.fr\/dessinateur\/devis-en-ligne\/devis-tarifs-photographe-publicitaire-photomontage-studio-retouche-post-production-numerique\/#breadcrumb","itemListElement":[{"@type":"ListItem","position":1,"name":"Accueil","item":"https:\/\/nyanpereira.fr\/dessinateur\/"},{"@type":"ListItem","position":2,"name":"DEVIS en ligne","item":"https:\/\/nyanpereira.fr\/dessinateur\/devis-en-ligne\/"},{"@type":"ListItem","position":3,"name":"DEVIS \/ Tarifs PhotoMontage pub, Retouche &#038; Post Production Num\u00e9rique"}]}]}},"_links":{"self":[{"href":"https:\/\/nyanpereira.fr\/dessinateur\/wp-json\/wp\/v2\/pages\/8054"}],"collection":[{"href":"https:\/\/nyanpereira.fr\/dessinateur\/wp-json\/wp\/v2\/pages"}],"about":[{"href":"https:\/\/nyanpereira.fr\/dessinateur\/wp-json\/wp\/v2\/types\/page"}],"author":[{"embeddable":true,"href":"https:\/\/nyanpereira.fr\/dessinateur\/wp-json\/wp\/v2\/users\/1"}],"replies":[{"embeddable":true,"href":"https:\/\/nyanpereira.fr\/dessinateur\/wp-json\/wp\/v2\/comments?post=8054"}],"version-history":[{"count":46,"href":"https:\/\/nyanpereira.fr\/dessinateur\/wp-json\/wp\/v2\/pages\/8054\/revisions"}],"predecessor-version":[{"id":9617,"href":"https:\/\/nyanpereira.fr\/dessinateur\/wp-json\/wp\/v2\/pages\/8054\/revisions\/9617"}],"up":[{"embeddable":true,"href":"https:\/\/nyanpereira.fr\/dessinateur\/wp-json\/wp\/v2\/pages\/7962"}],"wp:featuredmedia":[{"embeddable":true,"href":"https:\/\/nyanpereira.fr\/dessinateur\/wp-json\/wp\/v2\/media\/7640"}],"wp:attachment":[{"href":"https:\/\/nyanpereira.fr\/dessinateur\/wp-json\/wp\/v2\/media?parent=8054"}],"curies":[{"name":"wp","href":"https:\/\/api.w.org\/{rel}","templated":true}]}}