{"id":8002,"date":"2020-04-08T08:27:33","date_gmt":"2020-04-08T07:27:33","guid":{"rendered":"https:\/\/nyanpereira.fr\/dessinateur\/?page_id=8002"},"modified":"2023-05-24T08:08:28","modified_gmt":"2023-05-24T07:08:28","slug":"devis-tarifs-animatics-2d-animateur-freelance","status":"publish","type":"page","link":"https:\/\/nyanpereira.fr\/dessinateur\/devis-en-ligne\/devis-tarifs-animatics-2d-animateur-freelance\/","title":{"rendered":"DEVIS \/ Tarifs Production Ad Animatic"},"content":{"rendered":"<p style=\"text-align: center;\"><strong>Besoin d&rsquo;un devis ou de tarifs pour d&rsquo;un animateur 2D pub ? Le budget d&rsquo;une r\u00e9alisation d&rsquo;animatic pub ou de banni\u00e8res web anim\u00e9es d\u00e9pend de la complexit\u00e9s des mouvements et des plans que vous d\u00e9finissez. <\/strong><\/p>\n<h6 style=\"text-align: center;\">En r\u00e9pondant \u00e0 quelques questions, nous pouvons estimer votre projet et trouver une solution artistique.<\/h6>\n<p>&#8211;<br \/>\n<a href=\"https:\/\/nyanpereira.fr\/dessinateur\/gallery\/artiste-storyboarder-croquis-publicite-cinema-paris-france\/\"><img loading=\"lazy\" class=\"size-full wp-image-7942 aligncenter\" src=\"https:\/\/nyanpereira.fr\/dessinateur\/wp-content\/uploads\/2020\/04\/STORYBIORDING.MOUVEMENT-CAMERA.jpg\" alt=\"STORYBIORDING.MOUVEMENT-CAMERA\" width=\"1000\" height=\"319\" \/><\/a><\/p>\n<div class=\"one_half \" style=\"\">\n<div role=\"form\" class=\"wpcf7\" id=\"wpcf7-f8052-o1\" lang=\"fr-FR\" dir=\"ltr\">\n<div class=\"screen-reader-response\"><p role=\"status\" aria-live=\"polite\" aria-atomic=\"true\"><\/p> <ul><\/ul><\/div>\n<form action=\"\/dessinateur\/wp-json\/wp\/v2\/pages\/8002#wpcf7-f8052-o1\" method=\"post\" class=\"wpcf7-form init\" novalidate=\"novalidate\" data-status=\"init\">\n<div style=\"display: none;\">\n<input type=\"hidden\" name=\"_wpcf7\" value=\"8052\" \/>\n<input type=\"hidden\" name=\"_wpcf7_version\" value=\"5.5.3\" \/>\n<input type=\"hidden\" name=\"_wpcf7_locale\" value=\"fr_FR\" \/>\n<input type=\"hidden\" name=\"_wpcf7_unit_tag\" value=\"wpcf7-f8052-o1\" \/>\n<input type=\"hidden\" name=\"_wpcf7_container_post\" value=\"0\" \/>\n<input type=\"hidden\" name=\"_wpcf7_posted_data_hash\" value=\"\" \/>\n<\/div>\n<p><label><span class=\"wpcf7-form-control-wrap your-name\"><input type=\"text\" name=\"your-name\" value=\"\" size=\"40\" class=\"wpcf7-form-control wpcf7-text wpcf7-validates-as-required\" aria-required=\"true\" aria-invalid=\"false\" placeholder=\"Nom, Pr\u00e9nom ou Soci\u00e9t\u00e9*\" \/><\/span> <\/label><br \/>\n<label><span class=\"wpcf7-form-control-wrap your-email\"><input type=\"email\" name=\"your-email\" value=\"\" size=\"40\" class=\"wpcf7-form-control wpcf7-text wpcf7-email wpcf7-validates-as-required wpcf7-validates-as-email\" aria-required=\"true\" aria-invalid=\"false\" placeholder=\"Adresse e-mail*\" \/><\/span> <\/label><br \/>\n<label><span class=\"wpcf7-form-control-wrap tel-416\"><input type=\"tel\" name=\"tel-416\" value=\"\" size=\"40\" class=\"wpcf7-form-control wpcf7-text wpcf7-tel wpcf7-validates-as-required wpcf7-validates-as-tel\" aria-required=\"true\" aria-invalid=\"false\" placeholder=\"Num\u00e9ro de t\u00e9l\u00e9phone*\" \/><\/span><\/label><br \/>\n<label><span class=\"wpcf7-form-control-wrap your-city\"><input type=\"text\" name=\"your-city\" value=\"\" size=\"40\" class=\"wpcf7-form-control wpcf7-text\" aria-invalid=\"false\" placeholder=\"Ville ou Code postale\" \/><\/span><\/label><br \/>\n<label><span class=\"wpcf7-form-control-wrap your-vitrine\"><input type=\"text\" name=\"your-vitrine\" value=\"\" size=\"40\" class=\"wpcf7-form-control wpcf7-text\" aria-invalid=\"false\" placeholder=\"Planning, Deadline, Urgence 24h\" \/><\/span><\/label><\/p>\n<p><input type=\"submit\" value=\"Envoyer\" class=\"wpcf7-form-control has-spinner wpcf7-submit\" \/><br \/>\n<a href=\"https:\/\/nyanpereira.fr\/dessinateur\/storyborder-freelance-paris-nice\/cgv-artiste-pereira-yta\/\" target=\"_blank\" rel=\"noopener\"><span style=\"color: #999999;\"><em>Politique de confidentialit\u00e9<\/em><\/span><\/a><\/p>\n<div class=\"wpcf7-response-output\" aria-hidden=\"true\"><\/div><\/form><\/div><\/p>\n<\/div>\n<div class=\"one_half last \" style=\"\">\n<h6>Sp\u00e9cificit\u00e9s et atouts d&rsquo;un Animateur 2D :<\/h6>\n<p>Le <strong>motion design<\/strong> est l&rsquo;outil indispensable d&rsquo;un <strong>animateur 2D<\/strong>. Nous l&rsquo;utilisons pour r\u00e9aliser des animatics ou des vid\u00e9os de pr\u00e9s-test publicitaire. \u00c0 la fois cr\u00e9atif et innovant, il a \u00e9t\u00e9 adopt\u00e9 par bon nombre de marques et d\u2019entreprises pour optimiser leurs communications. Mais surtout augmenter leurs visibilit\u00e9s sur les r\u00e9seaux sociaux !<\/p>\n<p>L&rsquo;animation de vignette storyboard via <strong>motion design 2D<\/strong> offre une grande libert\u00e9 de r\u00e9alisation pour des vid\u00e9os aux objectifs divers. De l&rsquo;animatic pub \u00e0 l&rsquo;animation 2D d&rsquo;un logo pour l&rsquo;ouverture d&rsquo;une application t\u00e9l\u00e9phone, en passant par\u00a0 la cr\u00e9ation d&rsquo;un tutoriel en vid\u00e9o \u2026 <strong>L&rsquo;animation 2D est un m\u00e9dia ludique et p\u00e9dagogique !<\/strong><\/p>\n<p>Avec le d\u00e9veloppement du num\u00e9rique l&rsquo;animation et le motion design connaissent un v\u00e9ritable essor ! Ils s\u2019ajustent parfaitement aux nouveaux usages et s\u2019adaptant \u00e0 tous types de campagnes publicitaires. <strong>Plus rapide et moins couteux que le motion design 3D, il permet des angles de cam\u00e9ra et des mises en sc\u00e8ne dynamique et tr\u00e8s \u00e9labor\u00e9es.<\/strong><\/p>\n<\/div>\n<p><br class=\"clear\"\/><\/p>\n<div class=\"one_half \" style=\"\">\n<p style=\"text-align: center;\"><div class=\"video-container\"><iframe src=\"https:\/\/player.vimeo.com\/video\/153357468?title=0&amp;byline=0&amp;portrait=0\" width=\"640\" height=\"396\" frameborder=\"0\" webkitallowfullscreen mozallowfullscreen allowfullscreen><\/iframe><\/div><\/p>\n<\/div>\n<div class=\"one_half last \" style=\"\">\n<p style=\"text-align: center;\"><div class=\"video-container\"><iframe src=\"https:\/\/player.vimeo.com\/video\/325648499?title=0&amp;byline=0&amp;portrait=0\" width=\"640\" height=\"396\" frameborder=\"0\" webkitallowfullscreen mozallowfullscreen allowfullscreen><\/iframe><\/div><\/p>\n<\/div>\n<p><br class=\"clear\"\/><\/p>\n<h6>G\u00e9n\u00e9ralement compris en 10 secondes et 60 secondes :<\/h6>\n<p><strong>La cr\u00e9ation et la production d\u2019Animatics pour le secteur de la publicit\u00e9 est pour ceux qui ne laisse aucune place au hasard !<\/strong> Quand le motion-design croise un storyboarder sp\u00e9cialis\u00e9s dans la publicit\u00e9. Cela donne naissance \u00e0 l&rsquo;animatic.<\/p>\n<ul>\n<li><span style=\"color: #999999;\">\u00a0Con\u00e7us pour s\u2019adresser \u00e0 un public donn\u00e9 dans un but <span class=\"msg__line\"><span class=\"js-spelling-suggestion-link\"><b>pr\u00e9cis<\/b><\/span><\/span>. <em>Susciter la curiosit\u00e9, ingr\u00e9dient essentiel pour g\u00e9n\u00e9rer de l\u2019attachement !<\/em><\/span><\/li>\n<li><span style=\"color: #999999;\">\u00a0Grande libert\u00e9 cr\u00e9ative pour imaginer des sc\u00e8nes attractives, dans des lieux de vie moderne ou dans des d\u00e9cors m\u00e9di\u00e9vaux.<\/span><\/li>\n<li><span style=\"color: #999999;\">\u00a0L\u2019animation permet d&rsquo;\u00e9laborer des transitions fluides entre chaque s\u00e9quence avant de se lancer en production.<\/span><\/li>\n<\/ul>\n<p><strong>En d\u2019autre terme, c\u2019est une technique de pr\u00e9sentation avanc\u00e9e d\u2019un spot de pub, d\u2019un film ou d\u2019une animation. Elle permet de d\u00e9finir les temps, les mouvements mais aussi les voix-off et la musique de chacune des s\u00e9quences avant de lancer une production.<\/strong><\/p>\n<h6><strong>Animateur 2D freelance \u00e0 Nice &amp; PAris<\/strong> :<\/h6>\n<p>Travaillant pour la secteur de la publicit\u00e9 et l\u2019industrie du cin\u00e9ma Fran\u00e7ais depuis maintenant 10 ans. je suis suivis, accompagn\u00e9 et assist\u00e9 autres artistes appel\u00e9s en renfort artistique quand les d\u00e9lais sont assez courts <span style=\"color: #999999;\"><em>\u00ab\u00a0Asap\u00a0\u00bb<\/em> <\/span>ou quand cela est n\u00e9cessaire. Nous sommes un groupement d&rsquo;artistes ind\u00e9pendantes !\u00a0 <strong><em>Storyborader, roughman, <a href=\"https:\/\/vimeo.com\/user63321688\">Animateur 2D<\/a>, illustrateur, costumi\u00e8re, sc\u00e9nographe, <a href=\"https:\/\/www.youtube.com\/channel\/UCdErxbcHX7Ucw10wO4UoU1A\">peintre<\/a> et <a href=\"https:\/\/nyanpereira.fr\/dessinateur\/portfolios\/europcar-photomontage-pub-covering-demenagement\/\">photographe<\/a><\/em><\/strong> rassembl\u00e9s sous une seul et m\u00eame banni\u00e8re, pour r\u00e9pondre aux projets cr\u00e9atifs de nos clients respectifs.<\/p>\n<p>Ensemble nous pouvons piloter la conception et le suivi de r\u00e9alisation de tout type d&rsquo;animation. Le tout en respectant un maximum le style, le budget et le rendu story-board s\u00e9lectionn\u00e9. <strong>En d&rsquo;autre terme, je vous propose de superviser, conseiller et accompagner votre projet dans le respect de la coh\u00e9rence de votre image de marque.<\/strong><\/p>\n<p>&nbsp;<\/p>\n<p style=\"text-align: left;\"><a class=\"button small \" onclick=\"window.open('https:\/\/nyanpereira.fr\/dessinateur\/storyborder-freelance-paris-nice\/creation-production-animatics-secteur-publicite-communication\/', '_self')\">Regarder d&rsquo;autres R\u00e9f\u00e9rences Animatics &amp; vid\u00e9os<\/a><\/p>\n<h6>Informations \u00e0 fournir pour \u00e9tablir un devis en ligne :<\/h6>\n<p>Devis &amp; <strong>tarifs d&rsquo;un animateur 2D<\/strong> pour la cr\u00e9ation d&rsquo;une animatic ou banni\u00e8res web anim\u00e9es \u00e9tant un travail sur-mesure. Il est important de nous envoyer un maximum d&rsquo;informations.<\/p>\n<ul>\n<li>Quel est <strong>votre secteur d&rsquo;activit\u00e9<\/strong> et \u00e0 quelle utilisation seront destin\u00e9s les fichiers ? <span style=\"color: #999999;\">Interne ou public ?<\/span><\/li>\n<li><strong>Votre besoin<\/strong> : <a href=\"https:\/\/nyanpereira.fr\/dessinateur\/gallery\/roughman-dessinnateur-croquis-crayon-papier-paris\/\">Rough N&amp;B<\/a>, <a href=\"https:\/\/nyanpereira.fr\/dessinateur\/gallery\/roughs-dessin-couleurs-region-paca-nice\/\">Rough Couleur<\/a>, <a href=\"https:\/\/nyanpereira.fr\/dessinateur\/storyborder-freelance-paris-nice\/creation-production-animatics-secteur-publicite-communication\/\">Animatics<\/a>, <a href=\"https:\/\/nyanpereira.fr\/dessinateur\/gallery\/speciale-chef-deco-scenographie-storyboarding\/\">D\u00e9cors cin\u00e9ma, stylisme &amp; costume<\/a>&#8230;<\/li>\n<li>Le <strong>format des fichiers<\/strong> que vous souhaitez recevoir ? <em><span style=\"color: #999999;\">jpeg, png, tga, psd, mpeg, mov &#8230;<\/span><\/em><\/li>\n<li>Quelle est la <strong>r\u00e9solution des vid\u00e9os ou des animations<\/strong> ?<em><span style=\"color: #999999;\"> SD, HD, 300dpi, 600dpi&#8230;<\/span><\/em><\/li>\n<\/ul>\n<p>[\/one_half_last]<\/p>\n","protected":false},"excerpt":{"rendered":"","protected":false},"author":1,"featured_media":0,"parent":7962,"menu_order":0,"comment_status":"closed","ping_status":"closed","template":"","meta":[],"yoast_head":"<!-- This site is optimized with the Yoast SEO plugin v17.9 - https:\/\/yoast.com\/wordpress\/plugins\/seo\/ -->\n<title>DEVIS \/ Tarifs Production Ad Animatic - Animateur 2D Freelance \u00e0 Nice<\/title>\n<meta name=\"description\" content=\"Besoin d&#039;un devis ou tarifs d&#039;un animateur 2D pour la production d&#039;animatic pub, de banni\u00e8res web ou pour l&#039;animer un logo ? DEVIS &amp; Tarifs Animateur 2D.\" \/>\n<meta name=\"robots\" content=\"index, follow, max-snippet:-1, max-image-preview:large, max-video-preview:-1\" \/>\n<link rel=\"canonical\" href=\"https:\/\/nyanpereira.fr\/dessinateur\/devis-en-ligne\/devis-tarifs-animatics-2d-animateur-freelance\/\" \/>\n<meta property=\"og:locale\" content=\"fr_FR\" \/>\n<meta property=\"og:type\" content=\"article\" \/>\n<meta property=\"og:title\" content=\"DEVIS \/ Tarifs Production Ad Animatic - Animateur 2D Freelance \u00e0 Nice\" \/>\n<meta property=\"og:description\" content=\"Besoin d&#039;un devis ou tarifs d&#039;un animateur 2D pour la production d&#039;animatic pub, de banni\u00e8res web ou pour l&#039;animer un logo ? DEVIS &amp; Tarifs Animateur 2D.\" \/>\n<meta property=\"og:url\" content=\"https:\/\/nyanpereira.fr\/dessinateur\/devis-en-ligne\/devis-tarifs-animatics-2d-animateur-freelance\/\" \/>\n<meta property=\"og:site_name\" content=\"Service Cr\u00e9atif &amp; Pr\u00e9sentation Artistique\" \/>\n<meta property=\"article:modified_time\" content=\"2023-05-24T07:08:28+00:00\" \/>\n<meta property=\"og:image\" content=\"https:\/\/nyanpereira.fr\/dessinateur\/wp-content\/uploads\/2020\/04\/STORYBIORDING.MOUVEMENT-CAMERA.jpg\" \/>\n<meta name=\"twitter:card\" content=\"summary_large_image\" \/>\n<meta name=\"twitter:label1\" content=\"Dur\u00e9e de lecture estim\u00e9e\" \/>\n\t<meta name=\"twitter:data1\" content=\"4 minutes\" \/>\n<script type=\"application\/ld+json\" class=\"yoast-schema-graph\">{\"@context\":\"https:\/\/schema.org\",\"@graph\":[{\"@type\":\"Organization\",\"@id\":\"https:\/\/nyanpereira.fr\/dessinateur\/#organization\",\"name\":\"storyboarder Freelance\",\"url\":\"https:\/\/nyanpereira.fr\/dessinateur\/\",\"sameAs\":[],\"logo\":{\"@type\":\"ImageObject\",\"@id\":\"https:\/\/nyanpereira.fr\/dessinateur\/#logo\",\"inLanguage\":\"fr-FR\",\"url\":\"\",\"contentUrl\":\"\",\"caption\":\"storyboarder Freelance\"},\"image\":{\"@id\":\"https:\/\/nyanpereira.fr\/dessinateur\/#logo\"}},{\"@type\":\"WebSite\",\"@id\":\"https:\/\/nyanpereira.fr\/dessinateur\/#website\",\"url\":\"https:\/\/nyanpereira.fr\/dessinateur\/\",\"name\":\"Service Cr\\u00e9atif &amp; Pr\\u00e9sentation Artistique\",\"description\":\"Roughs, Storyboard, Antimatic &amp; Photomontage\",\"publisher\":{\"@id\":\"https:\/\/nyanpereira.fr\/dessinateur\/#organization\"},\"potentialAction\":[{\"@type\":\"SearchAction\",\"target\":{\"@type\":\"EntryPoint\",\"urlTemplate\":\"https:\/\/nyanpereira.fr\/dessinateur\/?s={search_term_string}\"},\"query-input\":\"required name=search_term_string\"}],\"inLanguage\":\"fr-FR\"},{\"@type\":\"ImageObject\",\"@id\":\"https:\/\/nyanpereira.fr\/dessinateur\/devis-en-ligne\/devis-tarifs-animatics-2d-animateur-freelance\/#primaryimage\",\"inLanguage\":\"fr-FR\",\"url\":\"https:\/\/nyanpereira.fr\/dessinateur\/wp-content\/uploads\/2020\/04\/STORYBIORDING.MOUVEMENT-CAMERA.jpg\",\"contentUrl\":\"https:\/\/nyanpereira.fr\/dessinateur\/wp-content\/uploads\/2020\/04\/STORYBIORDING.MOUVEMENT-CAMERA.jpg\",\"width\":1000,\"height\":319,\"caption\":\"storyboard STORYBIORDING MOUVEMENT-CAMERA\"},{\"@type\":\"WebPage\",\"@id\":\"https:\/\/nyanpereira.fr\/dessinateur\/devis-en-ligne\/devis-tarifs-animatics-2d-animateur-freelance\/#webpage\",\"url\":\"https:\/\/nyanpereira.fr\/dessinateur\/devis-en-ligne\/devis-tarifs-animatics-2d-animateur-freelance\/\",\"name\":\"DEVIS \/ Tarifs Production Ad Animatic - Animateur 2D Freelance \\u00e0 Nice\",\"isPartOf\":{\"@id\":\"https:\/\/nyanpereira.fr\/dessinateur\/#website\"},\"primaryImageOfPage\":{\"@id\":\"https:\/\/nyanpereira.fr\/dessinateur\/devis-en-ligne\/devis-tarifs-animatics-2d-animateur-freelance\/#primaryimage\"},\"datePublished\":\"2020-04-08T07:27:33+00:00\",\"dateModified\":\"2023-05-24T07:08:28+00:00\",\"description\":\"Besoin d'un devis ou tarifs d'un animateur 2D pour la production d'animatic pub, de banni\\u00e8res web ou pour l'animer un logo ? DEVIS & Tarifs Animateur 2D.\",\"breadcrumb\":{\"@id\":\"https:\/\/nyanpereira.fr\/dessinateur\/devis-en-ligne\/devis-tarifs-animatics-2d-animateur-freelance\/#breadcrumb\"},\"inLanguage\":\"fr-FR\",\"potentialAction\":[{\"@type\":\"ReadAction\",\"target\":[\"https:\/\/nyanpereira.fr\/dessinateur\/devis-en-ligne\/devis-tarifs-animatics-2d-animateur-freelance\/\"]}]},{\"@type\":\"BreadcrumbList\",\"@id\":\"https:\/\/nyanpereira.fr\/dessinateur\/devis-en-ligne\/devis-tarifs-animatics-2d-animateur-freelance\/#breadcrumb\",\"itemListElement\":[{\"@type\":\"ListItem\",\"position\":1,\"name\":\"Accueil\",\"item\":\"https:\/\/nyanpereira.fr\/dessinateur\/\"},{\"@type\":\"ListItem\",\"position\":2,\"name\":\"DEVIS en ligne\",\"item\":\"https:\/\/nyanpereira.fr\/dessinateur\/devis-en-ligne\/\"},{\"@type\":\"ListItem\",\"position\":3,\"name\":\"DEVIS \/ Tarifs Production Ad Animatic\"}]}]}<\/script>\n<!-- \/ Yoast SEO plugin. -->","yoast_head_json":{"title":"DEVIS \/ Tarifs Production Ad Animatic - Animateur 2D Freelance \u00e0 Nice","description":"Besoin d'un devis ou tarifs d'un animateur 2D pour la production d'animatic pub, de banni\u00e8res web ou pour l'animer un logo ? DEVIS & Tarifs Animateur 2D.","robots":{"index":"index","follow":"follow","max-snippet":"max-snippet:-1","max-image-preview":"max-image-preview:large","max-video-preview":"max-video-preview:-1"},"canonical":"https:\/\/nyanpereira.fr\/dessinateur\/devis-en-ligne\/devis-tarifs-animatics-2d-animateur-freelance\/","og_locale":"fr_FR","og_type":"article","og_title":"DEVIS \/ Tarifs Production Ad Animatic - Animateur 2D Freelance \u00e0 Nice","og_description":"Besoin d'un devis ou tarifs d'un animateur 2D pour la production d'animatic pub, de banni\u00e8res web ou pour l'animer un logo ? DEVIS & Tarifs Animateur 2D.","og_url":"https:\/\/nyanpereira.fr\/dessinateur\/devis-en-ligne\/devis-tarifs-animatics-2d-animateur-freelance\/","og_site_name":"Service Cr\u00e9atif &amp; Pr\u00e9sentation Artistique","article_modified_time":"2023-05-24T07:08:28+00:00","og_image":[{"url":"https:\/\/nyanpereira.fr\/dessinateur\/wp-content\/uploads\/2020\/04\/STORYBIORDING.MOUVEMENT-CAMERA.jpg"}],"twitter_card":"summary_large_image","twitter_misc":{"Dur\u00e9e de lecture estim\u00e9e":"4 minutes"},"schema":{"@context":"https:\/\/schema.org","@graph":[{"@type":"Organization","@id":"https:\/\/nyanpereira.fr\/dessinateur\/#organization","name":"storyboarder Freelance","url":"https:\/\/nyanpereira.fr\/dessinateur\/","sameAs":[],"logo":{"@type":"ImageObject","@id":"https:\/\/nyanpereira.fr\/dessinateur\/#logo","inLanguage":"fr-FR","url":"","contentUrl":"","caption":"storyboarder Freelance"},"image":{"@id":"https:\/\/nyanpereira.fr\/dessinateur\/#logo"}},{"@type":"WebSite","@id":"https:\/\/nyanpereira.fr\/dessinateur\/#website","url":"https:\/\/nyanpereira.fr\/dessinateur\/","name":"Service Cr\u00e9atif &amp; Pr\u00e9sentation Artistique","description":"Roughs, Storyboard, Antimatic &amp; Photomontage","publisher":{"@id":"https:\/\/nyanpereira.fr\/dessinateur\/#organization"},"potentialAction":[{"@type":"SearchAction","target":{"@type":"EntryPoint","urlTemplate":"https:\/\/nyanpereira.fr\/dessinateur\/?s={search_term_string}"},"query-input":"required name=search_term_string"}],"inLanguage":"fr-FR"},{"@type":"ImageObject","@id":"https:\/\/nyanpereira.fr\/dessinateur\/devis-en-ligne\/devis-tarifs-animatics-2d-animateur-freelance\/#primaryimage","inLanguage":"fr-FR","url":"https:\/\/nyanpereira.fr\/dessinateur\/wp-content\/uploads\/2020\/04\/STORYBIORDING.MOUVEMENT-CAMERA.jpg","contentUrl":"https:\/\/nyanpereira.fr\/dessinateur\/wp-content\/uploads\/2020\/04\/STORYBIORDING.MOUVEMENT-CAMERA.jpg","width":1000,"height":319,"caption":"storyboard STORYBIORDING MOUVEMENT-CAMERA"},{"@type":"WebPage","@id":"https:\/\/nyanpereira.fr\/dessinateur\/devis-en-ligne\/devis-tarifs-animatics-2d-animateur-freelance\/#webpage","url":"https:\/\/nyanpereira.fr\/dessinateur\/devis-en-ligne\/devis-tarifs-animatics-2d-animateur-freelance\/","name":"DEVIS \/ Tarifs Production Ad Animatic - Animateur 2D Freelance \u00e0 Nice","isPartOf":{"@id":"https:\/\/nyanpereira.fr\/dessinateur\/#website"},"primaryImageOfPage":{"@id":"https:\/\/nyanpereira.fr\/dessinateur\/devis-en-ligne\/devis-tarifs-animatics-2d-animateur-freelance\/#primaryimage"},"datePublished":"2020-04-08T07:27:33+00:00","dateModified":"2023-05-24T07:08:28+00:00","description":"Besoin d'un devis ou tarifs d'un animateur 2D pour la production d'animatic pub, de banni\u00e8res web ou pour l'animer un logo ? DEVIS & Tarifs Animateur 2D.","breadcrumb":{"@id":"https:\/\/nyanpereira.fr\/dessinateur\/devis-en-ligne\/devis-tarifs-animatics-2d-animateur-freelance\/#breadcrumb"},"inLanguage":"fr-FR","potentialAction":[{"@type":"ReadAction","target":["https:\/\/nyanpereira.fr\/dessinateur\/devis-en-ligne\/devis-tarifs-animatics-2d-animateur-freelance\/"]}]},{"@type":"BreadcrumbList","@id":"https:\/\/nyanpereira.fr\/dessinateur\/devis-en-ligne\/devis-tarifs-animatics-2d-animateur-freelance\/#breadcrumb","itemListElement":[{"@type":"ListItem","position":1,"name":"Accueil","item":"https:\/\/nyanpereira.fr\/dessinateur\/"},{"@type":"ListItem","position":2,"name":"DEVIS en ligne","item":"https:\/\/nyanpereira.fr\/dessinateur\/devis-en-ligne\/"},{"@type":"ListItem","position":3,"name":"DEVIS \/ Tarifs Production Ad Animatic"}]}]}},"_links":{"self":[{"href":"https:\/\/nyanpereira.fr\/dessinateur\/wp-json\/wp\/v2\/pages\/8002"}],"collection":[{"href":"https:\/\/nyanpereira.fr\/dessinateur\/wp-json\/wp\/v2\/pages"}],"about":[{"href":"https:\/\/nyanpereira.fr\/dessinateur\/wp-json\/wp\/v2\/types\/page"}],"author":[{"embeddable":true,"href":"https:\/\/nyanpereira.fr\/dessinateur\/wp-json\/wp\/v2\/users\/1"}],"replies":[{"embeddable":true,"href":"https:\/\/nyanpereira.fr\/dessinateur\/wp-json\/wp\/v2\/comments?post=8002"}],"version-history":[{"count":33,"href":"https:\/\/nyanpereira.fr\/dessinateur\/wp-json\/wp\/v2\/pages\/8002\/revisions"}],"predecessor-version":[{"id":9662,"href":"https:\/\/nyanpereira.fr\/dessinateur\/wp-json\/wp\/v2\/pages\/8002\/revisions\/9662"}],"up":[{"embeddable":true,"href":"https:\/\/nyanpereira.fr\/dessinateur\/wp-json\/wp\/v2\/pages\/7962"}],"wp:attachment":[{"href":"https:\/\/nyanpereira.fr\/dessinateur\/wp-json\/wp\/v2\/media?parent=8002"}],"curies":[{"name":"wp","href":"https:\/\/api.w.org\/{rel}","templated":true}]}}