{"id":7992,"date":"2020-04-07T18:48:28","date_gmt":"2020-04-07T17:48:28","guid":{"rendered":"https:\/\/nyanpereira.fr\/dessinateur\/?page_id=7992"},"modified":"2021-04-30T13:40:56","modified_gmt":"2021-04-30T12:40:56","slug":"devis-tarifs-scenographie-conception-stands-pop-up-store-decors-cinema","status":"publish","type":"page","link":"https:\/\/nyanpereira.fr\/dessinateur\/devis-en-ligne\/devis-tarifs-scenographie-conception-stands-pop-up-store-decors-cinema\/","title":{"rendered":"DEVIS \/ Tarifs Sc\u00e9nographie \u00e9v\u00e9nementielle"},"content":{"rendered":"<p style=\"text-align: center;\"><strong>Besoin d&rsquo;un devis ou de tarifs pour la conception d&rsquo;une sc\u00e9nographie \u00e9v\u00e9nementielle type stands ou Pop-up store ?<\/strong><\/p>\n<h6 style=\"text-align: center;\">En r\u00e9pondant \u00e0 quelques questions, nous pouvons chiffrer votre projet et trouver une solution cr\u00e9ative.<br \/>\n&#8211;<\/h6>\n<div class=\"one_half \" style=\"\">\n<div role=\"form\" class=\"wpcf7\" id=\"wpcf7-f1449-o1\" lang=\"fr-FR\" dir=\"ltr\">\n<div class=\"screen-reader-response\"><p role=\"status\" aria-live=\"polite\" aria-atomic=\"true\"><\/p> <ul><\/ul><\/div>\n<form action=\"\/dessinateur\/wp-json\/wp\/v2\/pages\/7992#wpcf7-f1449-o1\" method=\"post\" class=\"wpcf7-form init\" novalidate=\"novalidate\" data-status=\"init\">\n<div style=\"display: none;\">\n<input type=\"hidden\" name=\"_wpcf7\" value=\"1449\" \/>\n<input type=\"hidden\" name=\"_wpcf7_version\" value=\"5.5.3\" \/>\n<input type=\"hidden\" name=\"_wpcf7_locale\" value=\"fr_FR\" \/>\n<input type=\"hidden\" name=\"_wpcf7_unit_tag\" value=\"wpcf7-f1449-o1\" \/>\n<input type=\"hidden\" name=\"_wpcf7_container_post\" value=\"0\" \/>\n<input type=\"hidden\" name=\"_wpcf7_posted_data_hash\" value=\"\" \/>\n<\/div>\n<p><label><span class=\"wpcf7-form-control-wrap menu-759\"><select name=\"menu-759\" class=\"wpcf7-form-control wpcf7-select\" aria-invalid=\"false\"><option value=\"TYPE DE SERVICE\">TYPE DE SERVICE<\/option><option value=\"STORYBOARD\">STORYBOARD<\/option><option value=\"SC\u00c9NOGRAPHIE\">SC\u00c9NOGRAPHIE<\/option><option value=\"PHOTOMONTAGE\">PHOTOMONTAGE<\/option><option value=\"ANIMATIC\">ANIMATIC<\/option><option value=\"VITRINE PEINTURE\">VITRINE PEINTURE<\/option><\/select><\/span><br \/>\n<\/label><br \/>\n<label><span class=\"wpcf7-form-control-wrap your-name\"><input type=\"text\" name=\"your-name\" value=\"\" size=\"40\" class=\"wpcf7-form-control wpcf7-text wpcf7-validates-as-required\" aria-required=\"true\" aria-invalid=\"false\" placeholder=\"Nom, Pr\u00e9nom ou Soci\u00e9t\u00e9*\" \/><\/span> <\/label><br \/>\n<label><span class=\"wpcf7-form-control-wrap your-email\"><input type=\"email\" name=\"your-email\" value=\"\" size=\"40\" class=\"wpcf7-form-control wpcf7-text wpcf7-email wpcf7-validates-as-required wpcf7-validates-as-email\" aria-required=\"true\" aria-invalid=\"false\" placeholder=\"Adresse e-mail*\" \/><\/span> <\/label><br \/>\n<label><span class=\"wpcf7-form-control-wrap tel-416\"><input type=\"tel\" name=\"tel-416\" value=\"\" size=\"40\" class=\"wpcf7-form-control wpcf7-text wpcf7-tel wpcf7-validates-as-required wpcf7-validates-as-tel\" aria-required=\"true\" aria-invalid=\"false\" placeholder=\"Num\u00e9ro de t\u00e9l\u00e9phone*\" \/><\/span><\/label><br \/>\n<label><span class=\"wpcf7-form-control-wrap your-city\"><input type=\"text\" name=\"your-city\" value=\"\" size=\"40\" class=\"wpcf7-form-control wpcf7-text\" aria-invalid=\"false\" placeholder=\"Ville ou Code postale\" \/><\/span><\/label><br \/>\n<label><span class=\"wpcf7-form-control-wrap your-vitrine\"><input type=\"text\" name=\"your-vitrine\" value=\"\" size=\"40\" class=\"wpcf7-form-control wpcf7-text\" aria-invalid=\"false\" placeholder=\"Date de livraison, Planning, Deadline, Urgence 24h\" \/><\/span><\/label><\/p>\n<p><input type=\"submit\" value=\"Envoyer\" class=\"wpcf7-form-control has-spinner wpcf7-submit\" \/><br \/>\n<a href=\"https:\/\/nyanpereira.fr\/dessinateur\/storyborder-freelance-paris-nice\/cgv-artiste-pereira-yta\/\" target=\"_blank\" rel=\"noopener\"><span style=\"color: #999999;\"><em>Politique de confidentialit\u00e9<\/em><\/span><\/a><\/p>\n<div class=\"wpcf7-response-output\" aria-hidden=\"true\"><\/div><\/form><\/div><\/p>\n<\/div>\n<div class=\"one_half last \" style=\"\">\n<div id=\"attachment_7995\" style=\"width: 1010px\" class=\"wp-caption aligncenter\"><a href=\"https:\/\/nyanpereira.fr\/dessinateur\/gallery\/theatralisation-scenographie-plv-magasin-evenementiel\/\"><img aria-describedby=\"caption-attachment-7995\" loading=\"lazy\" class=\"wp-image-7995 size-full\" src=\"https:\/\/nyanpereira.fr\/dessinateur\/wp-content\/uploads\/2020\/04\/Devis.tarif_.scenographie.pop-up.store_.scenographe.freelance.2.jpg\" alt=\"DEVIS \/ Tarifs Sc\u00e9nographie \u00e9v\u00e9nementielle SEPHORA\" width=\"1000\" height=\"319\" \/><\/a><p id=\"caption-attachment-7995\" class=\"wp-caption-text\">Recherches Sc\u00e9nographiques &amp; <span id=\"1\" class=\"HALYaf KKjvXb\" role=\"tabpanel\"><span class=\"zRhise\"><span class=\"PkjLuf \" title=\"implantation pop-up store paris\">Implantation d&rsquo;un pop-up store \u00e0 paris<\/span><\/span><\/span> pour SEPHORA<\/p><\/div>\n<h6><span id=\"1\" class=\"HALYaf KKjvXb\" role=\"tabpanel\"><span class=\"zRhise\"><span class=\"PkjLuf \" title=\"rough marketing\">Rough marketing<\/span><\/span><\/span> \/\/ Comment rendre un espace banal en un espace design\u2009?<\/h6>\n<p>Comment attirer d\u2019embl\u00e9e l\u2019attention des visiteurs ? La sc\u00e9nographe d&rsquo;\u00e9v\u00e9nements aide \u00e0 concevoir le d\u00e9cor et demeure la base de tout le travail qui suivra. C&rsquo;est elle qui illustre l&rsquo;id\u00e9e du concept, celle qui d\u00e9coule d&rsquo;une image de marque ou d&rsquo;une campagne de communication ! Mon r\u00f4le de sc\u00e9nographe freelance est d&rsquo;interpr\u00e9ter vos id\u00e9es et de les rendre r\u00e9alisables dans un lieu et espace donn\u00e9. A chaque espace ses contraintes ! <span style=\"color: #999999;\"><em>(espace, nombre d&rsquo;invit\u00e9s, s\u00e9curit\u00e9, temps de montage, etc.)<\/em><\/span>. Cela dit, elle participent \u00e0 l&rsquo;\u00e9laboration et au dessin du d\u00e9cor.<\/p>\n<p><strong>Premi\u00e8rement, nous partons du principe qu&rsquo;une sc\u00e9nographie est un gain de temps consid\u00e9rable pour l&rsquo;organisation budg\u00e9taire et artistique d&rsquo;un stand d\u2019exposition.<\/strong> C&rsquo;est une technique indispensable qui d\u00e9finit visuellement les diff\u00e9rents \u00e9l\u00e9ments de mani\u00e8re subtile et \u00e9tudi\u00e9e, afin d\u2019amener les visiteurs \u00e0 l\u2019endroit o\u00f9 vous souhaitez qu\u2019ils soient.<\/p>\n<p>Deuxi\u00e8mement, une sc\u00e9nographie peut servir de <strong>feuille de route visuelle<\/strong>, dont la direction artistique peut s\u2019\u00e9chapper afin d\u2019explorer de nouvelle source d\u2019inspiration ! <em>Inspiration qui ne manque pas de surgir au cours <\/em><em>de la conception des crayonn\u00e9es&#8230;<\/em><\/p>\n<div id=\"attachment_7994\" style=\"width: 1010px\" class=\"wp-caption aligncenter\"><a href=\"https:\/\/nyanpereira.fr\/dessinateur\/gallery\/pop-up-store-magasin-ephemere-design-concept-store\/\"><img aria-describedby=\"caption-attachment-7994\" loading=\"lazy\" class=\"wp-image-7994 size-full\" src=\"https:\/\/nyanpereira.fr\/dessinateur\/wp-content\/uploads\/2020\/04\/Devis.tarif_.scenographie.pop-up.store_.scenographe.freelance.1.jpg\" alt=\"DEVIS \/ Tarifs Sc\u00e9nographie \u00e9v\u00e9nementielle SEPHORA\" width=\"1000\" height=\"319\" \/><\/a><p id=\"caption-attachment-7994\" class=\"wp-caption-text\">Exemple de th\u00e9\u00e2tralisation &amp; sc\u00e9nographie marketing une op\u00e9ration out-store au <a href=\"https:\/\/www.paris.fr\/equipements\/jardin-des-tuileries-1795\" target=\"_blank\" rel=\"noopener\">Jardin des Tuileries<\/a><\/p><\/div>\n<\/div>\n<p><br class=\"clear\"\/><\/p>\n<h6><strong>Quelles sont les \u00e9tapes de conception d&rsquo;un rough marketing\u00a0 ? <\/strong><\/h6>\n<p>Tout commence par une implantation des volumes sur plan, en y incluant les contraintes de l&rsquo;espace s\u00e9lectionn\u00e9. Puis je dessine une maquette en 3D aux perspectives juste et explicite. Le d\u00e9cor sc\u00e9nographique et ses composants <em><span style=\"color: #999999;\">(formes, couleurs, mat\u00e9riaux, mati\u00e8res)<\/span><\/em> sont l\u00e0. Cette maquette est alors montr\u00e9e pr\u00e9sent\u00e9e et optimis\u00e9e en vue des retours clients. Une fois valid\u00e9e, elle devient alors un outil de travail tr\u00e8s appr\u00e9ci\u00e9 par les ateliers de construction. Apr\u00e8s \u00e9tudes et plans, vous pouvez compter en moyenne 1 mois de fabrication et 2 jours de montage pour un espace de taille moyenne.<\/p>\n<h6>Rencontre avec un sc\u00e9nographe freelance :<\/h6>\n<p><strong>Mon m\u00e9tier requi\u00e8rt de nombreuses qualit\u00e9s parmi lesquelles un solide sens de la communication.<\/strong> Appel\u00e9 \u00e0 travailler avec des cr\u00e9atifs aux talents vari\u00e9s, je choisis mes projets en fonction du type de message qu\u2019ils v\u00e9hiculent et assume mes choix artistiques. <strong>Les projets les plus r\u00e9ussis sont bien souvent ceux o\u00f9 le travail d\u2019\u00e9quipe a une grande place.<\/strong><\/p>\n<p>Travaillant pour la secteur de la publicit\u00e9 et l\u2019industrie du spectacle depuis maintenant 10 ans. Je suis suivis, accompagn\u00e9 et assist\u00e9 par d&rsquo;autres artistes appel\u00e9s en renfort artistique quand les d\u00e9lais sont assez courts <span style=\"color: #999999;\"><em>\u00ab\u00a0Asap\u00a0\u00bb<\/em> <\/span>ou quand cela est n\u00e9cessaire. Nous sommes un groupement d&rsquo;artistes ind\u00e9pendantes ! <strong><em>Sc\u00e9nographe, roughman, illustrateur, maquilleuses, costumi\u00e8re et <a href=\"https:\/\/nyanpereira.fr\/dessinateur\/portfolios\/europcar-photomontage-pub-covering-demenagement\/\">photographe<\/a><\/em><\/strong> rassembl\u00e9s sous une seul et m\u00eame banni\u00e8re, pour r\u00e9pondre aux projets cr\u00e9atifs de nos clients respectifs.<\/p>\n<p><em><strong>Nous appelons tous les cr\u00e9atifs \u00e0 garder \u00e0 l\u2019esprit que la participation \u00e0 cette puissante forme artistique est \u00e0 la fois un privil\u00e8ge et une responsabilit\u00e9. En tant que <a href=\"http:\/\/www.1-fuse.fr\/?page_id=2373\">sc\u00e9nographe freelance<\/a> ou co-fondateur de d\u00e9cor de spectacle. Nous invitons chacun \u00e0 suivre ses plus grandes ambitions ! Mais surtout de continuer \u00e0 cr\u00e9er des histoires qui sont le reflet de notre condition humaine.<\/strong><\/em><\/p>\n<p>En d&rsquo;autres termes, nous pouvons piloter la conception et le suivi de r\u00e9alisation de campagne off\/on line. Nous intervenons sur de nombreuses campagnes \u00ab terrain \u00bb et excellons particuli\u00e8rement dans la conception d\u2019op\u00e9rations street et op\u00e9rationnelle. ( Pop-store, magasin \u00e9ph\u00e9m\u00e8re, stands d&rsquo;expositions, etc) <strong>En d&rsquo;autre terme, je vous propose de superviser, conseiller et accompagner votre projet dans le respect de la coh\u00e9rence de votre image de marque.<\/strong><\/p>\n<h6>Informations \u00e0 fournir pour \u00e9tablir un devis en ligne :<\/h6>\n<p><strong>DEVIS \/ Les Tarifs d&rsquo;une Sc\u00e9nographie \u00e9v\u00e9nementielle<\/strong> pour un sp\u00e9ciale, une op\u00e9ration marketing ponctuel \u00e9tant un travail sur-mesure. Il est important de nous envoyer un maximum d&rsquo;informations.<\/p>\n<ul>\n<li>Quel est <strong>votre secteur d&rsquo;activit\u00e9<\/strong> et \u00e0 quelle utilisation seront destin\u00e9s les fichiers ? <span style=\"color: #999999;\">Interne ou public ?<\/span><\/li>\n<li><strong>Votre besoin<\/strong> : <a href=\"https:\/\/nyanpereira.fr\/dessinateur\/gallery\/roughman-dessinnateur-croquis-crayon-papier-paris\/\">Rough N&amp;B<\/a>, <a href=\"https:\/\/nyanpereira.fr\/dessinateur\/gallery\/roughs-dessin-couleurs-region-paca-nice\/\">Rough Couleur<\/a>, <a href=\"https:\/\/nyanpereira.fr\/dessinateur\/storyborder-freelance-paris-nice\/creation-production-animatics-secteur-publicite-communication\/\">Animatics<\/a>, <a href=\"https:\/\/nyanpereira.fr\/dessinateur\/gallery\/speciale-chef-deco-scenographie-storyboarding\/\">Sc\u00e9nographie, Pop-up Store &amp; Magasin \u00e9ph\u00e9m\u00e8re<\/a>&#8230;<\/li>\n<li>Le <strong>format des fichiers<\/strong> que vous souhaitez recevoir ? <em><span style=\"color: #999999;\">jpeg, png, tga, psd, mpeg, mov &#8230;<\/span><\/em><\/li>\n<li>Quelle serait la <strong>r\u00e9solution des images ou des animations<\/strong> ?<em><span style=\"color: #999999;\"> SD, HD, 300dpi, 600dpi&#8230;<\/span><\/em><\/li>\n<\/ul>\n<div class=\"slider_wrapper\" data-autoplay=\"\" data-timer=\"5\"><div class=\"flexslider tg_gallery \" data-height=\"750\"><ul class=\"slides\"><li><img src=\"https:\/\/nyanpereira.fr\/dessinateur\/wp-content\/uploads\/2020\/02\/05.pop-up.store_.Magasin-ephemere.scenographe.professionel.thetralisation.marketing.evenement.Paris5-min.jpg\" alt=\"Roughs \u00c9v\u00e8nementiels Sephora scenographe pop-up store concept\"\/><\/li><li><img src=\"https:\/\/nyanpereira.fr\/dessinateur\/wp-content\/uploads\/2020\/02\/06.HOLLYHOOD.marketing.roughman.scenographe.freelance.thetralisation.in-store.concept.store_.creation.pop_.up_.in_.out-store.jpg\" alt=\"\"\/><\/li><li><img src=\"https:\/\/nyanpereira.fr\/dessinateur\/wp-content\/uploads\/2020\/02\/06.roughman.scenographe.freelance.thetralisation.in-store.concept.store_.creation.pop_.up_.in_.out-store.jpg\" alt=\"\"\/><\/li><li><img src=\"https:\/\/nyanpereira.fr\/dessinateur\/wp-content\/uploads\/2020\/02\/08.HOLLYHOOD.marketing.roughman.scenographe.freelance.thetralisation.in-store.concept.store_.creation.pop_.up_.in_.out-store.jpg\" alt=\"\"\/><\/li><li><img src=\"https:\/\/nyanpereira.fr\/dessinateur\/wp-content\/uploads\/2020\/02\/08.storyboarder.scenographe.freelance.paris_.spectacle.cinema.france.paris110-min.jpg\" alt=\"COINTREAU Roughs \u00c9v\u00e8nementiels GAS GSS theatralisation.scenographe.freelance.paris\"\/><\/li><li><img src=\"https:\/\/nyanpereira.fr\/dessinateur\/wp-content\/uploads\/2020\/02\/08.storyboarder.scenographe.freelance.paris_.spectacle.cinema.france.paris18-min.jpg\" alt=\"COINTREAU Roughs \u00c9v\u00e8nementiels Paris\"\/><\/li><li><img src=\"https:\/\/nyanpereira.fr\/dessinateur\/wp-content\/uploads\/2020\/02\/08.storyboarder.scenographe.freelance.paris_.spectacle.cinema.france.paris19-min.jpg\" alt=\"COINTREAU Roughs \u00c9v\u00e8nementiels\"\/><\/li><li><img src=\"https:\/\/nyanpereira.fr\/dessinateur\/wp-content\/uploads\/2020\/02\/03.scenographe.professionel.thetralisation.marketing.evenement.paris_.nice-min.jpg\" alt=\"INTERFLORA - Roughs \u00c9v\u00e8nementiels Pop-Up Store la defence paris\"\/><\/li><li><img src=\"https:\/\/nyanpereira.fr\/dessinateur\/wp-content\/uploads\/2021\/04\/02.scenographe.freelance.thetralisation.conception.creation.Food-truck.resentation.dessin.scenographie.in_.out-store.jpg\" alt=\"Scenographe.freelance.thetralisation.conception.creation.Food-truck.resentation.dessin.scenographie.in.out-store\"\/><\/li><li><img src=\"https:\/\/nyanpereira.fr\/dessinateur\/wp-content\/uploads\/2020\/02\/05.pop-up.store_.Magasin-ephemere.scenographe.professionel.thetralisation.marketing.evenement.Paris4-min.jpg\" alt=\"\"\/><\/li><li><img src=\"https:\/\/nyanpereira.fr\/dessinateur\/wp-content\/uploads\/2020\/02\/05.pop-up.store_.Magasin-ephemere.scenographe.professionel.thetralisation.marketing.evenement.Paris2-min.jpg\" alt=\"concept de boutique \u00e9ph\u00e9m\u00e8re Pastis 51\"\/><\/li><li><img src=\"https:\/\/nyanpereira.fr\/dessinateur\/wp-content\/uploads\/2020\/02\/05.pop-up.store_.Magasin-ephemere.scenographe.professionel.thetralisation.marketing.evenement.Paris3-min.jpg\" alt=\"\"\/><\/li><li><img src=\"https:\/\/nyanpereira.fr\/dessinateur\/wp-content\/uploads\/2020\/02\/05.pop-up.store_.Magasin-ephemere.scenographe.professionel.thetralisation.marketing.evenement.Paris-min.jpg\" alt=\"Roughs \u00c9v\u00e8nementiels Monkey shoulder Whisky concept pop-up store\"\/><\/li><li><img src=\"https:\/\/nyanpereira.fr\/dessinateur\/wp-content\/uploads\/2020\/02\/02.scenographe.professionel.thetralisation.marketing.evenement.paris_.nice-min.jpg\" alt=\"Roughs \u00c9v\u00e8nementiels SHISHEDO magasin \u00e9ph\u00e9m\u00e8re galerie la fayette\"\/><\/li><li><img src=\"https:\/\/nyanpereira.fr\/dessinateur\/wp-content\/uploads\/2020\/02\/04.scenographe.professionel.thetralisation.marketing.evenement.paris_.nice4-min.jpg\" alt=\"Roughs \u00c9v\u00e8nementiels SHISHEDO magasin \u00e9ph\u00e9m\u00e8re galerie la fayette\"\/><\/li><li><img src=\"https:\/\/nyanpereira.fr\/dessinateur\/wp-content\/uploads\/2020\/02\/05.pop-up.store_.Magasin-ephemere.scenographe.professionel.thetralisation.marketing.evenement.Paris8-min.jpg\" alt=\"Roughs \u00c9v\u00e8nementiels Paul John Single Malt Whisky concept boutique \u00e9ph\u00e9m\u00e8re\"\/><\/li><li><img src=\"https:\/\/nyanpereira.fr\/dessinateur\/wp-content\/uploads\/2020\/01\/11.photomontage.3D.roughs.evenementiels.scenographie.theatralisation.marketing.jpg\" alt=\"\"\/><\/li><li><img src=\"https:\/\/nyanpereira.fr\/dessinateur\/wp-content\/uploads\/2020\/02\/02.scenographe.professionel.thetralisation.marketing.evenement.paris_.nice2-min.jpg\" alt=\"Roughs \u00c9v\u00e8nementiels SHISHEDO magasin \u00e9ph\u00e9m\u00e8re galerie la fayette\"\/><\/li><li><img src=\"https:\/\/nyanpereira.fr\/dessinateur\/wp-content\/uploads\/2020\/02\/05.pop-up.store_.Magasin-ephemere.scenographe.professionel.thetralisation.marketing.evenement.Paris9-min.jpg\" alt=\"Jack Daniel&#039;s - Roughs \u00c9v\u00e8nementiels pop-up store\"\/><\/li><li><img src=\"https:\/\/nyanpereira.fr\/dessinateur\/wp-content\/uploads\/2020\/02\/05.pop-up.store_.Magasin-ephemere.scenographe.professionel.thetralisation.marketing.evenement.Paris6-min.jpg\" alt=\"storyboard freelance\"\/><\/li><li><img src=\"https:\/\/nyanpereira.fr\/dessinateur\/wp-content\/uploads\/2020\/02\/05.pop-up.store_.Magasin-ephemere.scenographe.professionel.thetralisation.marketing.evenement.Paris7-min.jpg\" alt=\"shiseido galere la fayette scenographe boutique \u00e9ph\u00e9m\u00e8re\"\/><\/li><li><img src=\"https:\/\/nyanpereira.fr\/dessinateur\/wp-content\/uploads\/2020\/02\/05.pop-up.store_.Magasin-ephemere.scenographe.professionel.thetralisation.marketing.evenement.Paris12-min.jpg\" alt=\"Orange telecome Roughs \u00c9v\u00e8nementiels pop-up storeParis\"\/><\/li><li><img src=\"https:\/\/nyanpereira.fr\/dessinateur\/wp-content\/uploads\/2020\/02\/04.scenographe.professionel.thetralisation.marketing.evenement.paris_.nice6-min.jpg\" alt=\"\"\/><\/li><li><img src=\"https:\/\/nyanpereira.fr\/dessinateur\/wp-content\/uploads\/2020\/01\/07.Roughs.evenementiels.scenographie.Theatralisation.marketing.ads_.words4-min.jpg\" alt=\"YSL marketing Roughs \u00c9v\u00e8nementiels \u00e9ph\u00e9m\u00e8re\"\/><\/li><li><img src=\"https:\/\/nyanpereira.fr\/dessinateur\/wp-content\/uploads\/2020\/02\/04.scenographe.professionel.thetralisation.marketing.evenement.paris_.nice5-min.jpg\" alt=\"Roughs \u00c9v\u00e8nementiels HARIBO\"\/><\/li><li><img src=\"https:\/\/nyanpereira.fr\/dessinateur\/wp-content\/uploads\/2020\/02\/04.scenographe.professionel.thetralisation.marketing.evenement.paris_.nice-min.jpg\" alt=\"Inocent Boisson - Roughs \u00c9v\u00e8nementiels Pop-Up Store\"\/><\/li><li><img src=\"https:\/\/nyanpereira.fr\/dessinateur\/wp-content\/uploads\/2020\/02\/02.scenographe.professionel.thetralisation.marketing.evenement.paris_.nice20-min.jpg\" alt=\"\"\/><\/li><li><img src=\"https:\/\/nyanpereira.fr\/dessinateur\/wp-content\/uploads\/2020\/02\/02.scenographe.professionel.thetralisation.marketing.evenement.paris_.nice18-min.jpg\" alt=\"DECATHLON - Roughs \u00c9v\u00e8nementiels Pop-Up Store\"\/><\/li><li><img src=\"https:\/\/nyanpereira.fr\/dessinateur\/wp-content\/uploads\/2020\/02\/08.storyboarder.scenographe.freelance.paris_.spectacle.cinema.france.paris120-min.jpg\" alt=\"\"\/><\/li><\/ul><\/div><\/div>\n<p>&nbsp;<\/p>\n<p><span style=\"color: #999999;\"><em><span id=\"1\" class=\"HALYaf KKjvXb\" role=\"tabpanel\"><span class=\"zRhise\"><span class=\"PkjLuf \" title=\"rough communication\">rough communication<\/span><\/span><\/span> &#8211; <span id=\"1\" class=\"HALYaf KKjvXb\" role=\"tabpanel\"><span class=\"zRhise\"><span class=\"PkjLuf \" title=\"roughman paris\">roughman paris<\/span><\/span><\/span> &#8211; <span id=\"1\" class=\"HALYaf KKjvXb\" role=\"tabpanel\"><span class=\"zRhise\"><span class=\"PkjLuf \" title=\"rough dessin\">rough dessin &#8211; <span class=\"PkjLuf \" title=\"dessinateur freelance tarif\">dessinateur freelance tarif<\/span> &#8211; <span class=\"PkjLuf \" title=\"th\u00e9atralisation marketing\">th\u00e9\u00e2tralisation marketing &#8211; <span class=\"PkjLuf \" title=\"pop-up store exemple\">pop-up store exemple &#8211; <span class=\"PkjLuf \" title=\"pop up store concept\">pop up store concept<\/span> &#8211; <span class=\"PkjLuf \" title=\"conception boutique \u00e9ph\u00e9m\u00e8re\">conception boutique \u00e9ph\u00e9m\u00e8re<\/span> lyon &#8211; <span class=\"PkjLuf \" title=\"pop-up store concept\">pop-up store concept &#8211; <span class=\"PkjLuf \" title=\"th\u00e9atralisation magasin\">th\u00e9atralisation magasin<\/span> &#8211; <span class=\"PkjLuf \" title=\"magasin \u00e9ph\u00e9m\u00e8re exemple\">magasin \u00e9ph\u00e9m\u00e8re exemple Gen\u00e8ve &#8211; <span class=\"PkjLuf \" title=\"pop up store design\">pop up store design<\/span> &#8211; op\u00e9ration <span class=\"PkjLuf \" title=\"pop up store design\">in-store &#8211; exemple concept shop in shop &#8211; <span class=\"PkjLuf \" title=\"magasin pop up paris\">magasin pop up paris.<\/span><\/span><\/span><br \/>\n<\/span><\/span><\/span><\/span><\/span><\/span><\/em><\/span><\/p>\n","protected":false},"excerpt":{"rendered":"","protected":false},"author":1,"featured_media":0,"parent":7962,"menu_order":0,"comment_status":"closed","ping_status":"closed","template":"","meta":[],"yoast_head":"<!-- This site is optimized with the Yoast SEO plugin v17.9 - https:\/\/yoast.com\/wordpress\/plugins\/seo\/ -->\n<title>DEVIS \/ Tarifs Sc\u00e9nographie \u00e9v\u00e9nementielle - conception stands, Pop-up stores<\/title>\n<meta name=\"description\" content=\"Devis &amp; tarifs pour la conception d\u2019une sc\u00e9nographie \u00e9v\u00e9nementielle type stands, Magasin \u00e9ph\u00e9m\u00e8re ou Pop-up store ? Devis Tarifs Sc\u00e9nographie \u00e9v\u00e9nementielle\" \/>\n<meta name=\"robots\" content=\"index, follow, max-snippet:-1, max-image-preview:large, max-video-preview:-1\" \/>\n<link rel=\"canonical\" href=\"https:\/\/nyanpereira.fr\/dessinateur\/devis-en-ligne\/devis-tarifs-scenographie-conception-stands-pop-up-store-decors-cinema\/\" \/>\n<meta property=\"og:locale\" content=\"fr_FR\" \/>\n<meta property=\"og:type\" content=\"article\" \/>\n<meta property=\"og:title\" content=\"DEVIS \/ Tarifs Sc\u00e9nographie \u00e9v\u00e9nementielle - conception stands, Pop-up stores\" \/>\n<meta property=\"og:description\" content=\"Devis &amp; tarifs pour la conception d\u2019une sc\u00e9nographie \u00e9v\u00e9nementielle type stands, Magasin \u00e9ph\u00e9m\u00e8re ou Pop-up store ? Devis Tarifs Sc\u00e9nographie \u00e9v\u00e9nementielle\" \/>\n<meta property=\"og:url\" content=\"https:\/\/nyanpereira.fr\/dessinateur\/devis-en-ligne\/devis-tarifs-scenographie-conception-stands-pop-up-store-decors-cinema\/\" \/>\n<meta property=\"og:site_name\" content=\"Service Cr\u00e9atif &amp; Pr\u00e9sentation Artistique\" \/>\n<meta property=\"article:modified_time\" content=\"2021-04-30T12:40:56+00:00\" \/>\n<meta property=\"og:image\" content=\"https:\/\/nyanpereira.fr\/dessinateur\/wp-content\/uploads\/2020\/04\/Devis.tarif_.scenographie.pop-up.store_.scenographe.freelance.2.jpg\" \/>\n<meta name=\"twitter:card\" content=\"summary_large_image\" \/>\n<meta name=\"twitter:label1\" content=\"Dur\u00e9e de lecture estim\u00e9e\" \/>\n\t<meta name=\"twitter:data1\" content=\"4 minutes\" \/>\n<script type=\"application\/ld+json\" class=\"yoast-schema-graph\">{\"@context\":\"https:\/\/schema.org\",\"@graph\":[{\"@type\":\"Organization\",\"@id\":\"https:\/\/nyanpereira.fr\/dessinateur\/#organization\",\"name\":\"storyboarder Freelance\",\"url\":\"https:\/\/nyanpereira.fr\/dessinateur\/\",\"sameAs\":[],\"logo\":{\"@type\":\"ImageObject\",\"@id\":\"https:\/\/nyanpereira.fr\/dessinateur\/#logo\",\"inLanguage\":\"fr-FR\",\"url\":\"\",\"contentUrl\":\"\",\"caption\":\"storyboarder Freelance\"},\"image\":{\"@id\":\"https:\/\/nyanpereira.fr\/dessinateur\/#logo\"}},{\"@type\":\"WebSite\",\"@id\":\"https:\/\/nyanpereira.fr\/dessinateur\/#website\",\"url\":\"https:\/\/nyanpereira.fr\/dessinateur\/\",\"name\":\"Service Cr\\u00e9atif &amp; Pr\\u00e9sentation Artistique\",\"description\":\"Roughs, Storyboard, Antimatic &amp; Photomontage\",\"publisher\":{\"@id\":\"https:\/\/nyanpereira.fr\/dessinateur\/#organization\"},\"potentialAction\":[{\"@type\":\"SearchAction\",\"target\":{\"@type\":\"EntryPoint\",\"urlTemplate\":\"https:\/\/nyanpereira.fr\/dessinateur\/?s={search_term_string}\"},\"query-input\":\"required name=search_term_string\"}],\"inLanguage\":\"fr-FR\"},{\"@type\":\"ImageObject\",\"@id\":\"https:\/\/nyanpereira.fr\/dessinateur\/devis-en-ligne\/devis-tarifs-scenographie-conception-stands-pop-up-store-decors-cinema\/#primaryimage\",\"inLanguage\":\"fr-FR\",\"url\":\"https:\/\/nyanpereira.fr\/dessinateur\/wp-content\/uploads\/2020\/04\/Devis.tarif_.scenographie.pop-up.store_.scenographe.freelance.2.jpg\",\"contentUrl\":\"https:\/\/nyanpereira.fr\/dessinateur\/wp-content\/uploads\/2020\/04\/Devis.tarif_.scenographie.pop-up.store_.scenographe.freelance.2.jpg\",\"width\":1000,\"height\":319,\"caption\":\"Sephora Devis.tarif.scenographie.pop-up.store.scenographe.freelance\"},{\"@type\":\"WebPage\",\"@id\":\"https:\/\/nyanpereira.fr\/dessinateur\/devis-en-ligne\/devis-tarifs-scenographie-conception-stands-pop-up-store-decors-cinema\/#webpage\",\"url\":\"https:\/\/nyanpereira.fr\/dessinateur\/devis-en-ligne\/devis-tarifs-scenographie-conception-stands-pop-up-store-decors-cinema\/\",\"name\":\"DEVIS \/ Tarifs Sc\\u00e9nographie \\u00e9v\\u00e9nementielle - conception stands, Pop-up stores\",\"isPartOf\":{\"@id\":\"https:\/\/nyanpereira.fr\/dessinateur\/#website\"},\"primaryImageOfPage\":{\"@id\":\"https:\/\/nyanpereira.fr\/dessinateur\/devis-en-ligne\/devis-tarifs-scenographie-conception-stands-pop-up-store-decors-cinema\/#primaryimage\"},\"datePublished\":\"2020-04-07T17:48:28+00:00\",\"dateModified\":\"2021-04-30T12:40:56+00:00\",\"description\":\"Devis & tarifs pour la conception d\\u2019une sc\\u00e9nographie \\u00e9v\\u00e9nementielle type stands, Magasin \\u00e9ph\\u00e9m\\u00e8re ou Pop-up store ? Devis Tarifs Sc\\u00e9nographie \\u00e9v\\u00e9nementielle\",\"breadcrumb\":{\"@id\":\"https:\/\/nyanpereira.fr\/dessinateur\/devis-en-ligne\/devis-tarifs-scenographie-conception-stands-pop-up-store-decors-cinema\/#breadcrumb\"},\"inLanguage\":\"fr-FR\",\"potentialAction\":[{\"@type\":\"ReadAction\",\"target\":[\"https:\/\/nyanpereira.fr\/dessinateur\/devis-en-ligne\/devis-tarifs-scenographie-conception-stands-pop-up-store-decors-cinema\/\"]}]},{\"@type\":\"BreadcrumbList\",\"@id\":\"https:\/\/nyanpereira.fr\/dessinateur\/devis-en-ligne\/devis-tarifs-scenographie-conception-stands-pop-up-store-decors-cinema\/#breadcrumb\",\"itemListElement\":[{\"@type\":\"ListItem\",\"position\":1,\"name\":\"Accueil\",\"item\":\"https:\/\/nyanpereira.fr\/dessinateur\/\"},{\"@type\":\"ListItem\",\"position\":2,\"name\":\"DEVIS en ligne\",\"item\":\"https:\/\/nyanpereira.fr\/dessinateur\/devis-en-ligne\/\"},{\"@type\":\"ListItem\",\"position\":3,\"name\":\"DEVIS \/ Tarifs Sc\\u00e9nographie \\u00e9v\\u00e9nementielle\"}]}]}<\/script>\n<!-- \/ Yoast SEO plugin. -->","yoast_head_json":{"title":"DEVIS \/ Tarifs Sc\u00e9nographie \u00e9v\u00e9nementielle - conception stands, Pop-up stores","description":"Devis & tarifs pour la conception d\u2019une sc\u00e9nographie \u00e9v\u00e9nementielle type stands, Magasin \u00e9ph\u00e9m\u00e8re ou Pop-up store ? Devis Tarifs Sc\u00e9nographie \u00e9v\u00e9nementielle","robots":{"index":"index","follow":"follow","max-snippet":"max-snippet:-1","max-image-preview":"max-image-preview:large","max-video-preview":"max-video-preview:-1"},"canonical":"https:\/\/nyanpereira.fr\/dessinateur\/devis-en-ligne\/devis-tarifs-scenographie-conception-stands-pop-up-store-decors-cinema\/","og_locale":"fr_FR","og_type":"article","og_title":"DEVIS \/ Tarifs Sc\u00e9nographie \u00e9v\u00e9nementielle - conception stands, Pop-up stores","og_description":"Devis & tarifs pour la conception d\u2019une sc\u00e9nographie \u00e9v\u00e9nementielle type stands, Magasin \u00e9ph\u00e9m\u00e8re ou Pop-up store ? Devis Tarifs Sc\u00e9nographie \u00e9v\u00e9nementielle","og_url":"https:\/\/nyanpereira.fr\/dessinateur\/devis-en-ligne\/devis-tarifs-scenographie-conception-stands-pop-up-store-decors-cinema\/","og_site_name":"Service Cr\u00e9atif &amp; Pr\u00e9sentation Artistique","article_modified_time":"2021-04-30T12:40:56+00:00","og_image":[{"url":"https:\/\/nyanpereira.fr\/dessinateur\/wp-content\/uploads\/2020\/04\/Devis.tarif_.scenographie.pop-up.store_.scenographe.freelance.2.jpg"}],"twitter_card":"summary_large_image","twitter_misc":{"Dur\u00e9e de lecture estim\u00e9e":"4 minutes"},"schema":{"@context":"https:\/\/schema.org","@graph":[{"@type":"Organization","@id":"https:\/\/nyanpereira.fr\/dessinateur\/#organization","name":"storyboarder Freelance","url":"https:\/\/nyanpereira.fr\/dessinateur\/","sameAs":[],"logo":{"@type":"ImageObject","@id":"https:\/\/nyanpereira.fr\/dessinateur\/#logo","inLanguage":"fr-FR","url":"","contentUrl":"","caption":"storyboarder Freelance"},"image":{"@id":"https:\/\/nyanpereira.fr\/dessinateur\/#logo"}},{"@type":"WebSite","@id":"https:\/\/nyanpereira.fr\/dessinateur\/#website","url":"https:\/\/nyanpereira.fr\/dessinateur\/","name":"Service Cr\u00e9atif &amp; Pr\u00e9sentation Artistique","description":"Roughs, Storyboard, Antimatic &amp; Photomontage","publisher":{"@id":"https:\/\/nyanpereira.fr\/dessinateur\/#organization"},"potentialAction":[{"@type":"SearchAction","target":{"@type":"EntryPoint","urlTemplate":"https:\/\/nyanpereira.fr\/dessinateur\/?s={search_term_string}"},"query-input":"required name=search_term_string"}],"inLanguage":"fr-FR"},{"@type":"ImageObject","@id":"https:\/\/nyanpereira.fr\/dessinateur\/devis-en-ligne\/devis-tarifs-scenographie-conception-stands-pop-up-store-decors-cinema\/#primaryimage","inLanguage":"fr-FR","url":"https:\/\/nyanpereira.fr\/dessinateur\/wp-content\/uploads\/2020\/04\/Devis.tarif_.scenographie.pop-up.store_.scenographe.freelance.2.jpg","contentUrl":"https:\/\/nyanpereira.fr\/dessinateur\/wp-content\/uploads\/2020\/04\/Devis.tarif_.scenographie.pop-up.store_.scenographe.freelance.2.jpg","width":1000,"height":319,"caption":"Sephora Devis.tarif.scenographie.pop-up.store.scenographe.freelance"},{"@type":"WebPage","@id":"https:\/\/nyanpereira.fr\/dessinateur\/devis-en-ligne\/devis-tarifs-scenographie-conception-stands-pop-up-store-decors-cinema\/#webpage","url":"https:\/\/nyanpereira.fr\/dessinateur\/devis-en-ligne\/devis-tarifs-scenographie-conception-stands-pop-up-store-decors-cinema\/","name":"DEVIS \/ Tarifs Sc\u00e9nographie \u00e9v\u00e9nementielle - conception stands, Pop-up stores","isPartOf":{"@id":"https:\/\/nyanpereira.fr\/dessinateur\/#website"},"primaryImageOfPage":{"@id":"https:\/\/nyanpereira.fr\/dessinateur\/devis-en-ligne\/devis-tarifs-scenographie-conception-stands-pop-up-store-decors-cinema\/#primaryimage"},"datePublished":"2020-04-07T17:48:28+00:00","dateModified":"2021-04-30T12:40:56+00:00","description":"Devis & tarifs pour la conception d\u2019une sc\u00e9nographie \u00e9v\u00e9nementielle type stands, Magasin \u00e9ph\u00e9m\u00e8re ou Pop-up store ? Devis Tarifs Sc\u00e9nographie \u00e9v\u00e9nementielle","breadcrumb":{"@id":"https:\/\/nyanpereira.fr\/dessinateur\/devis-en-ligne\/devis-tarifs-scenographie-conception-stands-pop-up-store-decors-cinema\/#breadcrumb"},"inLanguage":"fr-FR","potentialAction":[{"@type":"ReadAction","target":["https:\/\/nyanpereira.fr\/dessinateur\/devis-en-ligne\/devis-tarifs-scenographie-conception-stands-pop-up-store-decors-cinema\/"]}]},{"@type":"BreadcrumbList","@id":"https:\/\/nyanpereira.fr\/dessinateur\/devis-en-ligne\/devis-tarifs-scenographie-conception-stands-pop-up-store-decors-cinema\/#breadcrumb","itemListElement":[{"@type":"ListItem","position":1,"name":"Accueil","item":"https:\/\/nyanpereira.fr\/dessinateur\/"},{"@type":"ListItem","position":2,"name":"DEVIS en ligne","item":"https:\/\/nyanpereira.fr\/dessinateur\/devis-en-ligne\/"},{"@type":"ListItem","position":3,"name":"DEVIS \/ Tarifs Sc\u00e9nographie \u00e9v\u00e9nementielle"}]}]}},"_links":{"self":[{"href":"https:\/\/nyanpereira.fr\/dessinateur\/wp-json\/wp\/v2\/pages\/7992"}],"collection":[{"href":"https:\/\/nyanpereira.fr\/dessinateur\/wp-json\/wp\/v2\/pages"}],"about":[{"href":"https:\/\/nyanpereira.fr\/dessinateur\/wp-json\/wp\/v2\/types\/page"}],"author":[{"embeddable":true,"href":"https:\/\/nyanpereira.fr\/dessinateur\/wp-json\/wp\/v2\/users\/1"}],"replies":[{"embeddable":true,"href":"https:\/\/nyanpereira.fr\/dessinateur\/wp-json\/wp\/v2\/comments?post=7992"}],"version-history":[{"count":23,"href":"https:\/\/nyanpereira.fr\/dessinateur\/wp-json\/wp\/v2\/pages\/7992\/revisions"}],"predecessor-version":[{"id":9612,"href":"https:\/\/nyanpereira.fr\/dessinateur\/wp-json\/wp\/v2\/pages\/7992\/revisions\/9612"}],"up":[{"embeddable":true,"href":"https:\/\/nyanpereira.fr\/dessinateur\/wp-json\/wp\/v2\/pages\/7962"}],"wp:attachment":[{"href":"https:\/\/nyanpereira.fr\/dessinateur\/wp-json\/wp\/v2\/media?parent=7992"}],"curies":[{"name":"wp","href":"https:\/\/api.w.org\/{rel}","templated":true}]}}