{"id":7403,"date":"2020-03-06T15:07:10","date_gmt":"2020-03-06T14:07:10","guid":{"rendered":"https:\/\/preprod.nyanpereira.fr\/?page_id=7403"},"modified":"2021-04-20T13:28:50","modified_gmt":"2021-04-20T12:28:50","slug":"llustration-decor-film-cinema-dessin-chef-decorateur","status":"publish","type":"page","link":"https:\/\/nyanpereira.fr\/dessinateur\/gallery\/llustration-decor-film-cinema-dessin-chef-decorateur\/","title":{"rendered":"Illustration pour les d\u00e9cors de films"},"content":{"rendered":"<div  class=\"one withsmallpadding ppb_header \" style=\"text-align:center;padding:30px 0 30px 0;\" >\n<div class=\"standard_wrapper\">\n<div class=\"page_content_wrapper\">\n<div class=\"inner\">\n<div style=\"margin:auto;width:100%\">\n<div class=\"ppb_subtitle\" style=\"\">makingoff cinema dessin, Illustrations costume, cliparts, storyboard.. les techniques des plus grands films publicitaire !<\/div>\n<h2 class=\"ppb_title\" style=\"\">D\u00e9cor de publicit\u00e9, de film et de Sp\u00e9ciales<\/h2>\n<hr class=\"title_break center\" style=\"\"\/>\n<div class=\"ppb_header_content\"><a class=\"button small \" onclick=\"window.open('https:\/\/nyanpereira.fr\/dessinateur\/devis-en-ligne\/tarifs-creation-rough-storyboard-freelance\/', '_self')\">Demander un devis en ligne.<\/a>\n<\/div>\n<\/div>\n<\/div>\n<\/div>\n<\/div>\n<\/div>\n<div  class=\"one\">\n<div class=\"standard_wrapper\">\n<div id=\"1618921730759547955\" class=\"portfolio_filter_wrapper portfolio-content content gallery four_cols contain\" data-columns=\"4\">\n<div class=\"element masonry  classic4_cols kenburns\">\n<div class=\"one_fourth gallery4 static filterable gallery_type animated1\"><a data-rel=\"photography_gallery_5854\" data-title=\"\" data-desc=\"\" data-thumb=\"https:\/\/nyanpereira.fr\/dessinateur\/wp-content\/uploads\/2020\/01\/03.llustration.decor_.film_.policier.cinema.serie_.canal_.assistant.de\u0301corateur.freelance.2-min-206x300.jpg\" href=\"https:\/\/nyanpereira.fr\/dessinateur\/wp-content\/uploads\/2020\/01\/03.llustration.decor_.film_.policier.cinema.serie_.canal_.assistant.de\u0301corateur.freelance.2-min.jpg\"  class=\"fancy-gallery\"><img src=\"https:\/\/nyanpereira.fr\/dessinateur\/wp-content\/uploads\/2020\/01\/03.llustration.decor_.film_.policier.cinema.serie_.canal_.assistant.de\u0301corateur.freelance.2-min.jpg\" alt=\"\" class=\"preview\"\/><\/a><\/div>\n<\/div>\n<div class=\"element masonry  classic4_cols kenburns\">\n<div class=\"one_fourth gallery4 static filterable gallery_type animated2\"><a data-rel=\"photography_gallery_5854\" data-title=\"\" data-desc=\"\" data-thumb=\"https:\/\/nyanpereira.fr\/dessinateur\/wp-content\/uploads\/2020\/02\/06.scenographie.spectacle.costume.scenographe.professionel.thetralisation.cinema.Paris8_-206x300.jpg\" href=\"https:\/\/nyanpereira.fr\/dessinateur\/wp-content\/uploads\/2020\/02\/06.scenographie.spectacle.costume.scenographe.professionel.thetralisation.cinema.Paris8_.jpg\"  class=\"fancy-gallery\"><img src=\"https:\/\/nyanpereira.fr\/dessinateur\/wp-content\/uploads\/2020\/02\/06.scenographie.spectacle.costume.scenographe.professionel.thetralisation.cinema.Paris8_.jpg\" alt=\"\" class=\"preview\"\/><\/a><\/div>\n<\/div>\n<div class=\"element masonry  classic4_cols kenburns\">\n<div class=\"one_fourth gallery4 static filterable gallery_type animated3\"><a data-rel=\"photography_gallery_5854\" data-title=\"\" data-desc=\"\" data-thumb=\"https:\/\/nyanpereira.fr\/dessinateur\/wp-content\/uploads\/2020\/02\/06.scenographie.spectacle.costume.scenographe.professionel.thetralisation.cinema.Paris9_-206x300.jpg\" href=\"https:\/\/nyanpereira.fr\/dessinateur\/wp-content\/uploads\/2020\/02\/06.scenographie.spectacle.costume.scenographe.professionel.thetralisation.cinema.Paris9_.jpg\"  class=\"fancy-gallery\"><img src=\"https:\/\/nyanpereira.fr\/dessinateur\/wp-content\/uploads\/2020\/02\/06.scenographie.spectacle.costume.scenographe.professionel.thetralisation.cinema.Paris9_.jpg\" alt=\"\" class=\"preview\"\/><\/a><\/div>\n<\/div>\n<div class=\"element masonry  classic4_cols kenburns\">\n<div class=\"one_fourth gallery4 static filterable gallery_type animated4\"><a data-rel=\"photography_gallery_5854\" data-title=\"\" data-desc=\"\" data-thumb=\"https:\/\/nyanpereira.fr\/dessinateur\/wp-content\/uploads\/2020\/02\/06.scenographie.spectacle.costume.scenographe.professionel.thetralisation.cinema.Paris11-206x300.jpg\" href=\"https:\/\/nyanpereira.fr\/dessinateur\/wp-content\/uploads\/2020\/02\/06.scenographie.spectacle.costume.scenographe.professionel.thetralisation.cinema.Paris11.jpg\"  class=\"fancy-gallery\"><img src=\"https:\/\/nyanpereira.fr\/dessinateur\/wp-content\/uploads\/2020\/02\/06.scenographie.spectacle.costume.scenographe.professionel.thetralisation.cinema.Paris11.jpg\" alt=\"\" class=\"preview\"\/><\/a><\/div>\n<\/div>\n<div class=\"element masonry  classic4_cols kenburns\">\n<div class=\"one_fourth gallery4 static filterable gallery_type animated5\"><a data-rel=\"photography_gallery_5854\" data-title=\"\" data-desc=\"\" data-thumb=\"https:\/\/nyanpereira.fr\/dessinateur\/wp-content\/uploads\/2020\/02\/06.scenographie.spectacle.costume.scenographe.professionel.thetralisation.cinema.Paris12-206x300.jpg\" href=\"https:\/\/nyanpereira.fr\/dessinateur\/wp-content\/uploads\/2020\/02\/06.scenographie.spectacle.costume.scenographe.professionel.thetralisation.cinema.Paris12.jpg\"  class=\"fancy-gallery\"><img src=\"https:\/\/nyanpereira.fr\/dessinateur\/wp-content\/uploads\/2020\/02\/06.scenographie.spectacle.costume.scenographe.professionel.thetralisation.cinema.Paris12.jpg\" alt=\"\" class=\"preview\"\/><\/a><\/div>\n<\/div>\n<div class=\"element masonry  classic4_cols kenburns\">\n<div class=\"one_fourth gallery4 static filterable gallery_type animated6\"><a data-rel=\"photography_gallery_5854\" data-title=\"\" data-desc=\"\" data-thumb=\"https:\/\/nyanpereira.fr\/dessinateur\/wp-content\/uploads\/2020\/02\/06.scenographie.spectacle.costume.scenographe.professionel.thetralisation.cinema.Paris10-206x300.jpg\" href=\"https:\/\/nyanpereira.fr\/dessinateur\/wp-content\/uploads\/2020\/02\/06.scenographie.spectacle.costume.scenographe.professionel.thetralisation.cinema.Paris10.jpg\"  class=\"fancy-gallery\"><img src=\"https:\/\/nyanpereira.fr\/dessinateur\/wp-content\/uploads\/2020\/02\/06.scenographie.spectacle.costume.scenographe.professionel.thetralisation.cinema.Paris10.jpg\" alt=\"\" class=\"preview\"\/><\/a><\/div>\n<\/div>\n<div class=\"element masonry  classic4_cols kenburns\">\n<div class=\"one_fourth gallery4 static filterable gallery_type animated7\"><a data-rel=\"photography_gallery_5854\" data-title=\"\" data-desc=\"\" data-thumb=\"https:\/\/nyanpereira.fr\/dessinateur\/wp-content\/uploads\/2020\/02\/06.scenographie.spectacle.costume.scenographe.professionel.thetralisation.cinema.Paris7_-206x300.jpg\" href=\"https:\/\/nyanpereira.fr\/dessinateur\/wp-content\/uploads\/2020\/02\/06.scenographie.spectacle.costume.scenographe.professionel.thetralisation.cinema.Paris7_.jpg\"  class=\"fancy-gallery\"><img src=\"https:\/\/nyanpereira.fr\/dessinateur\/wp-content\/uploads\/2020\/02\/06.scenographie.spectacle.costume.scenographe.professionel.thetralisation.cinema.Paris7_.jpg\" alt=\"\" class=\"preview\"\/><\/a><\/div>\n<\/div>\n<div class=\"element masonry  classic4_cols kenburns\">\n<div class=\"one_fourth gallery4 static filterable gallery_type animated8\"><a data-rel=\"photography_gallery_5854\" data-title=\"\" data-desc=\"\" data-thumb=\"https:\/\/nyanpereira.fr\/dessinateur\/wp-content\/uploads\/2020\/02\/06.scenographie.spectacle.costume.scenographe.professionel.thetralisation.cinema.Paris3_-206x300.jpg\" href=\"https:\/\/nyanpereira.fr\/dessinateur\/wp-content\/uploads\/2020\/02\/06.scenographie.spectacle.costume.scenographe.professionel.thetralisation.cinema.Paris3_.jpg\"  class=\"fancy-gallery\"><img src=\"https:\/\/nyanpereira.fr\/dessinateur\/wp-content\/uploads\/2020\/02\/06.scenographie.spectacle.costume.scenographe.professionel.thetralisation.cinema.Paris3_.jpg\" alt=\"\" class=\"preview\"\/><\/a><\/div>\n<\/div>\n<div class=\"element masonry  classic4_cols kenburns\">\n<div class=\"one_fourth gallery4 static filterable gallery_type animated9\"><a data-rel=\"photography_gallery_5854\" data-title=\"\" data-desc=\"\" data-thumb=\"https:\/\/nyanpereira.fr\/dessinateur\/wp-content\/uploads\/2020\/02\/06.scenographie.spectacle.costume.scenographe.professionel.thetralisation.cinema.Paris2_-206x300.jpg\" href=\"https:\/\/nyanpereira.fr\/dessinateur\/wp-content\/uploads\/2020\/02\/06.scenographie.spectacle.costume.scenographe.professionel.thetralisation.cinema.Paris2_.jpg\"  class=\"fancy-gallery\"><img src=\"https:\/\/nyanpereira.fr\/dessinateur\/wp-content\/uploads\/2020\/02\/06.scenographie.spectacle.costume.scenographe.professionel.thetralisation.cinema.Paris2_.jpg\" alt=\"\" class=\"preview\"\/><\/a><\/div>\n<\/div>\n<div class=\"element masonry  classic4_cols kenburns\">\n<div class=\"one_fourth gallery4 static filterable gallery_type animated10\"><a data-rel=\"photography_gallery_5854\" data-title=\"\" data-desc=\"\" data-thumb=\"https:\/\/nyanpereira.fr\/dessinateur\/wp-content\/uploads\/2020\/02\/06.scenographie.spectacle.costume.scenographe.professionel.thetralisation.cinema.Paris5_-206x300.jpg\" href=\"https:\/\/nyanpereira.fr\/dessinateur\/wp-content\/uploads\/2020\/02\/06.scenographie.spectacle.costume.scenographe.professionel.thetralisation.cinema.Paris5_.jpg\"  class=\"fancy-gallery\"><img src=\"https:\/\/nyanpereira.fr\/dessinateur\/wp-content\/uploads\/2020\/02\/06.scenographie.spectacle.costume.scenographe.professionel.thetralisation.cinema.Paris5_.jpg\" alt=\"\" class=\"preview\"\/><\/a><\/div>\n<\/div>\n<div class=\"element masonry  classic4_cols kenburns\">\n<div class=\"one_fourth gallery4 static filterable gallery_type animated11\"><a data-rel=\"photography_gallery_5854\" data-title=\"\" data-desc=\"\" data-thumb=\"https:\/\/nyanpereira.fr\/dessinateur\/wp-content\/uploads\/2020\/02\/06.scenographie.spectacle.costume.scenographe.professionel.thetralisation.cinema.Paris4_-206x300.jpg\" href=\"https:\/\/nyanpereira.fr\/dessinateur\/wp-content\/uploads\/2020\/02\/06.scenographie.spectacle.costume.scenographe.professionel.thetralisation.cinema.Paris4_.jpg\"  class=\"fancy-gallery\"><img src=\"https:\/\/nyanpereira.fr\/dessinateur\/wp-content\/uploads\/2020\/02\/06.scenographie.spectacle.costume.scenographe.professionel.thetralisation.cinema.Paris4_.jpg\" alt=\"\" class=\"preview\"\/><\/a><\/div>\n<\/div>\n<div class=\"element masonry  classic4_cols kenburns\">\n<div class=\"one_fourth gallery4 static filterable gallery_type animated12\"><a data-rel=\"photography_gallery_5854\" data-title=\"\" data-desc=\"\" data-thumb=\"https:\/\/nyanpereira.fr\/dessinateur\/wp-content\/uploads\/2020\/02\/06.scenographie.spectacle.costume.scenographe.professionel.thetralisation.cinema.Paris_-206x300.jpg\" href=\"https:\/\/nyanpereira.fr\/dessinateur\/wp-content\/uploads\/2020\/02\/06.scenographie.spectacle.costume.scenographe.professionel.thetralisation.cinema.Paris_.jpg\"  class=\"fancy-gallery\"><img src=\"https:\/\/nyanpereira.fr\/dessinateur\/wp-content\/uploads\/2020\/02\/06.scenographie.spectacle.costume.scenographe.professionel.thetralisation.cinema.Paris_.jpg\" alt=\"\" class=\"preview\"\/><\/a><\/div>\n<\/div>\n<div class=\"element masonry  classic4_cols kenburns\">\n<div class=\"one_fourth gallery4 static filterable gallery_type animated13\"><a data-rel=\"photography_gallery_5854\" data-title=\"\" data-desc=\"\" data-thumb=\"https:\/\/nyanpereira.fr\/dessinateur\/wp-content\/uploads\/2020\/02\/06.scenographie.spectacle.costume.scenographe.professionel.thetralisation.cinema.Paris6_-206x300.jpg\" href=\"https:\/\/nyanpereira.fr\/dessinateur\/wp-content\/uploads\/2020\/02\/06.scenographie.spectacle.costume.scenographe.professionel.thetralisation.cinema.Paris6_.jpg\"  class=\"fancy-gallery\"><img src=\"https:\/\/nyanpereira.fr\/dessinateur\/wp-content\/uploads\/2020\/02\/06.scenographie.spectacle.costume.scenographe.professionel.thetralisation.cinema.Paris6_.jpg\" alt=\"\" class=\"preview\"\/><\/a><\/div>\n<\/div>\n<div class=\"element masonry  classic4_cols kenburns\">\n<div class=\"one_fourth gallery4 static filterable gallery_type animated14\"><a data-rel=\"photography_gallery_5854\" data-title=\"\" data-desc=\"\" data-thumb=\"https:\/\/nyanpereira.fr\/dessinateur\/wp-content\/uploads\/2020\/02\/10.Photomontage.phtographe.studio.freelance.paris_.spectacle.publicite.france.paris11-min-206x300.jpg\" href=\"https:\/\/nyanpereira.fr\/dessinateur\/wp-content\/uploads\/2020\/02\/10.Photomontage.phtographe.studio.freelance.paris_.spectacle.publicite.france.paris11-min.jpg\"  class=\"fancy-gallery\"><img src=\"https:\/\/nyanpereira.fr\/dessinateur\/wp-content\/uploads\/2020\/02\/10.Photomontage.phtographe.studio.freelance.paris_.spectacle.publicite.france.paris11-min.jpg\" alt=\"photo manipulation sc\u00e9nographie cointreau\" class=\"preview\"\/><\/a><\/div>\n<\/div>\n<div class=\"element masonry  classic4_cols kenburns\">\n<div class=\"one_fourth gallery4 static filterable gallery_type animated15\"><a data-rel=\"photography_gallery_5854\" data-title=\"\" data-desc=\"\" data-thumb=\"https:\/\/nyanpereira.fr\/dessinateur\/wp-content\/uploads\/2020\/02\/10.Photomontage.phtographe.studio.freelance.paris_.spectacle.publicite.france.paris10-min-206x300.jpg\" href=\"https:\/\/nyanpereira.fr\/dessinateur\/wp-content\/uploads\/2020\/02\/10.Photomontage.phtographe.studio.freelance.paris_.spectacle.publicite.france.paris10-min.jpg\"  class=\"fancy-gallery\"><img src=\"https:\/\/nyanpereira.fr\/dessinateur\/wp-content\/uploads\/2020\/02\/10.Photomontage.phtographe.studio.freelance.paris_.spectacle.publicite.france.paris10-min.jpg\" alt=\"photo manipulation sc\u00e9nographie cointreau\" class=\"preview\"\/><\/a><\/div>\n<\/div>\n<div class=\"element masonry  classic4_cols kenburns\">\n<div class=\"one_fourth gallery4 static filterable gallery_type animated16\"><a data-rel=\"photography_gallery_5854\" data-title=\"\" data-desc=\"\" data-thumb=\"https:\/\/nyanpereira.fr\/dessinateur\/wp-content\/uploads\/2020\/04\/21.devis_.tarif_.photomontage.pub_.retouche.poste_.production.numerique.photographe.freelance.publicite.Paris-min-206x300.jpg\" href=\"https:\/\/nyanpereira.fr\/dessinateur\/wp-content\/uploads\/2020\/04\/21.devis_.tarif_.photomontage.pub_.retouche.poste_.production.numerique.photographe.freelance.publicite.Paris-min.jpg\"  class=\"fancy-gallery\"><img src=\"https:\/\/nyanpereira.fr\/dessinateur\/wp-content\/uploads\/2020\/04\/21.devis_.tarif_.photomontage.pub_.retouche.poste_.production.numerique.photographe.freelance.publicite.Paris-min.jpg\" alt=\"PHOTOMONTAGE publicitaire Photo Manipulation studio\" class=\"preview\"\/><\/a><\/div>\n<\/div>\n<div class=\"element masonry  classic4_cols kenburns\">\n<div class=\"one_fourth gallery4 static filterable gallery_type animated17\"><a data-rel=\"photography_gallery_5854\" data-title=\"\" data-desc=\"\" data-thumb=\"https:\/\/nyanpereira.fr\/dessinateur\/wp-content\/uploads\/2020\/02\/02.llustration.decor_.film_.policier.cinema.serie_.canal_.assistant.de\u0301corateur.freelance-206x300.jpg\" href=\"https:\/\/nyanpereira.fr\/dessinateur\/wp-content\/uploads\/2020\/02\/02.llustration.decor_.film_.policier.cinema.serie_.canal_.assistant.de\u0301corateur.freelance.jpg\"  class=\"fancy-gallery\"><img src=\"https:\/\/nyanpereira.fr\/dessinateur\/wp-content\/uploads\/2020\/02\/02.llustration.decor_.film_.policier.cinema.serie_.canal_.assistant.de\u0301corateur.freelance.jpg\" alt=\"llustration-decor-film-speciale-dessin-chef-decorateur\" class=\"preview\"\/><\/a><\/div>\n<\/div>\n<div class=\"element masonry  classic4_cols kenburns\">\n<div class=\"one_fourth gallery4 static filterable gallery_type animated18\"><a data-rel=\"photography_gallery_5854\" data-title=\"\" data-desc=\"\" data-thumb=\"https:\/\/nyanpereira.fr\/dessinateur\/wp-content\/uploads\/2020\/02\/01.llustration.decor_.film_.policier.cinema.serie_.canal_.assistant.de\u0301corateur.freelance-206x300.jpg\" href=\"https:\/\/nyanpereira.fr\/dessinateur\/wp-content\/uploads\/2020\/02\/01.llustration.decor_.film_.policier.cinema.serie_.canal_.assistant.de\u0301corateur.freelance.jpg\"  class=\"fancy-gallery\"><img src=\"https:\/\/nyanpereira.fr\/dessinateur\/wp-content\/uploads\/2020\/02\/01.llustration.decor_.film_.policier.cinema.serie_.canal_.assistant.de\u0301corateur.freelance.jpg\" alt=\"llustration-decor-film-speciale-dessin-chef-decorateur\" class=\"preview\"\/><\/a><\/div>\n<\/div>\n<div class=\"element masonry  classic4_cols kenburns\">\n<div class=\"one_fourth gallery4 static filterable gallery_type animated19\"><a data-rel=\"photography_gallery_5854\" data-title=\"\" data-desc=\"\" data-thumb=\"https:\/\/nyanpereira.fr\/dessinateur\/wp-content\/uploads\/2020\/02\/03.llustration.decor_.film_.policier.cinema.serie_.canal_.assistant.de\u0301corateur.freelance-206x300.jpg\" href=\"https:\/\/nyanpereira.fr\/dessinateur\/wp-content\/uploads\/2020\/02\/03.llustration.decor_.film_.policier.cinema.serie_.canal_.assistant.de\u0301corateur.freelance.jpg\"  class=\"fancy-gallery\"><img src=\"https:\/\/nyanpereira.fr\/dessinateur\/wp-content\/uploads\/2020\/02\/03.llustration.decor_.film_.policier.cinema.serie_.canal_.assistant.de\u0301corateur.freelance.jpg\" alt=\"llustration-decor-film-speciale-dessin-chef-decorateur\" class=\"preview\"\/><\/a><\/div>\n<\/div>\n<div class=\"element masonry  classic4_cols kenburns\">\n<div class=\"one_fourth gallery4 static filterable gallery_type animated20\"><a data-rel=\"photography_gallery_5854\" data-title=\"\" data-desc=\"\" data-thumb=\"https:\/\/nyanpereira.fr\/dessinateur\/wp-content\/uploads\/2020\/02\/roughman.Design.mobilier.designer.interieur.meuble.sur-mesure.chef_.deco_.decor_.cinema7-min-206x300.jpg\" href=\"https:\/\/nyanpereira.fr\/dessinateur\/wp-content\/uploads\/2020\/02\/roughman.Design.mobilier.designer.interieur.meuble.sur-mesure.chef_.deco_.decor_.cinema7-min.jpg\"  class=\"fancy-gallery\"><img src=\"https:\/\/nyanpereira.fr\/dessinateur\/wp-content\/uploads\/2020\/02\/roughman.Design.mobilier.designer.interieur.meuble.sur-mesure.chef_.deco_.decor_.cinema7-min.jpg\" alt=\"\" class=\"preview\"\/><\/a><\/div>\n<\/div>\n<div class=\"element masonry  classic4_cols kenburns\">\n<div class=\"one_fourth gallery4 static filterable gallery_type animated21\"><a data-rel=\"photography_gallery_5854\" data-title=\"\" data-desc=\"\" data-thumb=\"https:\/\/nyanpereira.fr\/dessinateur\/wp-content\/uploads\/2020\/01\/Dessinateur.metier.original.pub_.cinema.storyboarding.paris10-min-206x300.jpg\" href=\"https:\/\/nyanpereira.fr\/dessinateur\/wp-content\/uploads\/2020\/01\/Dessinateur.metier.original.pub_.cinema.storyboarding.paris10-min.jpg\"  class=\"fancy-gallery\"><img src=\"https:\/\/nyanpereira.fr\/dessinateur\/wp-content\/uploads\/2020\/01\/Dessinateur.metier.original.pub_.cinema.storyboarding.paris10-min.jpg\" alt=\"Dessinateur.metier.original.pub.cinema.storyboarding.paris10-min\" class=\"preview\"\/><\/a><\/div>\n<\/div>\n<div class=\"element masonry  classic4_cols kenburns\">\n<div class=\"one_fourth gallery4 static filterable gallery_type animated22\"><a data-rel=\"photography_gallery_5854\" data-title=\"\" data-desc=\"\" data-thumb=\"https:\/\/nyanpereira.fr\/dessinateur\/wp-content\/uploads\/2020\/04\/roughmen.storyboarder.film_.alpine.Gran-Turismo.PS4_.fabrice.coton-min-206x300.jpg\" href=\"https:\/\/nyanpereira.fr\/dessinateur\/wp-content\/uploads\/2020\/04\/roughmen.storyboarder.film_.alpine.Gran-Turismo.PS4_.fabrice.coton-min.jpg\"  class=\"fancy-gallery\"><img src=\"https:\/\/nyanpereira.fr\/dessinateur\/wp-content\/uploads\/2020\/04\/roughmen.storyboarder.film_.alpine.Gran-Turismo.PS4_.fabrice.coton-min.jpg\" alt=\"Fabrice Coton storybord gran-turismo\" class=\"preview\"\/><\/a><\/div>\n<\/div>\n<div class=\"element masonry  classic4_cols kenburns\">\n<div class=\"one_fourth gallery4 static filterable gallery_type animated23\"><a data-rel=\"photography_gallery_5854\" data-title=\"\" data-desc=\"\" data-thumb=\"https:\/\/nyanpereira.fr\/dessinateur\/wp-content\/uploads\/2020\/01\/Dessinateur.metier.original.pub_.cinema.storyboarding.paris7-min-206x300.jpg\" href=\"https:\/\/nyanpereira.fr\/dessinateur\/wp-content\/uploads\/2020\/01\/Dessinateur.metier.original.pub_.cinema.storyboarding.paris7-min.jpg\"  class=\"fancy-gallery\"><img src=\"https:\/\/nyanpereira.fr\/dessinateur\/wp-content\/uploads\/2020\/01\/Dessinateur.metier.original.pub_.cinema.storyboarding.paris7-min.jpg\" alt=\"Storyboard chateau cinema\" class=\"preview\"\/><\/a><\/div>\n<\/div>\n<div class=\"element masonry  classic4_cols kenburns\">\n<div class=\"one_fourth gallery4 static filterable gallery_type animated24\"><a data-rel=\"photography_gallery_5854\" data-title=\"\" data-desc=\"\" data-thumb=\"https:\/\/nyanpereira.fr\/dessinateur\/wp-content\/uploads\/2020\/04\/roughman.storyboarder.film_.ALPINE-VGT.INSPIRATIONS.fabrice.coton-min-206x300.jpg\" href=\"https:\/\/nyanpereira.fr\/dessinateur\/wp-content\/uploads\/2020\/04\/roughman.storyboarder.film_.ALPINE-VGT.INSPIRATIONS.fabrice.coton-min.jpg\"  class=\"fancy-gallery\"><img src=\"https:\/\/nyanpereira.fr\/dessinateur\/wp-content\/uploads\/2020\/04\/roughman.storyboarder.film_.ALPINE-VGT.INSPIRATIONS.fabrice.coton-min.jpg\" alt=\"\" class=\"preview\"\/><\/a><\/div>\n<\/div>\n<\/div>\n<\/div>\n<\/div>\n<div  class=\"one withsmallpadding ppb_text\" style=\"padding:30px 0 30px 0;\" >\n<div class=\"standard_wrapper\">\n<div class=\"page_content_wrapper\">\n<div class=\"inner\">\n<div style=\"margin:auto;width:100%\">\n<h3>Conception de d\u00e9cors pour le sp\u00e9ctacle et l&rsquo;\u00e9v\u00e9nement.<\/h3>\n<p>Recherches crayonn\u00e9e et conception de d\u00e9cor de scene et de sp\u00e9ciale en collaboration avec un chef d\u00e9co. <span style=\"color: #999999;\"><em>(bois, m\u00e9tal, tapisserie, sculpture, peinture, d\u00e9cors m\u00e9canis\u00e9s et motoris\u00e9s)<\/em><\/span><\/p>\n<p>Un professionnel de scenographie et un amoureux du dessin au service du sp\u00e9ctacle qui met sa cr\u00e9ativit\u00e9 au service de votre mise en sc\u00e8ne. <span style=\"color: #999999;\">(Studio TV, Th\u00e9\u00e2tre, lumi\u00e8res mais aussi R\u00e9alit\u00e9 augment\u00e9)<\/span>. Chaque projet poss\u00e8de ses techniques et strat\u00e9gies de production.<\/p>\n<p><strong>Un professionnel qui vous accompagne et vous conseille dans la conception de votre projet.<\/strong> Intentions cr\u00e9atives, conception et plans de fabrication 2D pour d\u00e9cors statiques et m\u00e9canis\u00e9s. Choix des mat\u00e9riaux, recherche de solutions techniques adapt\u00e9es au lieu de l\u2019\u00e9v\u00e9nement. Maquette et prototypage de vos projets. Suivi de projets et organisation des montages.\u00a0<em> Avec une constante dans ce m\u00e9tiers : l\u2019importance du travail d\u2019\u00e9quipe. <\/em><\/p>\n<\/div>\n<\/div>\n<\/div>\n<\/div>\n<\/div>\n<div  class=\"one ppb_blog_minimal\"style=\"padding:30px 0 30px 0;\" >\n<div class=\"page_content_wrapper\">\n<div class=\"inner\">\n<div class=\"inner_wrapper\">\n<div class=\"one_third_bg\"><a href=\"https:\/\/nyanpereira.fr\/dessinateur\/developpement-dun-projet-de-pop-up-store-roughs-croquis-ambiances\/\"><\/p>\n<div class=\"blog_minimal_wrapper\">\n<div class=\"featured_image\" style=\"background-image:url('https:\/\/nyanpereira.fr\/dessinateur\/wp-content\/uploads\/2020\/01\/07.Roughs.evenementiels.scenographie.Theatralisation.marketing.ads_.words5_.jpg');\"><\/div>\n<div class=\"background_overlay\"><\/div>\n<div class=\"content\">\n<h4>De\u0301veloppement d\u2019un projet de Pop-up Store<\/h4>\n<div class=\"post_detail\">16 avril 2021<\/div>\n<\/div>\n<\/div>\n<p><\/a><\/div>\n<div class=\"one_third_bg\"><a href=\"https:\/\/nyanpereira.fr\/dessinateur\/metier-dessinateur-concepteur-de-film-publicitaire\/\"><\/p>\n<div class=\"blog_minimal_wrapper\">\n<div class=\"featured_image\" style=\"background-image:url('https:\/\/nyanpereira.fr\/dessinateur\/wp-content\/uploads\/2014\/03\/planche.storyboard.tournages.film_.publicitaire-min.jpg');\"><\/div>\n<div class=\"background_overlay\"><\/div>\n<div class=\"content\">\n<h4>M\u00c9TIER Dessinateur concepteur de Film Publicitaire<\/h4>\n<div class=\"post_detail\">25 janvier 2021<\/div>\n<\/div>\n<\/div>\n<p><\/a><\/div>\n<div class=\"one_third_bg\"><a href=\"https:\/\/nyanpereira.fr\/dessinateur\/photomontage-europcar-covering-camion-tetris-making-of-photo-manipulation\/\"><\/p>\n<div class=\"blog_minimal_wrapper\">\n<div class=\"featured_image\" style=\"background-image:url('https:\/\/nyanpereira.fr\/dessinateur\/wp-content\/uploads\/2020\/03\/Making-of.campagne.publicite.covering.VU_.camion.europcar.tetris.photographe.freelance.jpg');\"><\/div>\n<div class=\"background_overlay\"><\/div>\n<div class=\"content\">\n<h4>Covering 20m3  Camion Europcar \/ Making-of Campagne d\u00e9m\u00e9nagement<\/h4>\n<div class=\"post_detail\">17 juillet 2020<\/div>\n<\/div>\n<\/div>\n<p><\/a><\/div>\n<\/div>\n<\/div>\n<\/div>\n<\/div>\n","protected":false},"excerpt":{"rendered":"","protected":false},"author":1,"featured_media":7134,"parent":7339,"menu_order":0,"comment_status":"closed","ping_status":"closed","template":"","meta":[],"yoast_head":"<!-- This site is optimized with the Yoast SEO plugin v17.9 - https:\/\/yoast.com\/wordpress\/plugins\/seo\/ -->\n<title>Sc\u00e9nographie d\u00e9cors sp\u00e9ctacle via le storyboard \/ Chef decos<\/title>\n<meta name=\"description\" content=\"scenographie \/ Conception de d\u00e9cors de scene pour le spectacle et l&#039;\u00e9v\u00e9nement via le storyboard \/\" \/>\n<meta name=\"robots\" content=\"index, follow, max-snippet:-1, max-image-preview:large, max-video-preview:-1\" \/>\n<link rel=\"canonical\" href=\"https:\/\/nyanpereira.fr\/dessinateur\/gallery\/llustration-decor-film-cinema-dessin-chef-decorateur\/\" \/>\n<meta property=\"og:locale\" content=\"fr_FR\" \/>\n<meta property=\"og:type\" content=\"article\" \/>\n<meta property=\"og:title\" content=\"Sc\u00e9nographie d\u00e9cors sp\u00e9ctacle via le storyboard \/ Chef decos\" \/>\n<meta property=\"og:description\" content=\"scenographie \/ Conception de d\u00e9cors de scene pour le spectacle et l&#039;\u00e9v\u00e9nement via le storyboard \/\" \/>\n<meta property=\"og:url\" content=\"https:\/\/nyanpereira.fr\/dessinateur\/gallery\/llustration-decor-film-cinema-dessin-chef-decorateur\/\" \/>\n<meta property=\"og:site_name\" content=\"Service Cr\u00e9atif &amp; Pr\u00e9sentation Artistique\" \/>\n<meta property=\"article:modified_time\" content=\"2021-04-20T12:28:50+00:00\" \/>\n<meta property=\"og:image\" content=\"https:\/\/nyanpereira.fr\/dessinateur\/wp-content\/uploads\/2020\/01\/Menu.rough_.evenementiel.scenographie.spectacle.chef_.deco_.costume.make-up.film_.cinema-2.jpg\" \/>\n\t<meta property=\"og:image:width\" content=\"360\" \/>\n\t<meta property=\"og:image:height\" content=\"270\" \/>\n\t<meta property=\"og:image:type\" content=\"image\/jpeg\" \/>\n<meta name=\"twitter:card\" content=\"summary_large_image\" \/>\n<meta name=\"twitter:label1\" content=\"Dur\u00e9e de lecture estim\u00e9e\" \/>\n\t<meta name=\"twitter:data1\" content=\"1 minute\" \/>\n<script type=\"application\/ld+json\" class=\"yoast-schema-graph\">{\"@context\":\"https:\/\/schema.org\",\"@graph\":[{\"@type\":\"Organization\",\"@id\":\"https:\/\/nyanpereira.fr\/dessinateur\/#organization\",\"name\":\"storyboarder Freelance\",\"url\":\"https:\/\/nyanpereira.fr\/dessinateur\/\",\"sameAs\":[],\"logo\":{\"@type\":\"ImageObject\",\"@id\":\"https:\/\/nyanpereira.fr\/dessinateur\/#logo\",\"inLanguage\":\"fr-FR\",\"url\":\"\",\"contentUrl\":\"\",\"caption\":\"storyboarder Freelance\"},\"image\":{\"@id\":\"https:\/\/nyanpereira.fr\/dessinateur\/#logo\"}},{\"@type\":\"WebSite\",\"@id\":\"https:\/\/nyanpereira.fr\/dessinateur\/#website\",\"url\":\"https:\/\/nyanpereira.fr\/dessinateur\/\",\"name\":\"Service Cr\\u00e9atif &amp; Pr\\u00e9sentation Artistique\",\"description\":\"Roughs, Storyboard, Antimatic &amp; Photomontage\",\"publisher\":{\"@id\":\"https:\/\/nyanpereira.fr\/dessinateur\/#organization\"},\"potentialAction\":[{\"@type\":\"SearchAction\",\"target\":{\"@type\":\"EntryPoint\",\"urlTemplate\":\"https:\/\/nyanpereira.fr\/dessinateur\/?s={search_term_string}\"},\"query-input\":\"required name=search_term_string\"}],\"inLanguage\":\"fr-FR\"},{\"@type\":\"ImageObject\",\"@id\":\"https:\/\/nyanpereira.fr\/dessinateur\/gallery\/llustration-decor-film-cinema-dessin-chef-decorateur\/#primaryimage\",\"inLanguage\":\"fr-FR\",\"url\":\"https:\/\/nyanpereira.fr\/dessinateur\/wp-content\/uploads\/2020\/01\/Menu.rough_.evenementiel.scenographie.spectacle.chef_.deco_.costume.make-up.film_.cinema-2.jpg\",\"contentUrl\":\"https:\/\/nyanpereira.fr\/dessinateur\/wp-content\/uploads\/2020\/01\/Menu.rough_.evenementiel.scenographie.spectacle.chef_.deco_.costume.make-up.film_.cinema-2.jpg\",\"width\":360,\"height\":270,\"caption\":\"Menu.rough.evenementiel.scenographie.spectacle.chef.deco.costume.make-up.film.cinema-2\"},{\"@type\":\"WebPage\",\"@id\":\"https:\/\/nyanpereira.fr\/dessinateur\/gallery\/llustration-decor-film-cinema-dessin-chef-decorateur\/#webpage\",\"url\":\"https:\/\/nyanpereira.fr\/dessinateur\/gallery\/llustration-decor-film-cinema-dessin-chef-decorateur\/\",\"name\":\"Sc\\u00e9nographie d\\u00e9cors sp\\u00e9ctacle via le storyboard \/ Chef decos\",\"isPartOf\":{\"@id\":\"https:\/\/nyanpereira.fr\/dessinateur\/#website\"},\"primaryImageOfPage\":{\"@id\":\"https:\/\/nyanpereira.fr\/dessinateur\/gallery\/llustration-decor-film-cinema-dessin-chef-decorateur\/#primaryimage\"},\"datePublished\":\"2020-03-06T14:07:10+00:00\",\"dateModified\":\"2021-04-20T12:28:50+00:00\",\"description\":\"scenographie \/ Conception de d\\u00e9cors de scene pour le spectacle et l'\\u00e9v\\u00e9nement via le storyboard \/\",\"breadcrumb\":{\"@id\":\"https:\/\/nyanpereira.fr\/dessinateur\/gallery\/llustration-decor-film-cinema-dessin-chef-decorateur\/#breadcrumb\"},\"inLanguage\":\"fr-FR\",\"potentialAction\":[{\"@type\":\"ReadAction\",\"target\":[\"https:\/\/nyanpereira.fr\/dessinateur\/gallery\/llustration-decor-film-cinema-dessin-chef-decorateur\/\"]}]},{\"@type\":\"BreadcrumbList\",\"@id\":\"https:\/\/nyanpereira.fr\/dessinateur\/gallery\/llustration-decor-film-cinema-dessin-chef-decorateur\/#breadcrumb\",\"itemListElement\":[{\"@type\":\"ListItem\",\"position\":1,\"name\":\"Accueil\",\"item\":\"https:\/\/nyanpereira.fr\/dessinateur\/\"},{\"@type\":\"ListItem\",\"position\":2,\"name\":\"Gallery\",\"item\":\"https:\/\/nyanpereira.fr\/dessinateur\/gallery\/\"},{\"@type\":\"ListItem\",\"position\":3,\"name\":\"Illustration pour les d\\u00e9cors de films\"}]}]}<\/script>\n<!-- \/ Yoast SEO plugin. -->","yoast_head_json":{"title":"Sc\u00e9nographie d\u00e9cors sp\u00e9ctacle via le storyboard \/ Chef decos","description":"scenographie \/ Conception de d\u00e9cors de scene pour le spectacle et l'\u00e9v\u00e9nement via le storyboard \/","robots":{"index":"index","follow":"follow","max-snippet":"max-snippet:-1","max-image-preview":"max-image-preview:large","max-video-preview":"max-video-preview:-1"},"canonical":"https:\/\/nyanpereira.fr\/dessinateur\/gallery\/llustration-decor-film-cinema-dessin-chef-decorateur\/","og_locale":"fr_FR","og_type":"article","og_title":"Sc\u00e9nographie d\u00e9cors sp\u00e9ctacle via le storyboard \/ Chef decos","og_description":"scenographie \/ Conception de d\u00e9cors de scene pour le spectacle et l'\u00e9v\u00e9nement via le storyboard \/","og_url":"https:\/\/nyanpereira.fr\/dessinateur\/gallery\/llustration-decor-film-cinema-dessin-chef-decorateur\/","og_site_name":"Service Cr\u00e9atif &amp; Pr\u00e9sentation Artistique","article_modified_time":"2021-04-20T12:28:50+00:00","og_image":[{"width":360,"height":270,"url":"https:\/\/nyanpereira.fr\/dessinateur\/wp-content\/uploads\/2020\/01\/Menu.rough_.evenementiel.scenographie.spectacle.chef_.deco_.costume.make-up.film_.cinema-2.jpg","type":"image\/jpeg"}],"twitter_card":"summary_large_image","twitter_misc":{"Dur\u00e9e de lecture estim\u00e9e":"1 minute"},"schema":{"@context":"https:\/\/schema.org","@graph":[{"@type":"Organization","@id":"https:\/\/nyanpereira.fr\/dessinateur\/#organization","name":"storyboarder Freelance","url":"https:\/\/nyanpereira.fr\/dessinateur\/","sameAs":[],"logo":{"@type":"ImageObject","@id":"https:\/\/nyanpereira.fr\/dessinateur\/#logo","inLanguage":"fr-FR","url":"","contentUrl":"","caption":"storyboarder Freelance"},"image":{"@id":"https:\/\/nyanpereira.fr\/dessinateur\/#logo"}},{"@type":"WebSite","@id":"https:\/\/nyanpereira.fr\/dessinateur\/#website","url":"https:\/\/nyanpereira.fr\/dessinateur\/","name":"Service Cr\u00e9atif &amp; Pr\u00e9sentation Artistique","description":"Roughs, Storyboard, Antimatic &amp; Photomontage","publisher":{"@id":"https:\/\/nyanpereira.fr\/dessinateur\/#organization"},"potentialAction":[{"@type":"SearchAction","target":{"@type":"EntryPoint","urlTemplate":"https:\/\/nyanpereira.fr\/dessinateur\/?s={search_term_string}"},"query-input":"required name=search_term_string"}],"inLanguage":"fr-FR"},{"@type":"ImageObject","@id":"https:\/\/nyanpereira.fr\/dessinateur\/gallery\/llustration-decor-film-cinema-dessin-chef-decorateur\/#primaryimage","inLanguage":"fr-FR","url":"https:\/\/nyanpereira.fr\/dessinateur\/wp-content\/uploads\/2020\/01\/Menu.rough_.evenementiel.scenographie.spectacle.chef_.deco_.costume.make-up.film_.cinema-2.jpg","contentUrl":"https:\/\/nyanpereira.fr\/dessinateur\/wp-content\/uploads\/2020\/01\/Menu.rough_.evenementiel.scenographie.spectacle.chef_.deco_.costume.make-up.film_.cinema-2.jpg","width":360,"height":270,"caption":"Menu.rough.evenementiel.scenographie.spectacle.chef.deco.costume.make-up.film.cinema-2"},{"@type":"WebPage","@id":"https:\/\/nyanpereira.fr\/dessinateur\/gallery\/llustration-decor-film-cinema-dessin-chef-decorateur\/#webpage","url":"https:\/\/nyanpereira.fr\/dessinateur\/gallery\/llustration-decor-film-cinema-dessin-chef-decorateur\/","name":"Sc\u00e9nographie d\u00e9cors sp\u00e9ctacle via le storyboard \/ Chef decos","isPartOf":{"@id":"https:\/\/nyanpereira.fr\/dessinateur\/#website"},"primaryImageOfPage":{"@id":"https:\/\/nyanpereira.fr\/dessinateur\/gallery\/llustration-decor-film-cinema-dessin-chef-decorateur\/#primaryimage"},"datePublished":"2020-03-06T14:07:10+00:00","dateModified":"2021-04-20T12:28:50+00:00","description":"scenographie \/ Conception de d\u00e9cors de scene pour le spectacle et l'\u00e9v\u00e9nement via le storyboard \/","breadcrumb":{"@id":"https:\/\/nyanpereira.fr\/dessinateur\/gallery\/llustration-decor-film-cinema-dessin-chef-decorateur\/#breadcrumb"},"inLanguage":"fr-FR","potentialAction":[{"@type":"ReadAction","target":["https:\/\/nyanpereira.fr\/dessinateur\/gallery\/llustration-decor-film-cinema-dessin-chef-decorateur\/"]}]},{"@type":"BreadcrumbList","@id":"https:\/\/nyanpereira.fr\/dessinateur\/gallery\/llustration-decor-film-cinema-dessin-chef-decorateur\/#breadcrumb","itemListElement":[{"@type":"ListItem","position":1,"name":"Accueil","item":"https:\/\/nyanpereira.fr\/dessinateur\/"},{"@type":"ListItem","position":2,"name":"Gallery","item":"https:\/\/nyanpereira.fr\/dessinateur\/gallery\/"},{"@type":"ListItem","position":3,"name":"Illustration pour les d\u00e9cors de films"}]}]}},"_links":{"self":[{"href":"https:\/\/nyanpereira.fr\/dessinateur\/wp-json\/wp\/v2\/pages\/7403"}],"collection":[{"href":"https:\/\/nyanpereira.fr\/dessinateur\/wp-json\/wp\/v2\/pages"}],"about":[{"href":"https:\/\/nyanpereira.fr\/dessinateur\/wp-json\/wp\/v2\/types\/page"}],"author":[{"embeddable":true,"href":"https:\/\/nyanpereira.fr\/dessinateur\/wp-json\/wp\/v2\/users\/1"}],"replies":[{"embeddable":true,"href":"https:\/\/nyanpereira.fr\/dessinateur\/wp-json\/wp\/v2\/comments?post=7403"}],"version-history":[{"count":21,"href":"https:\/\/nyanpereira.fr\/dessinateur\/wp-json\/wp\/v2\/pages\/7403\/revisions"}],"predecessor-version":[{"id":9374,"href":"https:\/\/nyanpereira.fr\/dessinateur\/wp-json\/wp\/v2\/pages\/7403\/revisions\/9374"}],"up":[{"embeddable":true,"href":"https:\/\/nyanpereira.fr\/dessinateur\/wp-json\/wp\/v2\/pages\/7339"}],"wp:featuredmedia":[{"embeddable":true,"href":"https:\/\/nyanpereira.fr\/dessinateur\/wp-json\/wp\/v2\/media\/7134"}],"wp:attachment":[{"href":"https:\/\/nyanpereira.fr\/dessinateur\/wp-json\/wp\/v2\/media?parent=7403"}],"curies":[{"name":"wp","href":"https:\/\/api.w.org\/{rel}","templated":true}]}}