{"id":7390,"date":"2020-03-06T15:03:05","date_gmt":"2020-03-06T14:03:05","guid":{"rendered":"https:\/\/preprod.nyanpereira.fr\/?page_id=7390"},"modified":"2021-04-20T13:34:24","modified_gmt":"2021-04-20T12:34:24","slug":"pop-up-store-magasin-ephemere-design-concept-store","status":"publish","type":"page","link":"https:\/\/nyanpereira.fr\/dessinateur\/gallery\/pop-up-store-magasin-ephemere-design-concept-store\/","title":{"rendered":"Pop-up Store"},"content":{"rendered":"<div  class=\"one withsmallpadding ppb_header \" style=\"text-align:left;padding:30px 0 30px 0;\" >\n<div class=\"standard_wrapper\">\n<div class=\"page_content_wrapper\">\n<div class=\"inner\">\n<div style=\"margin:auto;width:100%\">\n<h2 class=\"ppb_title\" style=\"\">Concepteur de Magasin \u00e9ph\u00e9m\u00e8re <\/h2>\n<hr class=\"title_break left\" style=\"\"\/>\n<div class=\"ppb_header_content\">\n<p style=\"text-align: center;\"><strong>\u00c9v\u00e8nement conception pop-up stores : Les magasins \u00e9ph\u00e9m\u00e8res sont la nouvelle tendance du march\u00e9. <\/strong>Qu\u2019importe le service, le pop-up store est un ph\u00e9nom\u00e8ne marketing avec des vrais enjeux commerciaux. Ces <strong>points de vente originaux et cr\u00e9atifs<\/strong> cr\u00e9ent des liens forts avec les consommateurs et certaines marques les utilisent afin de renforcer la proximit\u00e9 avec leurs clients.<\/p>\n<p style=\"text-align: center;\">En claire les pop-up stores offrent un contact direct avec leur cible. Via la grande distribution ces points de vente, installent une strat\u00e9gie commerciale de qualit\u00e9. Dans le but d\u2019interagir avec la cible et de l&rsquo;initier aux nouveaux usages, produits ou services.<\/p>\n<p style=\"text-align: center;\"><a class=\"button small \" onclick=\"window.open('https:\/\/nyanpereira.fr\/dessinateur\/devis-en-ligne\/tarifs-creation-rough-storyboard-freelance\/', '_self')\">Demander un devis.<\/a><\/p>\n<\/div>\n<\/div>\n<\/div>\n<\/div>\n<\/div>\n<\/div>\n<div  class=\"one withsmallpadding ppb_header \" style=\"text-align:left;padding:30px 0 30px 0;\" >\n<div class=\"standard_wrapper\">\n<div class=\"page_content_wrapper\">\n<div class=\"inner\">\n<div style=\"margin:auto;width:100%\">\n<h2 class=\"ppb_title\" style=\"\">Concepteur de Magasin \u00e9ph\u00e9m\u00e8re <\/h2>\n<hr class=\"title_break left\" style=\"\"\/>\n<div class=\"ppb_header_content\">\n<p style=\"text-align: center;\"><strong>\u00c9v\u00e8nement conception pop-up stores : Les magasins \u00e9ph\u00e9m\u00e8res sont la nouvelle tendance du march\u00e9. <\/strong>Qu\u2019importe le service, le pop-up store est un ph\u00e9nom\u00e8ne marketing avec des vrais enjeux commerciaux. Ces <strong>points de vente originaux et cr\u00e9atifs<\/strong> cr\u00e9ent des liens forts avec les consommateurs et certaines marques les utilisent afin de renforcer la proximit\u00e9 avec leurs clients.<\/p>\n<p style=\"text-align: center;\">En claire les pop-up stores offrent un contact direct avec leur cible. Via la grande distribution ces points de vente, installent une strat\u00e9gie commerciale de qualit\u00e9. Dans le but d\u2019interagir avec la cible et de l&rsquo;initier aux nouveaux usages, produits ou services.<\/p>\n<p style=\"text-align: center;\"><a class=\"button small \" onclick=\"window.open('https:\/\/nyanpereira.fr\/dessinateur\/devis-en-ligne\/tarifs-creation-rough-storyboard-freelance\/', '_self')\">Demander un devis.<\/a><\/p>\n<\/div>\n<\/div>\n<\/div>\n<\/div>\n<\/div>\n<\/div>\n<div class=\"standard_wrapper\">\n<div  class=\"one_third withsmallpadding ppb_text\" style=\"padding:30px 0 30px 0;\" >\n<div class=\"standard_wrapper\">\n<div class=\"page_content_wrapper\">\n<div class=\"inner\">\n<div style=\"margin:auto;width:100%\">\n<p><img loading=\"lazy\" class=\"aligncenter wp-image-7704 size-full\" src=\"https:\/\/nyanpereira.fr\/dessinateur\/wp-content\/uploads\/2020\/02\/05.pop-up.store_.Magasin-ephemere.scenographe.professionel.thetralisation.marketing.evenement.Paris10-min.jpg\" alt=\"\u00c9v\u00e9nement conception pop-up stores\" width=\"650\" height=\"945\" \/><\/p>\n<\/div>\n<\/div>\n<\/div>\n<\/div>\n<\/div>\n<\/div>\n<div class=\"standard_wrapper\">\n<div  class=\"two_third last withsmallpadding ppb_text\" style=\"padding:30px 0 30px 0;\" >\n<div class=\"standard_wrapper\">\n<div class=\"page_content_wrapper\">\n<div class=\"inner\">\n<div style=\"margin:auto;width:100%\">\n<h3><strong> Pop-up Store : Tendance &#038; Ph\u00e9nom\u00e8ne marketing <\/strong><\/h3>\n<p>l&rsquo;id\u00e9e est de cr\u00e9er de l\u2019int\u00e9r\u00eat aux yeux des passants et pour cela nous ne manquons pas de cr\u00e9ativit\u00e9. Plong\u00e9s vos clients dans le concept de l&rsquo;\u00e9ph\u00e9m\u00e8re afin que les visiteurs d\u00e9couvrent un nouvel univers produit. L&rsquo;id\u00e9e du pop-up store est d&rsquo;appara\u00eetre comme un \u00e9v\u00e8nement aux yeux des visiteurs. mais surtout de\u00a0 marquer les esprits en proposant une exp\u00e9rience avec une dur\u00e9e limit\u00e9.<\/p>\n<p><strong>La tendance est d&rsquo;offrir, d\u00e9couvrir, tester ou acheter des produits dans des lieux insolites et \u00e0 des moments inattendu.<\/strong><\/p>\n<h3>Marketing : Concept store \u00e9ph\u00e9m\u00e8re<\/h3>\n<p>Mon travail est la mise en valeur d&rsquo;\u00e9v\u00e8nement, conception d&rsquo;am\u00e9nagement de showroom et pop-up stores \u00e9ph\u00e9m\u00e8re tout type de surface <strong>via la <a href=\"https:\/\/nyanpereira.fr\/dessinateur\/gallery\/theatralisation-scenographie-plv-magasin-evenementiel\/\">sc\u00e9nographie<\/a> et le storyboard<\/strong>. <strong>9 \u00e0 50m\u00b2 \/ 50 \u00e0 100m\u00b2 \/ 100m\u00b2 ou plus.<\/strong> Un professionel du stand et ses contraintes. Un designer sp\u00e9cialis\u00e9 dan l&rsquo;\u00e9v\u00e9nementiel pour imaginer l&rsquo;implantation d&rsquo; espaces commerciales dans les centres commerciaux. <span style=\"color: #999999;\"><em>Exemple de magasin <a href=\"https:\/\/www.bhv.fr\/vivez-bhv\" target=\"_blank\" rel=\"noopener\">BHV<\/a>, <a href=\"https:\/\/haussmann.galerieslafayette.com\/events\/\" target=\"_blank\" rel=\"noopener\">Galeries Lafayette<\/a>, Printemps&#8230; <\/em><\/span><strong>Un service cr\u00e9atif qui d\u00e9passe l\u2019agencement et le design pour vous apporter une solution de services compl\u00e8te et adapt\u00e9e. <\/strong><\/p>\n<h6>Sc\u00e9nographe freelance \u00e0 Paris : Conception de pop-up store &#038; sc\u00e9nographie<\/h6>\n<p><strong>\u00c9v\u00e8nementielle :<\/strong> Un sc\u00e9nographe freelance qui peut prendre part aux nombreuses recherches graphiques auxquelles donnent lieu la pr\u00e9paration d\u2019une op\u00e9ration marketing, d\u2019une animation magasin du type sc\u00e9nographie ou \u00e0 la cr\u00e9ation d\u2019un pop-up store. Vous pouvez faire appel a mes services pour travailler une th\u00e9\u00e2tralisation pour GSA\/GSS ou pour simplement pour composer la sc\u00e8ne d\u2019un spectacle\u2026 En d\u2019autres termes, je dessine quantit\u00e9 d\u2019esquisse et de croquis pour retranscrire les intentions de mes clients.<\/p>\n<\/div>\n<\/div>\n<\/div>\n<\/div>\n<\/div>\n<\/div>\n<div class=\"standard_wrapper\">\n<div  class=\"two_third last withsmallpadding ppb_text\" style=\"padding:30px 0 30px 0;\" >\n<div class=\"standard_wrapper\">\n<div class=\"page_content_wrapper\">\n<div class=\"inner\">\n<div style=\"margin:auto;width:100%\">\n<h3><strong> Pop-up Store : Tendance &#038; Ph\u00e9nom\u00e8ne marketing <\/strong><\/h3>\n<p>l&rsquo;id\u00e9e est de cr\u00e9er de l\u2019int\u00e9r\u00eat aux yeux des passants et pour cela nous ne manquons pas de cr\u00e9ativit\u00e9. Plong\u00e9s vos clients dans le concept de l&rsquo;\u00e9ph\u00e9m\u00e8re afin que les visiteurs d\u00e9couvrent un nouvel univers produit. L&rsquo;id\u00e9e du pop-up store est d&rsquo;appara\u00eetre comme un \u00e9v\u00e8nement aux yeux des visiteurs. mais surtout de\u00a0 marquer les esprits en proposant une exp\u00e9rience avec une dur\u00e9e limit\u00e9.<\/p>\n<p><strong>La tendance est d&rsquo;offrir, d\u00e9couvrir, tester ou acheter des produits dans des lieux insolites et \u00e0 des moments inattendu.<\/strong><\/p>\n<h3>Marketing : Concept store \u00e9ph\u00e9m\u00e8re<\/h3>\n<p>Mon travail est la mise en valeur d&rsquo;\u00e9v\u00e8nement, conception d&rsquo;am\u00e9nagement de showroom et pop-up stores \u00e9ph\u00e9m\u00e8re tout type de surface <strong>via la <a href=\"https:\/\/nyanpereira.fr\/dessinateur\/gallery\/theatralisation-scenographie-plv-magasin-evenementiel\/\">sc\u00e9nographie<\/a> et le storyboard<\/strong>. <strong>9 \u00e0 50m\u00b2 \/ 50 \u00e0 100m\u00b2 \/ 100m\u00b2 ou plus.<\/strong> Un professionel du stand et ses contraintes. Un designer sp\u00e9cialis\u00e9 dan l&rsquo;\u00e9v\u00e9nementiel pour imaginer l&rsquo;implantation d&rsquo; espaces commerciales dans les centres commerciaux. <span style=\"color: #999999;\"><em>Exemple de magasin <a href=\"https:\/\/www.bhv.fr\/vivez-bhv\" target=\"_blank\" rel=\"noopener\">BHV<\/a>, <a href=\"https:\/\/haussmann.galerieslafayette.com\/events\/\" target=\"_blank\" rel=\"noopener\">Galeries Lafayette<\/a>, Printemps&#8230; <\/em><\/span><strong>Un service cr\u00e9atif qui d\u00e9passe l\u2019agencement et le design pour vous apporter une solution de services compl\u00e8te et adapt\u00e9e. <\/strong><\/p>\n<h6>Sc\u00e9nographe freelance \u00e0 Paris : Conception de pop-up store &#038; sc\u00e9nographie<\/h6>\n<p><strong>\u00c9v\u00e8nementielle :<\/strong> Un sc\u00e9nographe freelance qui peut prendre part aux nombreuses recherches graphiques auxquelles donnent lieu la pr\u00e9paration d\u2019une op\u00e9ration marketing, d\u2019une animation magasin du type sc\u00e9nographie ou \u00e0 la cr\u00e9ation d\u2019un pop-up store. Vous pouvez faire appel a mes services pour travailler une th\u00e9\u00e2tralisation pour GSA\/GSS ou pour simplement pour composer la sc\u00e8ne d\u2019un spectacle\u2026 En d\u2019autres termes, je dessine quantit\u00e9 d\u2019esquisse et de croquis pour retranscrire les intentions de mes clients.<\/p>\n<\/div>\n<\/div>\n<\/div>\n<\/div>\n<\/div>\n<\/div>\n","protected":false},"excerpt":{"rendered":"","protected":false},"author":1,"featured_media":7133,"parent":7339,"menu_order":0,"comment_status":"closed","ping_status":"closed","template":"","meta":[],"yoast_head":"<!-- This site is optimized with the Yoast SEO plugin v17.9 - https:\/\/yoast.com\/wordpress\/plugins\/seo\/ -->\n<title>\u00c9v\u00e9nement : conception pop-up stores via le storyboard \/ Sc\u00e9nographie<\/title>\n<meta name=\"description\" content=\"\u00c9v\u00e9nement conception pop-up stores : Mise en valeur d&#039;\u00e9v\u00e9nement, conception d&#039;am\u00e9nagement de showroom et pop-up stores \u00e9ph\u00e9m\u00e8re corner tout type de surface.\" \/>\n<meta name=\"robots\" content=\"index, follow, max-snippet:-1, max-image-preview:large, max-video-preview:-1\" \/>\n<link rel=\"canonical\" href=\"https:\/\/nyanpereira.fr\/dessinateur\/gallery\/pop-up-store-magasin-ephemere-design-concept-store\/\" \/>\n<meta property=\"og:locale\" content=\"fr_FR\" \/>\n<meta property=\"og:type\" content=\"article\" \/>\n<meta property=\"og:title\" content=\"\u00c9v\u00e9nement : conception pop-up stores via le storyboard \/ Sc\u00e9nographie\" \/>\n<meta property=\"og:description\" content=\"\u00c9v\u00e9nement conception pop-up stores : Mise en valeur d&#039;\u00e9v\u00e9nement, conception d&#039;am\u00e9nagement de showroom et pop-up stores \u00e9ph\u00e9m\u00e8re corner tout type de surface.\" \/>\n<meta property=\"og:url\" content=\"https:\/\/nyanpereira.fr\/dessinateur\/gallery\/pop-up-store-magasin-ephemere-design-concept-store\/\" \/>\n<meta property=\"og:site_name\" content=\"Service Cr\u00e9atif &amp; Pr\u00e9sentation Artistique\" \/>\n<meta property=\"article:modified_time\" content=\"2021-04-20T12:34:24+00:00\" \/>\n<meta property=\"og:image\" content=\"https:\/\/nyanpereira.fr\/dessinateur\/wp-content\/uploads\/2020\/01\/Menu.rough_.evenementiel.scenographie.pop-up.store_.design.magasins.ephemere-2.jpg\" \/>\n\t<meta property=\"og:image:width\" content=\"360\" \/>\n\t<meta property=\"og:image:height\" content=\"271\" \/>\n\t<meta property=\"og:image:type\" content=\"image\/jpeg\" \/>\n<meta name=\"twitter:card\" content=\"summary_large_image\" \/>\n<meta name=\"twitter:label1\" content=\"Dur\u00e9e de lecture estim\u00e9e\" \/>\n\t<meta name=\"twitter:data1\" content=\"4 minutes\" \/>\n<script type=\"application\/ld+json\" class=\"yoast-schema-graph\">{\"@context\":\"https:\/\/schema.org\",\"@graph\":[{\"@type\":\"Organization\",\"@id\":\"https:\/\/nyanpereira.fr\/dessinateur\/#organization\",\"name\":\"storyboarder Freelance\",\"url\":\"https:\/\/nyanpereira.fr\/dessinateur\/\",\"sameAs\":[],\"logo\":{\"@type\":\"ImageObject\",\"@id\":\"https:\/\/nyanpereira.fr\/dessinateur\/#logo\",\"inLanguage\":\"fr-FR\",\"url\":\"\",\"contentUrl\":\"\",\"caption\":\"storyboarder Freelance\"},\"image\":{\"@id\":\"https:\/\/nyanpereira.fr\/dessinateur\/#logo\"}},{\"@type\":\"WebSite\",\"@id\":\"https:\/\/nyanpereira.fr\/dessinateur\/#website\",\"url\":\"https:\/\/nyanpereira.fr\/dessinateur\/\",\"name\":\"Service Cr\\u00e9atif &amp; Pr\\u00e9sentation Artistique\",\"description\":\"Roughs, Storyboard, Antimatic &amp; Photomontage\",\"publisher\":{\"@id\":\"https:\/\/nyanpereira.fr\/dessinateur\/#organization\"},\"potentialAction\":[{\"@type\":\"SearchAction\",\"target\":{\"@type\":\"EntryPoint\",\"urlTemplate\":\"https:\/\/nyanpereira.fr\/dessinateur\/?s={search_term_string}\"},\"query-input\":\"required name=search_term_string\"}],\"inLanguage\":\"fr-FR\"},{\"@type\":\"ImageObject\",\"@id\":\"https:\/\/nyanpereira.fr\/dessinateur\/gallery\/pop-up-store-magasin-ephemere-design-concept-store\/#primaryimage\",\"inLanguage\":\"fr-FR\",\"url\":\"https:\/\/nyanpereira.fr\/dessinateur\/wp-content\/uploads\/2020\/01\/Menu.rough_.evenementiel.scenographie.pop-up.store_.design.magasins.ephemere-2.jpg\",\"contentUrl\":\"https:\/\/nyanpereira.fr\/dessinateur\/wp-content\/uploads\/2020\/01\/Menu.rough_.evenementiel.scenographie.pop-up.store_.design.magasins.ephemere-2.jpg\",\"width\":360,\"height\":271,\"caption\":\"Menu.rough.evenementiel.scenographie.pop-up.store.design.magasins.ephemere-2\"},{\"@type\":\"WebPage\",\"@id\":\"https:\/\/nyanpereira.fr\/dessinateur\/gallery\/pop-up-store-magasin-ephemere-design-concept-store\/#webpage\",\"url\":\"https:\/\/nyanpereira.fr\/dessinateur\/gallery\/pop-up-store-magasin-ephemere-design-concept-store\/\",\"name\":\"\\u00c9v\\u00e9nement : conception pop-up stores via le storyboard \/ Sc\\u00e9nographie\",\"isPartOf\":{\"@id\":\"https:\/\/nyanpereira.fr\/dessinateur\/#website\"},\"primaryImageOfPage\":{\"@id\":\"https:\/\/nyanpereira.fr\/dessinateur\/gallery\/pop-up-store-magasin-ephemere-design-concept-store\/#primaryimage\"},\"datePublished\":\"2020-03-06T14:03:05+00:00\",\"dateModified\":\"2021-04-20T12:34:24+00:00\",\"description\":\"\\u00c9v\\u00e9nement conception pop-up stores : Mise en valeur d'\\u00e9v\\u00e9nement, conception d'am\\u00e9nagement de showroom et pop-up stores \\u00e9ph\\u00e9m\\u00e8re corner tout type de surface.\",\"breadcrumb\":{\"@id\":\"https:\/\/nyanpereira.fr\/dessinateur\/gallery\/pop-up-store-magasin-ephemere-design-concept-store\/#breadcrumb\"},\"inLanguage\":\"fr-FR\",\"potentialAction\":[{\"@type\":\"ReadAction\",\"target\":[\"https:\/\/nyanpereira.fr\/dessinateur\/gallery\/pop-up-store-magasin-ephemere-design-concept-store\/\"]}]},{\"@type\":\"BreadcrumbList\",\"@id\":\"https:\/\/nyanpereira.fr\/dessinateur\/gallery\/pop-up-store-magasin-ephemere-design-concept-store\/#breadcrumb\",\"itemListElement\":[{\"@type\":\"ListItem\",\"position\":1,\"name\":\"Accueil\",\"item\":\"https:\/\/nyanpereira.fr\/dessinateur\/\"},{\"@type\":\"ListItem\",\"position\":2,\"name\":\"Gallery\",\"item\":\"https:\/\/nyanpereira.fr\/dessinateur\/gallery\/\"},{\"@type\":\"ListItem\",\"position\":3,\"name\":\"Pop-up Store\"}]}]}<\/script>\n<!-- \/ Yoast SEO plugin. -->","yoast_head_json":{"title":"\u00c9v\u00e9nement : conception pop-up stores via le storyboard \/ Sc\u00e9nographie","description":"\u00c9v\u00e9nement conception pop-up stores : Mise en valeur d'\u00e9v\u00e9nement, conception d'am\u00e9nagement de showroom et pop-up stores \u00e9ph\u00e9m\u00e8re corner tout type de surface.","robots":{"index":"index","follow":"follow","max-snippet":"max-snippet:-1","max-image-preview":"max-image-preview:large","max-video-preview":"max-video-preview:-1"},"canonical":"https:\/\/nyanpereira.fr\/dessinateur\/gallery\/pop-up-store-magasin-ephemere-design-concept-store\/","og_locale":"fr_FR","og_type":"article","og_title":"\u00c9v\u00e9nement : conception pop-up stores via le storyboard \/ Sc\u00e9nographie","og_description":"\u00c9v\u00e9nement conception pop-up stores : Mise en valeur d'\u00e9v\u00e9nement, conception d'am\u00e9nagement de showroom et pop-up stores \u00e9ph\u00e9m\u00e8re corner tout type de surface.","og_url":"https:\/\/nyanpereira.fr\/dessinateur\/gallery\/pop-up-store-magasin-ephemere-design-concept-store\/","og_site_name":"Service Cr\u00e9atif &amp; Pr\u00e9sentation Artistique","article_modified_time":"2021-04-20T12:34:24+00:00","og_image":[{"width":360,"height":271,"url":"https:\/\/nyanpereira.fr\/dessinateur\/wp-content\/uploads\/2020\/01\/Menu.rough_.evenementiel.scenographie.pop-up.store_.design.magasins.ephemere-2.jpg","type":"image\/jpeg"}],"twitter_card":"summary_large_image","twitter_misc":{"Dur\u00e9e de lecture estim\u00e9e":"4 minutes"},"schema":{"@context":"https:\/\/schema.org","@graph":[{"@type":"Organization","@id":"https:\/\/nyanpereira.fr\/dessinateur\/#organization","name":"storyboarder Freelance","url":"https:\/\/nyanpereira.fr\/dessinateur\/","sameAs":[],"logo":{"@type":"ImageObject","@id":"https:\/\/nyanpereira.fr\/dessinateur\/#logo","inLanguage":"fr-FR","url":"","contentUrl":"","caption":"storyboarder Freelance"},"image":{"@id":"https:\/\/nyanpereira.fr\/dessinateur\/#logo"}},{"@type":"WebSite","@id":"https:\/\/nyanpereira.fr\/dessinateur\/#website","url":"https:\/\/nyanpereira.fr\/dessinateur\/","name":"Service Cr\u00e9atif &amp; Pr\u00e9sentation Artistique","description":"Roughs, Storyboard, Antimatic &amp; Photomontage","publisher":{"@id":"https:\/\/nyanpereira.fr\/dessinateur\/#organization"},"potentialAction":[{"@type":"SearchAction","target":{"@type":"EntryPoint","urlTemplate":"https:\/\/nyanpereira.fr\/dessinateur\/?s={search_term_string}"},"query-input":"required name=search_term_string"}],"inLanguage":"fr-FR"},{"@type":"ImageObject","@id":"https:\/\/nyanpereira.fr\/dessinateur\/gallery\/pop-up-store-magasin-ephemere-design-concept-store\/#primaryimage","inLanguage":"fr-FR","url":"https:\/\/nyanpereira.fr\/dessinateur\/wp-content\/uploads\/2020\/01\/Menu.rough_.evenementiel.scenographie.pop-up.store_.design.magasins.ephemere-2.jpg","contentUrl":"https:\/\/nyanpereira.fr\/dessinateur\/wp-content\/uploads\/2020\/01\/Menu.rough_.evenementiel.scenographie.pop-up.store_.design.magasins.ephemere-2.jpg","width":360,"height":271,"caption":"Menu.rough.evenementiel.scenographie.pop-up.store.design.magasins.ephemere-2"},{"@type":"WebPage","@id":"https:\/\/nyanpereira.fr\/dessinateur\/gallery\/pop-up-store-magasin-ephemere-design-concept-store\/#webpage","url":"https:\/\/nyanpereira.fr\/dessinateur\/gallery\/pop-up-store-magasin-ephemere-design-concept-store\/","name":"\u00c9v\u00e9nement : conception pop-up stores via le storyboard \/ Sc\u00e9nographie","isPartOf":{"@id":"https:\/\/nyanpereira.fr\/dessinateur\/#website"},"primaryImageOfPage":{"@id":"https:\/\/nyanpereira.fr\/dessinateur\/gallery\/pop-up-store-magasin-ephemere-design-concept-store\/#primaryimage"},"datePublished":"2020-03-06T14:03:05+00:00","dateModified":"2021-04-20T12:34:24+00:00","description":"\u00c9v\u00e9nement conception pop-up stores : Mise en valeur d'\u00e9v\u00e9nement, conception d'am\u00e9nagement de showroom et pop-up stores \u00e9ph\u00e9m\u00e8re corner tout type de surface.","breadcrumb":{"@id":"https:\/\/nyanpereira.fr\/dessinateur\/gallery\/pop-up-store-magasin-ephemere-design-concept-store\/#breadcrumb"},"inLanguage":"fr-FR","potentialAction":[{"@type":"ReadAction","target":["https:\/\/nyanpereira.fr\/dessinateur\/gallery\/pop-up-store-magasin-ephemere-design-concept-store\/"]}]},{"@type":"BreadcrumbList","@id":"https:\/\/nyanpereira.fr\/dessinateur\/gallery\/pop-up-store-magasin-ephemere-design-concept-store\/#breadcrumb","itemListElement":[{"@type":"ListItem","position":1,"name":"Accueil","item":"https:\/\/nyanpereira.fr\/dessinateur\/"},{"@type":"ListItem","position":2,"name":"Gallery","item":"https:\/\/nyanpereira.fr\/dessinateur\/gallery\/"},{"@type":"ListItem","position":3,"name":"Pop-up Store"}]}]}},"_links":{"self":[{"href":"https:\/\/nyanpereira.fr\/dessinateur\/wp-json\/wp\/v2\/pages\/7390"}],"collection":[{"href":"https:\/\/nyanpereira.fr\/dessinateur\/wp-json\/wp\/v2\/pages"}],"about":[{"href":"https:\/\/nyanpereira.fr\/dessinateur\/wp-json\/wp\/v2\/types\/page"}],"author":[{"embeddable":true,"href":"https:\/\/nyanpereira.fr\/dessinateur\/wp-json\/wp\/v2\/users\/1"}],"replies":[{"embeddable":true,"href":"https:\/\/nyanpereira.fr\/dessinateur\/wp-json\/wp\/v2\/comments?post=7390"}],"version-history":[{"count":88,"href":"https:\/\/nyanpereira.fr\/dessinateur\/wp-json\/wp\/v2\/pages\/7390\/revisions"}],"predecessor-version":[{"id":9392,"href":"https:\/\/nyanpereira.fr\/dessinateur\/wp-json\/wp\/v2\/pages\/7390\/revisions\/9392"}],"up":[{"embeddable":true,"href":"https:\/\/nyanpereira.fr\/dessinateur\/wp-json\/wp\/v2\/pages\/7339"}],"wp:featuredmedia":[{"embeddable":true,"href":"https:\/\/nyanpereira.fr\/dessinateur\/wp-json\/wp\/v2\/media\/7133"}],"wp:attachment":[{"href":"https:\/\/nyanpereira.fr\/dessinateur\/wp-json\/wp\/v2\/media?parent=7390"}],"curies":[{"name":"wp","href":"https:\/\/api.w.org\/{rel}","templated":true}]}}