{"id":5633,"date":"2020-01-31T15:34:11","date_gmt":"2020-01-31T14:34:11","guid":{"rendered":"https:\/\/preprod.nyanpereira.fr\/?page_id=5633"},"modified":"2021-01-24T18:25:44","modified_gmt":"2021-01-24T17:25:44","slug":"journal-actualites-news-dessinateur-motion-designer-freelance","status":"publish","type":"page","link":"https:\/\/nyanpereira.fr\/dessinateur\/journal-actualites-news-dessinateur-motion-designer-freelance\/","title":{"rendered":"Les derni\u00e8res News, Publications &#038; Actualit\u00e9s"},"content":{"rendered":"<div  class=\"one withsmallpadding ppb_text\" style=\"padding:30px 0 30px 0;\" >\n<div class=\"standard_wrapper\">\n<div class=\"page_content_wrapper\">\n<div class=\"inner\">\n<div style=\"margin:auto;width:100%\">\n<p><a href=\"https:\/\/nyanpereira.fr\/dessinateur\/storyboarding-elements-langages-cinematographiques-storyboarder-freelance\/\"><img loading=\"lazy\" class=\"alignleft wp-image-8667 size-full\" src=\"https:\/\/nyanpereira.fr\/dessinateur\/wp-content\/uploads\/2020\/05\/Banner.scenographie.storyboarding.jpg\" alt=\"Banner.scenographie.storyboarding\" width=\"1520\" height=\"241\" \/><\/a><\/p>\n<p style=\"text-align: center;\"><span style=\"color: #999999;\"><em><a style=\"color: #999999;\" href=\"https:\/\/preprod.nyanpereira.fr\/storyboarder-publicite-dolphin\/\">Rough<\/a>, <a style=\"color: #999999;\" href=\"https:\/\/www.pinterest.fr\/nroughman\/\" target=\"_blank\" rel=\"noopener noreferrer\">dessin<\/a>, <a style=\"color: #999999;\" href=\"https:\/\/www.instagram.com\/artiste_freelance\/\" target=\"_blank\" rel=\"noopener noreferrer\">croquis<\/a> pub, <a style=\"color: #999999;\" href=\"https:\/\/preprod.nyanpereira.fr\/universcience-expo-effets-speciaux\/\">storyboarding<\/a> cin\u00e9ma, <a style=\"color: #999999;\" href=\"https:\/\/preprod.nyanpereira.fr\/creation-production-animatics-secteur-publicite-paris\/\">animatics<\/a>, <a style=\"color: #999999;\" href=\"https:\/\/preprod.nyanpereira.fr\/scenographie-rough-photomontage\/\">sc\u00e9nographie<\/a>, <a style=\"color: #999999;\" href=\"https:\/\/preprod.nyanpereira.fr\/production-photographe-sticker-trompe-loeil-jcb\/\">photomontage<\/a>, <a style=\"color: #999999;\" href=\"https:\/\/preprod.nyanpereira.fr\/galleries\/speciale-chef-deco\/\">costume, stylisme<\/a>, <a style=\"color: #999999;\" href=\"https:\/\/preprod.nyanpereira.fr\/galleries\/pop-up-store-magasin-ephemere-design-concept-store\/\">pop-up store<\/a>, illustration&#8230; Nombreuses sont les recherches crayonn\u00e9s n\u00e9cessaire \u00e0 la production de films, d&rsquo;une publicit\u00e9 ou d&rsquo;une clips <a style=\"color: #999999;\" href=\"https:\/\/vimeo.com\/user63321688\" target=\"_blank\" rel=\"noopener noreferrer\">vid\u00e9o<\/a> web. Suivez toute nos actualit\u00e9s pub &#038; cin\u00e9ma via \u00e0 des articles et vid\u00e9os d&rsquo;artiste professionnel.\u00a0<\/em><\/span><\/p>\n<p>\u00a0<\/p>\n<\/div>\n<\/div>\n<\/div>\n<\/div>\n<\/div>\n<div  class=\"one ppb_blog_minimal\"style=\"padding:30px 0 30px 0;\" >\n<div class=\"page_content_wrapper\">\n<div class=\"inner\">\n<div class=\"inner_wrapper\">\n<div class=\"one_third_bg\"><a href=\"https:\/\/nyanpereira.fr\/dessinateur\/photomontage-europcar-covering-camion-tetris-making-of-photo-manipulation\/\"><\/p>\n<div class=\"blog_minimal_wrapper\">\n<div class=\"featured_image\" style=\"background-image:url('https:\/\/nyanpereira.fr\/dessinateur\/wp-content\/uploads\/2020\/03\/Making-of.campagne.publicite.covering.VU_.camion.europcar.tetris.photographe.freelance.jpg');\"><\/div>\n<div class=\"background_overlay\"><\/div>\n<div class=\"content\">\n<h4>Covering 20m3  Camion Europcar \/ Making-of Campagne d\u00e9m\u00e9nagement<\/h4>\n<div class=\"post_detail\">17 juillet 2020<\/div>\n<\/div>\n<\/div>\n<p><\/a><\/div>\n<div class=\"one_third_bg\"><a href=\"https:\/\/nyanpereira.fr\/dessinateur\/theatralisation-marketing-sephora-rough-evenementiel\/\"><\/p>\n<div class=\"blog_minimal_wrapper\">\n<div class=\"featured_image\" style=\"background-image:url('https:\/\/nyanpereira.fr\/dessinateur\/wp-content\/uploads\/2020\/01\/07.Roughs.evenementiels.scenographie.Theatralisation.marketing.ads_.words2-min.jpg');\"><\/div>\n<div class=\"background_overlay\"><\/div>\n<div class=\"content\">\n<h4>Sephora &#8211; Th\u00e9\u00e2tralisation marketing<\/h4>\n<div class=\"post_detail\">8 juin 2020<\/div>\n<\/div>\n<\/div>\n<p><\/a><\/div>\n<div class=\"one_third_bg\"><a href=\"https:\/\/nyanpereira.fr\/dessinateur\/roughs-evenementiels-galeries-lafayette-rough-shiseido-scenographie-conception-stand-expostion\/\"><\/p>\n<div class=\"blog_minimal_wrapper\">\n<div class=\"featured_image\" style=\"background-image:url('https:\/\/nyanpereira.fr\/dessinateur\/wp-content\/uploads\/2020\/02\/02.scenographe.professionel.thetralisation.marketing.evenement.paris_.nice-min.jpg');\"><\/div>\n<div class=\"background_overlay\"><\/div>\n<div class=\"content\">\n<h4>Shiseido \/ Roughs \u00c9v\u00e9nementiels \/ Galeries Lafayette \u00e0 Paris.<\/h4>\n<div class=\"post_detail\">13 mai 2020<\/div>\n<\/div>\n<\/div>\n<p><\/a><\/div>\n<div class=\"one_third_bg\"><a href=\"https:\/\/nyanpereira.fr\/dessinateur\/roughs-evenementiels-terrasse-the-hoxton-rough-cointreau-scenographie-marketing-secteur-spiritueux\/\"><\/p>\n<div class=\"blog_minimal_wrapper\">\n<div class=\"featured_image\" style=\"background-image:url('https:\/\/nyanpereira.fr\/dessinateur\/wp-content\/uploads\/2020\/02\/08.storyboarder.scenographe.freelance.paris_.spectacle.cinema.france.paris19-min.jpg');\"><\/div>\n<div class=\"background_overlay\"><\/div>\n<div class=\"content\">\n<h4>COINTREAU \/ Roughs \u00e9v\u00e9nementiels \/ Rivi\u00e9 | The Hoxton \/ Paris.<\/h4>\n<div class=\"post_detail\">13 mai 2020<\/div>\n<\/div>\n<\/div>\n<p><\/a><\/div>\n<div class=\"one_third_bg\"><a href=\"https:\/\/nyanpereira.fr\/dessinateur\/roughs-evenementiels-maison-brownfroman-jack-daniels-scenographie-marketing-secteur-spiritueux\/\"><\/p>\n<div class=\"blog_minimal_wrapper\">\n<div class=\"featured_image\" style=\"background-image:url('https:\/\/nyanpereira.fr\/dessinateur\/wp-content\/uploads\/2020\/02\/02.scenographe.professionel.thetralisation.marketing.evenement.paris_.nice16-min.jpg');\"><\/div>\n<div class=\"background_overlay\"><\/div>\n<div class=\"content\">\n<h4>Jack Daniel\u2019s Tennesse Whiskey : Marketing<\/h4>\n<div class=\"post_detail\">12 mai 2020<\/div>\n<\/div>\n<\/div>\n<p><\/a><\/div>\n<div class=\"one_third_bg\"><a href=\"https:\/\/nyanpereira.fr\/dessinateur\/storybord-pub-empreinte-julier-gautier-film-publicitaire\/\"><\/p>\n<div class=\"blog_minimal_wrapper\">\n<div class=\"featured_image\" style=\"background-image:url('https:\/\/nyanpereira.fr\/dessinateur\/wp-content\/uploads\/2020\/02\/08.storyboarder.scenographe.freelance.paris_.spectacle.cinema.france.paris126-min.jpg');\"><\/div>\n<div class=\"background_overlay\"><\/div>\n<div class=\"content\">\n<h4>Storyboard \/ EMPREINTE film publicitaire by Julier Gautier<\/h4>\n<div class=\"post_detail\">14 avril 2020<\/div>\n<\/div>\n<\/div>\n<p><\/a><\/div>\n<div class=\"one_third_bg\"><a href=\"https:\/\/nyanpereira.fr\/dessinateur\/storyboarding-elements-langages-cinematographiques-storyboarder-freelance\/\"><\/p>\n<div class=\"blog_minimal_wrapper\">\n<div class=\"featured_image\" style=\"background-image:url('https:\/\/nyanpereira.fr\/dessinateur\/wp-content\/uploads\/2020\/01\/Dessinateur.metier.original.pub_.cinema.storyboarding.paris7-min.jpg');\"><\/div>\n<div class=\"background_overlay\"><\/div>\n<div class=\"content\">\n<h4>Lexique du STORYBOARDER &#038; \u00c9l\u00e9ments de Langages cin\u00e9matographiques<\/h4>\n<div class=\"post_detail\">5 avril 2020<\/div>\n<\/div>\n<\/div>\n<p><\/a><\/div>\n<div class=\"one_third_bg\"><a href=\"https:\/\/nyanpereira.fr\/dessinateur\/animatics-pree-tests-campagne-publicite-helene-segara-weight-watchers-communication-web\/\"><\/p>\n<div class=\"blog_minimal_wrapper\">\n<div class=\"featured_image\" style=\"background-image:url('https:\/\/nyanpereira.fr\/dessinateur\/wp-content\/uploads\/2020\/02\/Animatics.pub_.publicite.pre-test.marketing.storyboarder.motion.freelance.5.jpg');\"><\/div>\n<div class=\"background_overlay\"><\/div>\n<div class=\"content\">\n<h4>H\u00e9l\u00e8ne Segara \/ Storyboard &#8211; Pr\u00e9-tests Publicit\u00e9<\/h4>\n<div class=\"post_detail\">3 mars 2020<\/div>\n<\/div>\n<\/div>\n<p><\/a><\/div>\n<div class=\"one_third_bg\"><a href=\"https:\/\/nyanpereira.fr\/dessinateur\/storyboarder-production-animatics-pre-tests-publicite-pharmaceutique\/\"><\/p>\n<div class=\"blog_minimal_wrapper\">\n<div class=\"featured_image\" style=\"background-image:url('https:\/\/nyanpereira.fr\/dessinateur\/wp-content\/uploads\/2020\/02\/Animatics.pub_.publicite.pre-test.marketing.storyboarder.motion.freelance-2.jpg');\"><\/div>\n<div class=\"background_overlay\"><\/div>\n<div class=\"content\">\n<h4>Animatics &#038; pr\u00e9-tests Publicit\u00e9  pour le Secteur pharmaceutique<\/h4>\n<div class=\"post_detail\">26 f\u00e9vrier 2020<\/div>\n<\/div>\n<\/div>\n<p><\/a><\/div>\n<div class=\"one_third_bg\"><a href=\"https:\/\/nyanpereira.fr\/dessinateur\/universcience-expo-effets-speciaux\/\"><\/p>\n<div class=\"blog_minimal_wrapper\">\n<div class=\"featured_image\" style=\"background-image:url('https:\/\/nyanpereira.fr\/dessinateur\/wp-content\/uploads\/2020\/02\/07.storyboarder.frelance.pub_.draw_.cinema.france.paris22-min.jpg');\"><\/div>\n<div class=\"background_overlay\"><\/div>\n<div class=\"content\">\n<h4>LES TECHNIQUES CIN\u00c9MATOGRAPHIQUES DE BASE<\/h4>\n<div class=\"post_detail\">14 f\u00e9vrier 2020<\/div>\n<\/div>\n<\/div>\n<p><\/a><\/div>\n<div class=\"one_third_bg\"><a href=\"https:\/\/nyanpereira.fr\/dessinateur\/europcar-covering-dragon-gots8-making-of-campagne-publicite-game-of-thrones-ocs\/\"><\/p>\n<div class=\"blog_minimal_wrapper\">\n<div class=\"featured_image\" style=\"background-image:url('https:\/\/nyanpereira.fr\/dessinateur\/wp-content\/uploads\/2020\/02\/VignetteGOT.jpg');\"><\/div>\n<div class=\"background_overlay\"><\/div>\n<div class=\"content\">\n<h4>PHOTOMONTAGE  &#8211; EUROPCAR \/  Campagne COVERING  &#8211; GOTS8<\/h4>\n<div class=\"post_detail\">14 f\u00e9vrier 2020<\/div>\n<\/div>\n<\/div>\n<p><\/a><\/div>\n<div class=\"one_third_bg\"><a href=\"https:\/\/nyanpereira.fr\/dessinateur\/storyboarder-storybording-metier-paris\/\"><\/p>\n<div class=\"blog_minimal_wrapper\">\n<div class=\"featured_image\" style=\"background-image:url('https:\/\/nyanpereira.fr\/dessinateur\/wp-content\/uploads\/2018\/02\/01.making-of.dessinateur.storyboard-freelance.film_.publicite.jpg');\"><\/div>\n<div class=\"background_overlay\"><\/div>\n<div class=\"content\">\n<h4>Storyboarder de M\u00e9tier<\/h4>\n<div class=\"post_detail\">1 f\u00e9vrier 2020<\/div>\n<\/div>\n<\/div>\n<p><\/a><\/div>\n<div class=\"one_third_bg\"><a href=\"https:\/\/nyanpereira.fr\/dessinateur\/storyboarder-publicite-dolphin\/\"><\/p>\n<div class=\"blog_minimal_wrapper\">\n<div class=\"featured_image\" style=\"background-image:url('https:\/\/nyanpereira.fr\/dessinateur\/wp-content\/uploads\/2020\/02\/07.storyboarder.frelance.pub_.draw_.cinema.france.paris18.jpg');\"><\/div>\n<div class=\"background_overlay\"><\/div>\n<div class=\"content\">\n<h4>Storyboard &#8211; Campagne Dolphin \/ PUB<\/h4>\n<div class=\"post_detail\">28 janvier 2020<\/div>\n<\/div>\n<\/div>\n<p><\/a><\/div>\n<div class=\"one_third_bg\"><a href=\"https:\/\/nyanpereira.fr\/dessinateur\/animatic-leroymerlin-storymatic-publicite\/\"><\/p>\n<div class=\"blog_minimal_wrapper\">\n<div class=\"featured_image\" style=\"background-image:url('https:\/\/nyanpereira.fr\/dessinateur\/wp-content\/uploads\/2020\/01\/Animatic.leroy-merlin.Dessin.avant-publicite\u0301.vide\u0301o.roughman-motion.Paca_.france.jpg');\"><\/div>\n<div class=\"background_overlay\"><\/div>\n<div class=\"content\">\n<h4>Animateur 2D Freelance \/ ANIMATICS Leroy Merlin<\/h4>\n<div class=\"post_detail\">20 novembre 2019<\/div>\n<\/div>\n<\/div>\n<p><\/a><\/div>\n<div class=\"one_third_bg\"><a href=\"https:\/\/nyanpereira.fr\/dessinateur\/vitrine-decoration-dete\/\"><\/p>\n<div class=\"blog_minimal_wrapper\">\n<div class=\"featured_image\" style=\"background-image:url('https:\/\/nyanpereira.fr\/dessinateur\/wp-content\/uploads\/2017\/11\/03-3.production.vitrine.peinture.vitre_.decoration.ambiance.plage_.ete_.summer.BAR_.BRASSERIE.RESTAURANT.jpg');\"><\/div>\n<div class=\"background_overlay\"><\/div>\n<div class=\"content\">\n<h4>D\u00e9co \u00c9t\u00e9 &#8211; D\u00e9coration estivale vitrine &#038; magasins<\/h4>\n<div class=\"post_detail\">21 juin 2019<\/div>\n<\/div>\n<\/div>\n<p><\/a><\/div>\n<div class=\"one_third_bg\"><a href=\"https:\/\/nyanpereira.fr\/dessinateur\/production-animatics-pub-alsa-storybord-campagne-spot-tv\/\"><\/p>\n<div class=\"blog_minimal_wrapper\">\n<div class=\"featured_image\" style=\"background-image:url('https:\/\/nyanpereira.fr\/dessinateur\/wp-content\/uploads\/2020\/01\/Animatic.alsa_.publicite.video_.Dessin.animateur.2d.Paca_.france.jpg.jpg');\"><\/div>\n<div class=\"background_overlay\"><\/div>\n<div class=\"content\">\n<h4>PUB ALSA \/ Animatic production<\/h4>\n<div class=\"post_detail\">12 mai 2019<\/div>\n<\/div>\n<\/div>\n<p><\/a><\/div>\n<div class=\"one_third_bg\"><a href=\"https:\/\/nyanpereira.fr\/dessinateur\/printemps-vitrine-peinture-decoration-springtime\/\"><\/p>\n<div class=\"blog_minimal_wrapper\">\n<div class=\"featured_image\" style=\"background-image:url('https:\/\/nyanpereira.fr\/dessinateur\/wp-content\/uploads\/2017\/03\/vitrines.peintes.printemps.decoration.irlandaisest.patrick.event_.9.png');\"><\/div>\n<div class=\"background_overlay\"><\/div>\n<div class=\"content\">\n<h4>Vitrine St Patrick\u2019s Day<\/h4>\n<div class=\"post_detail\">14 mars 2019<\/div>\n<\/div>\n<\/div>\n<p><\/a><\/div>\n<div class=\"one_third_bg\"><a href=\"https:\/\/nyanpereira.fr\/dessinateur\/printemps-vitrines-peintes\/\"><\/p>\n<div class=\"blog_minimal_wrapper\">\n<div class=\"featured_image\" style=\"background-image:url('https:\/\/nyanpereira.fr\/dessinateur\/wp-content\/uploads\/2014\/03\/3.vitrine.peinte.decoration.printemps.hyperu-1024x722.png');\"><\/div>\n<div class=\"background_overlay\"><\/div>\n<div class=\"content\">\n<h4>Vitrines  Printemps \/ HYPER-U<\/h4>\n<div class=\"post_detail\">10 mars 2019<\/div>\n<\/div>\n<\/div>\n<p><\/a><\/div>\n<div class=\"one_third_bg\"><a href=\"https:\/\/nyanpereira.fr\/dessinateur\/photomontage-total-covering-campagne-vehicule-utilitaire-jcb-france\/\"><\/p>\n<div class=\"blog_minimal_wrapper\">\n<div class=\"featured_image\" style=\"background-image:url('https:\/\/nyanpereira.fr\/dessinateur\/wp-content\/uploads\/2020\/02\/Videomaking-of-photomontage.JCB_.sticker.total_.covering.campagne.PUB_.2.jpg');\"><\/div>\n<div class=\"background_overlay\"><\/div>\n<div class=\"content\">\n<h4>TOTAL COVERING &#8211; Campagne v\u00e9hicule utilitaire<\/h4>\n<div class=\"post_detail\">9 f\u00e9vrier 2019<\/div>\n<\/div>\n<\/div>\n<p><\/a><\/div>\n<div class=\"one_third_bg\"><a href=\"https:\/\/nyanpereira.fr\/dessinateur\/vitrine-peinture-suivez-nous\/\"><\/p>\n<div class=\"blog_minimal_wrapper\">\n<div class=\"featured_image\" style=\"background-image:url('https:\/\/nyanpereira.fr\/dessinateur\/wp-content\/uploads\/2018\/01\/004-Decoration.hiver_.noel_.vitrine.peinture.original.drawing-1024x722.png');\"><\/div>\n<div class=\"background_overlay\"><\/div>\n<div class=\"content\">\n<h4>Vitrines vivantes &#038; p\u00e9tillantes<\/h4>\n<div class=\"post_detail\">10 d\u00e9cembre 2018<\/div>\n<\/div>\n<\/div>\n<p><\/a><\/div>\n<div class=\"one_third_bg\"><a href=\"https:\/\/nyanpereira.fr\/dessinateur\/decoration-noel-vitrine-centre-commercial-peinture\/\"><\/p>\n<div class=\"blog_minimal_wrapper\">\n<div class=\"featured_image\" style=\"background-image:url('https:\/\/nyanpereira.fr\/dessinateur\/wp-content\/uploads\/2020\/02\/Menu.peinture.Vitre_.evenementiel.decoration.deco_.devanture.magasin.2.jpg');\"><\/div>\n<div class=\"background_overlay\"><\/div>\n<div class=\"content\">\n<h4>D\u00e9coration Hiver &#038; No\u00ebl<\/h4>\n<div class=\"post_detail\">8 novembre 2018<\/div>\n<\/div>\n<\/div>\n<p><\/a><\/div>\n<div class=\"one_third_bg\"><a href=\"https:\/\/nyanpereira.fr\/dessinateur\/decoration-sur-vitre-peinture-sur-verre\/\"><\/p>\n<div class=\"blog_minimal_wrapper\">\n<div class=\"featured_image\" style=\"background-image:url('https:\/\/nyanpereira.fr\/dessinateur\/wp-content\/uploads\/2018\/10\/03.Vitrine.originale.decoration.tendance.automne.halloween.peinture.vitre_.artiste-1024x722.png');\"><\/div>\n<div class=\"background_overlay\"><\/div>\n<div class=\"content\">\n<h4>Vitrines d&rsquo;Automne<\/h4>\n<div class=\"post_detail\">21 octobre 2018<\/div>\n<\/div>\n<\/div>\n<p><\/a><\/div>\n<div class=\"one_third_bg\"><a href=\"https:\/\/nyanpereira.fr\/dessinateur\/vitrine-artistique-peinture-original\/\"><\/p>\n<div class=\"blog_minimal_wrapper\">\n<div class=\"featured_image\" style=\"background-image:url('https:\/\/nyanpereira.fr\/dessinateur\/wp-content\/uploads\/2018\/03\/015-russia.2018.coupe-du-monde.Decoration.vitrine.peinture.original.tendance.luxe--1024x722.png');\"><\/div>\n<div class=\"background_overlay\"><\/div>\n<div class=\"content\">\n<h4>Vitrine football &#038; RUSSIA 2018<\/h4>\n<div class=\"post_detail\">7 juin 2018<\/div>\n<\/div>\n<\/div>\n<p><\/a><\/div>\n<div class=\"one_third_bg\"><a href=\"https:\/\/nyanpereira.fr\/dessinateur\/storyborder-storybording-metier\/\"><\/p>\n<div class=\"blog_minimal_wrapper\">\n<div class=\"featured_image\" style=\"background-image:url('https:\/\/nyanpereira.fr\/dessinateur\/wp-content\/uploads\/2020\/01\/Menu.reference.storyboarer.freelance.pub_.cinema-2.jpg');\"><\/div>\n<div class=\"background_overlay\"><\/div>\n<div class=\"content\">\n<h4>Book storyboard d&rsquo;un professionnel\u00a0<\/h4>\n<div class=\"post_detail\">1 f\u00e9vrier 2018<\/div>\n<\/div>\n<\/div>\n<p><\/a><\/div>\n<div class=\"one_third_bg\"><a href=\"https:\/\/nyanpereira.fr\/dessinateur\/weight-watchers-campagne-dessin-storyboard-pub-spot-rough-couleur-storyboarding\/\"><\/p>\n<div class=\"blog_minimal_wrapper\">\n<div class=\"featured_image\" style=\"background-image:url('https:\/\/nyanpereira.fr\/dessinateur\/wp-content\/uploads\/2020\/02\/Animatics.pub_.Weight-Watchers.campagne.publicite.pre-test.marketing.storyboarder.freelance-2.jpg');\"><\/div>\n<div class=\"background_overlay\"><\/div>\n<div class=\"content\">\n<h4>Weight Watchers \/ Campagne &#038; storyboard d&rsquo;un spot publicitaire !<\/h4>\n<div class=\"post_detail\">3 d\u00e9cembre 2017<\/div>\n<\/div>\n<\/div>\n<p><\/a><\/div>\n<div class=\"one_third_bg\"><a href=\"https:\/\/nyanpereira.fr\/dessinateur\/communication-storyborder\/\"><\/p>\n<div class=\"blog_minimal_wrapper\">\n<div class=\"content\">\n<h4>Story-boarder &#038; Vacances Cr\u00e9atives<\/h4>\n<div class=\"post_detail\">20 juillet 2017<\/div>\n<\/div>\n<\/div>\n<p><\/a><\/div>\n<div class=\"one_third_bg\"><a href=\"https:\/\/nyanpereira.fr\/dessinateur\/storyboarder-cinema-david-russell\/\"><\/p>\n<div class=\"blog_minimal_wrapper\">\n<div class=\"featured_image\" style=\"background-image:url('https:\/\/nyanpereira.fr\/dessinateur\/wp-content\/uploads\/2017\/08\/article.David_.Russell.storyboarder.pro_.1.jpg');\"><\/div>\n<div class=\"background_overlay\"><\/div>\n<div class=\"content\">\n<h4>Storyboarder Cinema \/ Interview David Russell<\/h4>\n<div class=\"post_detail\">22 f\u00e9vrier 2017<\/div>\n<\/div>\n<\/div>\n<p><\/a><\/div>\n<div class=\"one_third_bg\"><a href=\"https:\/\/nyanpereira.fr\/dessinateur\/peinture-sur-vitrine-halloween\/\"><\/p>\n<div class=\"blog_minimal_wrapper\">\n<div class=\"featured_image\" style=\"background-image:url('https:\/\/nyanpereira.fr\/dessinateur\/wp-content\/uploads\/2016\/10\/14-Vitrine.peinture.service.decoration.Automne.jpg');\"><\/div>\n<div class=\"background_overlay\"><\/div>\n<div class=\"content\">\n<h4>Vitrine d&rsquo;Halloween &#8211; Peinture sur Vitres<\/h4>\n<div class=\"post_detail\">27 octobre 2016<\/div>\n<\/div>\n<\/div>\n<p><\/a><\/div>\n<div class=\"one_third_bg\"><a href=\"https:\/\/nyanpereira.fr\/dessinateur\/decoration-vitrine-peinte-jeux-olympique-2016\/\"><\/p>\n<div class=\"blog_minimal_wrapper\">\n<div class=\"featured_image\" style=\"background-image:url('https:\/\/nyanpereira.fr\/dessinateur\/wp-content\/uploads\/2014\/03\/Vitrine.peinte.decoration.jeux_.olympique.summer5.png');\"><\/div>\n<div class=\"background_overlay\"><\/div>\n<div class=\"content\">\n<h4>Vitrine Olympique<\/h4>\n<div class=\"post_detail\">7 juillet 2016<\/div>\n<\/div>\n<\/div>\n<p><\/a><\/div>\n<div class=\"one_third_bg\"><a href=\"https:\/\/nyanpereira.fr\/dessinateur\/metier-publicite-marketing-roughman\/\"><\/p>\n<div class=\"blog_minimal_wrapper\">\n<div class=\"featured_image\" style=\"background-image:url('https:\/\/nyanpereira.fr\/dessinateur\/wp-content\/uploads\/2015\/03\/Dessin.aquatique.plonger.sport_.snorking.planet.artiste.png');\"><\/div>\n<div class=\"background_overlay\"><\/div>\n<div class=\"content\">\n<h4>Sports &#038; Vacances d&rsquo;\u00e9t\u00e9<\/h4>\n<div class=\"post_detail\">27 juin 2016<\/div>\n<\/div>\n<\/div>\n<p><\/a><\/div>\n<div class=\"one_third_bg\"><a href=\"https:\/\/nyanpereira.fr\/dessinateur\/vitrines-peintes-2015-2016\/\"><\/p>\n<div class=\"blog_minimal_wrapper\">\n<div class=\"content\">\n<h4>Vitrines Peintes \u00e0 la Mains<\/h4>\n<div class=\"post_detail\">10 juin 2016<\/div>\n<\/div>\n<\/div>\n<p><\/a><\/div>\n<div class=\"one_third_bg\"><a href=\"https:\/\/nyanpereira.fr\/dessinateur\/galerie-animatic-storyborder-motion\/\"><\/p>\n<div class=\"blog_minimal_wrapper\">\n<div class=\"featured_image\" style=\"background-image:url('https:\/\/nyanpereira.fr\/dessinateur\/wp-content\/uploads\/2014\/01\/Animation-Alsa.png');\"><\/div>\n<div class=\"background_overlay\"><\/div>\n<div class=\"content\">\n<h4>Playliste animation 2D \/ Quelques r\u00e9f\u00e9rences d&rsquo;ANIMATICS<\/h4>\n<div class=\"post_detail\">28 janvier 2016<\/div>\n<\/div>\n<\/div>\n<p><\/a><\/div>\n<div class=\"one_third_bg\"><a href=\"https:\/\/nyanpereira.fr\/dessinateur\/voeux-original-creatif\/\"><\/p>\n<div class=\"blog_minimal_wrapper\">\n<div class=\"featured_image\" style=\"background-image:url('https:\/\/nyanpereira.fr\/dessinateur\/wp-content\/uploads\/2016\/01\/Photomontage.V\u0153ux.fin_.danne_.newyeras.creative.original.jpg');\"><\/div>\n<div class=\"background_overlay\"><\/div>\n<div class=\"content\">\n<h4>Photomontage \/ Carte de V\u0153ux<\/h4>\n<div class=\"post_detail\">26 janvier 2016<\/div>\n<\/div>\n<\/div>\n<p><\/a><\/div>\n<div class=\"one_third_bg\"><a href=\"https:\/\/nyanpereira.fr\/dessinateur\/conception-signaletique-magasin\/\"><\/p>\n<div class=\"blog_minimal_wrapper\">\n<div class=\"content\">\n<h4>Signal\u00e9tique<\/h4>\n<div class=\"post_detail\">12 octobre 2015<\/div>\n<\/div>\n<\/div>\n<p><\/a><\/div>\n<div class=\"one_third_bg\"><a href=\"https:\/\/nyanpereira.fr\/dessinateur\/photomontage-pub\/\"><\/p>\n<div class=\"blog_minimal_wrapper\">\n<div class=\"featured_image\" style=\"background-image:url('https:\/\/nyanpereira.fr\/dessinateur\/wp-content\/uploads\/2020\/02\/Scenographie.video-motion.retouche-photo.Lapeyre.photohraphe.cuisine.stopmotion-2.jpg');\"><\/div>\n<div class=\"background_overlay\"><\/div>\n<div class=\"content\">\n<h4>Photomontages : Service &#038; Publicit\u00e9<\/h4>\n<div class=\"post_detail\">5 octobre 2015<\/div>\n<\/div>\n<\/div>\n<p><\/a><\/div>\n<div class=\"one_third_bg\"><a href=\"https:\/\/nyanpereira.fr\/dessinateur\/restauration-peinture-art-patrimoine-cirque\/\"><\/p>\n<div class=\"blog_minimal_wrapper\">\n<div class=\"content\">\n<h4>Peintre pour CIRQUE<\/h4>\n<div class=\"post_detail\">11 septembre 2015<\/div>\n<\/div>\n<\/div>\n<p><\/a><\/div>\n<div class=\"one_third_bg\"><a href=\"https:\/\/nyanpereira.fr\/dessinateur\/photographie-architectures-paca-paris\/\"><\/p>\n<div class=\"blog_minimal_wrapper\">\n<div class=\"featured_image\" style=\"background-image:url('https:\/\/nyanpereira.fr\/dessinateur\/wp-content\/uploads\/2015\/08\/phtgraphie.JCB_.concession.engin_.chantier.jpg');\"><\/div>\n<div class=\"background_overlay\"><\/div>\n<div class=\"content\">\n<h4>Photographe Professionnel Secteur BTP \/ JCB<\/h4>\n<div class=\"post_detail\">31 ao\u00fbt 2015<\/div>\n<\/div>\n<\/div>\n<p><\/a><\/div>\n<div class=\"one_third_bg\"><a href=\"https:\/\/nyanpereira.fr\/dessinateur\/sos-roughman-disponible-tout-ete-2015\/\"><\/p>\n<div class=\"blog_minimal_wrapper\">\n<div class=\"content\">\n<h4>Sauvetage Cr\u00e9atif<\/h4>\n<div class=\"post_detail\">10 juillet 2015<\/div>\n<\/div>\n<\/div>\n<p><\/a><\/div>\n<div class=\"one_third_bg\"><a href=\"https:\/\/nyanpereira.fr\/dessinateur\/storyboard-animation-3d-fondation-sylvia-bongo-ondimbaau-gabon\/\"><\/p>\n<div class=\"blog_minimal_wrapper\">\n<div class=\"featured_image\" style=\"background-image:url('https:\/\/nyanpereira.fr\/dessinateur\/wp-content\/uploads\/2015\/05\/Storyborde.Fleur_.de_.papier.Animation.Dessinateur.film_.publicite\u0301.Gabon_.capote.sida4_-725x1024-1.jpg');\"><\/div>\n<div class=\"background_overlay\"><\/div>\n<div class=\"content\">\n<h4>Storyboard animation 3D \/  Fondation Sylvia Bongo Ondimbaau\u00a0<\/h4>\n<div class=\"post_detail\">13 mai 2015<\/div>\n<\/div>\n<\/div>\n<p><\/a><\/div>\n<div class=\"one_third_bg\"><a href=\"https:\/\/nyanpereira.fr\/dessinateur\/photomontage\/\"><\/p>\n<div class=\"blog_minimal_wrapper\">\n<div class=\"content\">\n<h4>Photomontages Travaux<\/h4>\n<div class=\"post_detail\">13 mai 2015<\/div>\n<\/div>\n<\/div>\n<p><\/a><\/div>\n<div class=\"one_third_bg\"><a href=\"https:\/\/nyanpereira.fr\/dessinateur\/dessinateur-dessin-nu-anatomie-humaine\/\"><\/p>\n<div class=\"blog_minimal_wrapper\">\n<div class=\"content\">\n<h4>Dessin &#038; Anatomie<\/h4>\n<div class=\"post_detail\">2 avril 2015<\/div>\n<\/div>\n<\/div>\n<p><\/a><\/div>\n<div class=\"one_third_bg\"><a href=\"https:\/\/nyanpereira.fr\/dessinateur\/service-photomotion-animatic\/\"><\/p>\n<div class=\"blog_minimal_wrapper\">\n<div class=\"content\">\n<h4>PhotoMotion<\/h4>\n<div class=\"post_detail\">30 janvier 2015<\/div>\n<\/div>\n<\/div>\n<p><\/a><\/div>\n<div class=\"one_third_bg\"><a href=\"https:\/\/nyanpereira.fr\/dessinateur\/hommage-dessinateur-francais-charlie-hebdo-2015\/\"><\/p>\n<div class=\"blog_minimal_wrapper\">\n<div class=\"content\">\n<h4>\u00ab\u00a0Je suis Charlie\u00a0\u00bb<\/h4>\n<div class=\"post_detail\">8 janvier 2015<\/div>\n<\/div>\n<\/div>\n<p><\/a><\/div>\n<div class=\"one_third_bg\"><a href=\"https:\/\/nyanpereira.fr\/dessinateur\/video-scenographie-japon\/\"><\/p>\n<div class=\"blog_minimal_wrapper\">\n<div class=\"content\">\n<h4>Sc\u00e9nographie Japon<\/h4>\n<div class=\"post_detail\">2 janvier 2015<\/div>\n<\/div>\n<\/div>\n<p><\/a><\/div>\n<div class=\"one_third_bg\"><a href=\"https:\/\/nyanpereira.fr\/dessinateur\/vitrine-camion-decoration-utilitaire-noel\/\"><\/p>\n<div class=\"blog_minimal_wrapper\">\n<div class=\"content\">\n<h4>d\u00e9coration Utilitaires de No\u00ebl<\/h4>\n<div class=\"post_detail\">1 d\u00e9cembre 2014<\/div>\n<\/div>\n<\/div>\n<p><\/a><\/div>\n<div class=\"one_third_bg\"><a href=\"https:\/\/nyanpereira.fr\/dessinateur\/rough-pub-dessin-aus-traits\/\"><\/p>\n<div class=\"blog_minimal_wrapper\">\n<div class=\"content\">\n<h4>Rough S\u00e9rie<\/h4>\n<div class=\"post_detail\">6 octobre 2014<\/div>\n<\/div>\n<\/div>\n<p><\/a><\/div>\n<div class=\"one_third_bg\"><a href=\"https:\/\/nyanpereira.fr\/dessinateur\/animatic-storyboard\/\"><\/p>\n<div class=\"blog_minimal_wrapper\">\n<div class=\"content\">\n<h4>StoryBoarder Pub<\/h4>\n<div class=\"post_detail\">7 mai 2014<\/div>\n<\/div>\n<\/div>\n<p><\/a><\/div>\n<div class=\"one_third_bg\"><a href=\"https:\/\/nyanpereira.fr\/dessinateur\/photomontage-total-covering-creatif-impactante-decalee-region-paca\/\"><\/p>\n<div class=\"blog_minimal_wrapper\">\n<div class=\"featured_image\" style=\"background-image:url('https:\/\/nyanpereira.fr\/dessinateur\/wp-content\/uploads\/2014\/05\/Photo.manipulation.total_.covering.vehicule.tourisme.jpg');\"><\/div>\n<div class=\"background_overlay\"><\/div>\n<div class=\"content\">\n<h4>Total Covering INTER RENT<\/h4>\n<div class=\"post_detail\">5 mai 2014<\/div>\n<\/div>\n<\/div>\n<p><\/a><\/div>\n<div class=\"one_third_bg\"><a href=\"https:\/\/nyanpereira.fr\/dessinateur\/photomontage-videomotion\/\"><\/p>\n<div class=\"blog_minimal_wrapper\">\n<div class=\"content\">\n<h4>Vid\u00e9o &#038; PhotoMontage<\/h4>\n<div class=\"post_detail\">9 avril 2014<\/div>\n<\/div>\n<\/div>\n<p><\/a><\/div>\n<div class=\"one_third_bg\"><a href=\"https:\/\/nyanpereira.fr\/dessinateur\/caricaturiste-caricature-live-var\/\"><\/p>\n<div class=\"blog_minimal_wrapper\">\n<div class=\"content\">\n<h4>Caricaturiste Tableau<\/h4>\n<div class=\"post_detail\">21 mars 2014<\/div>\n<\/div>\n<\/div>\n<p><\/a><\/div>\n<div class=\"one_third_bg\"><a href=\"https:\/\/nyanpereira.fr\/dessinateur\/illustration-photographie-alimentaire\/\"><\/p>\n<div class=\"blog_minimal_wrapper\">\n<div class=\"featured_image\" style=\"background-image:url('https:\/\/nyanpereira.fr\/dessinateur\/wp-content\/uploads\/2014\/03\/ILLUSTRAION.Photo_.Alimantaire.yaourt.packshot.jpg');\"><\/div>\n<div class=\"background_overlay\"><\/div>\n<div class=\"content\">\n<h4>Packaging illustration Alimentaire<\/h4>\n<div class=\"post_detail\">10 mars 2014<\/div>\n<\/div>\n<\/div>\n<p><\/a><\/div>\n<div class=\"one_third_bg\"><a href=\"https:\/\/nyanpereira.fr\/dessinateur\/roughman-freelance\/\"><\/p>\n<div class=\"blog_minimal_wrapper\">\n<div class=\"featured_image\" style=\"background-image:url('https:\/\/nyanpereira.fr\/dessinateur\/wp-content\/uploads\/2014\/03\/roughman.roughs.planche.stroryboard.film_.pub_.jpg');\"><\/div>\n<div class=\"background_overlay\"><\/div>\n<div class=\"content\">\n<h4>Rough \u00c9volution<\/h4>\n<div class=\"post_detail\">7 mars 2014<\/div>\n<\/div>\n<\/div>\n<p><\/a><\/div>\n<div class=\"one_third_bg\"><a href=\"https:\/\/nyanpereira.fr\/dessinateur\/motion-designer-animatic-freelance\/\"><\/p>\n<div class=\"blog_minimal_wrapper\">\n<div class=\"content\">\n<h4>Animatic &#038; StoryBoard<\/h4>\n<div class=\"post_detail\">17 janvier 2014<\/div>\n<\/div>\n<\/div>\n<p><\/a><\/div>\n<div class=\"one_third_bg\"><a href=\"https:\/\/nyanpereira.fr\/dessinateur\/decoration-vitrine-peinte-a-la-main\/\"><\/p>\n<div class=\"blog_minimal_wrapper\">\n<div class=\"featured_image\" style=\"background-image:url('https:\/\/nyanpereira.fr\/dessinateur\/wp-content\/uploads\/2014\/01\/145-idees.deco_.Vitrine.boulangerie.peinture.Noel_.nice_.france.jpg.jpg');\"><\/div>\n<div class=\"background_overlay\"><\/div>\n<div class=\"content\">\n<h4>Vitrine original pour No\u00ebl<\/h4>\n<div class=\"post_detail\">7 janvier 2014<\/div>\n<\/div>\n<\/div>\n<p><\/a><\/div>\n<div class=\"one_third_bg\"><a href=\"https:\/\/nyanpereira.fr\/dessinateur\/rough-catalogue-gamm-vert\/\"><\/p>\n<div class=\"blog_minimal_wrapper\">\n<div class=\"featured_image\" style=\"background-image:url('https:\/\/nyanpereira.fr\/dessinateur\/wp-content\/uploads\/2013\/12\/Storyboard.template.pub_.Roughs.Serie_.drawing.jpg');\"><\/div>\n<div class=\"background_overlay\"><\/div>\n<div class=\"content\">\n<h4>Rough Catalogue \/ GAMM VERT<\/h4>\n<div class=\"post_detail\">24 d\u00e9cembre 2013<\/div>\n<\/div>\n<\/div>\n<p><\/a><\/div>\n<div class=\"one_third_bg\"><a href=\"https:\/\/nyanpereira.fr\/dessinateur\/conception-vignettes-storyboard-pub-hermesetas\/\"><\/p>\n<div class=\"blog_minimal_wrapper\">\n<div class=\"featured_image\" style=\"background-image:url('https:\/\/nyanpereira.fr\/dessinateur\/wp-content\/uploads\/2013\/12\/Storyboard.template.pub_.stroryboarding.dessin.film_.jpg');\"><\/div>\n<div class=\"background_overlay\"><\/div>\n<div class=\"content\">\n<h4>Story Board Hermesetas<\/h4>\n<div class=\"post_detail\">22 d\u00e9cembre 2013<\/div>\n<\/div>\n<\/div>\n<p><\/a><\/div>\n<div class=\"one_third_bg\"><a href=\"https:\/\/nyanpereira.fr\/dessinateur\/photomontage-exploration-science-fiction\/\"><\/p>\n<div class=\"blog_minimal_wrapper\">\n<div class=\"content\">\n<h4>PhotoMontage Science Fiction<\/h4>\n<div class=\"post_detail\">20 d\u00e9cembre 2013<\/div>\n<\/div>\n<\/div>\n<p><\/a><\/div>\n<div class=\"one_third_bg\"><a href=\"https:\/\/nyanpereira.fr\/dessinateur\/video-photomontage-lapeyre\/\"><\/p>\n<div class=\"blog_minimal_wrapper\">\n<div class=\"content\">\n<h4>PhotoMontage  &#038; publicit\u00e9 LAPEYRE<\/h4>\n<div class=\"post_detail\">20 d\u00e9cembre 2013<\/div>\n<\/div>\n<\/div>\n<p><\/a><\/div>\n<div class=\"one_third_bg\"><a href=\"https:\/\/nyanpereira.fr\/dessinateur\/rough-motion-animatics-nivea\/\"><\/p>\n<div class=\"blog_minimal_wrapper\">\n<div class=\"featured_image\" style=\"background-image:url('https:\/\/nyanpereira.fr\/dessinateur\/wp-content\/uploads\/2020\/01\/Animatic.nivea_.publicite\u0301.vide\u0301o.Dessin.roughman.Paca-2.jpg');\"><\/div>\n<div class=\"background_overlay\"><\/div>\n<div class=\"content\">\n<h4>PUB NIVEA \/ Animatic production<\/h4>\n<div class=\"post_detail\">20 d\u00e9cembre 2013<\/div>\n<\/div>\n<\/div>\n<p><\/a><\/div>\n<div class=\"one_third_bg\"><a href=\"https:\/\/nyanpereira.fr\/dessinateur\/decoration-vitrine-peinte-a-la-main-2\/\"><\/p>\n<div class=\"blog_minimal_wrapper\">\n<div class=\"content\">\n<h4>Peinture sur Vitrine Pr\u00e9sentation<\/h4>\n<div class=\"post_detail\">6 novembre 2013<\/div>\n<\/div>\n<\/div>\n<p><\/a><\/div>\n<div class=\"one_third_bg\"><a href=\"https:\/\/nyanpereira.fr\/dessinateur\/lart-video-stop-motion\/\"><\/p>\n<div class=\"blog_minimal_wrapper\">\n<div class=\"content\">\n<h4>l&rsquo;Art Vid\u00e9o<\/h4>\n<div class=\"post_detail\">28 octobre 2013<\/div>\n<\/div>\n<\/div>\n<p><\/a><\/div>\n<div class=\"one_third_bg\"><a href=\"https:\/\/nyanpereira.fr\/dessinateur\/photomontage-colgate\/\"><\/p>\n<div class=\"blog_minimal_wrapper\">\n<div class=\"content\">\n<h4>Photographie Bijoux<\/h4>\n<div class=\"post_detail\">23 octobre 2013<\/div>\n<\/div>\n<\/div>\n<p><\/a><\/div>\n<div class=\"one_third_bg\"><a href=\"https:\/\/nyanpereira.fr\/dessinateur\/rough-catalogue-pub-decathlon\/\"><\/p>\n<div class=\"blog_minimal_wrapper\">\n<div class=\"featured_image\" style=\"background-image:url('https:\/\/nyanpereira.fr\/dessinateur\/wp-content\/uploads\/2013\/10\/04.llustration.evolution.Storyboard.decathlon.dessin.tennis.sport_.artengo3-min.jpg');\"><\/div>\n<div class=\"background_overlay\"><\/div>\n<div class=\"content\">\n<h4>Rough Catalogue \/ DECATHLON<\/h4>\n<div class=\"post_detail\">10 octobre 2013<\/div>\n<\/div>\n<\/div>\n<p><\/a><\/div>\n<div class=\"one_third_bg\"><a href=\"https:\/\/nyanpereira.fr\/dessinateur\/graphisme-photographie-enseigne-magasin\/\"><\/p>\n<div class=\"blog_minimal_wrapper\">\n<div class=\"content\">\n<h4>Graphisme ELIXIR<\/h4>\n<div class=\"post_detail\">7 octobre 2013<\/div>\n<\/div>\n<\/div>\n<p><\/a><\/div>\n<div class=\"one_third_bg\"><a href=\"https:\/\/nyanpereira.fr\/dessinateur\/publicite-branding-campagne-notoriete\/\"><\/p>\n<div class=\"blog_minimal_wrapper\">\n<div class=\"featured_image\" style=\"background-image:url('https:\/\/nyanpereira.fr\/dessinateur\/wp-content\/uploads\/2013\/10\/Nyanpereira.fr-DA.concept.3.jpg');\"><\/div>\n<div class=\"background_overlay\"><\/div>\n<div class=\"content\">\n<h4>COLGATE \/\/ Photomontages Publicitaires<\/h4>\n<div class=\"post_detail\">5 octobre 2013<\/div>\n<\/div>\n<\/div>\n<p><\/a><\/div>\n<div class=\"one_third_bg\"><a href=\"https:\/\/nyanpereira.fr\/dessinateur\/dessin-reforme-des-retraites-2013\/\"><\/p>\n<div class=\"blog_minimal_wrapper\">\n<div class=\"content\">\n<h4>Dessin de Presse<\/h4>\n<div class=\"post_detail\">2 octobre 2013<\/div>\n<\/div>\n<\/div>\n<p><\/a><\/div>\n<div class=\"one_third_bg\"><a href=\"https:\/\/nyanpereira.fr\/dessinateur\/scenographie-rough-photomontage\/\"><\/p>\n<div class=\"blog_minimal_wrapper\">\n<div class=\"content\">\n<h4>Roughs Sc\u00e9nographiques<\/h4>\n<div class=\"post_detail\">23 septembre 2013<\/div>\n<\/div>\n<\/div>\n<p><\/a><\/div>\n<div class=\"one_third_bg\"><a href=\"https:\/\/nyanpereira.fr\/dessinateur\/rough-couverture-catalogue-heytens\/\"><\/p>\n<div class=\"blog_minimal_wrapper\">\n<div class=\"featured_image\" style=\"background-image:url('https:\/\/nyanpereira.fr\/dessinateur\/wp-content\/uploads\/2013\/08\/photomontage.pub_.photomanipulation.affichage.print-min.jpg');\"><\/div>\n<div class=\"background_overlay\"><\/div>\n<div class=\"content\">\n<h4>Heytens \/ Visuel Campagne catalogue<\/h4>\n<div class=\"post_detail\">24 ao\u00fbt 2013<\/div>\n<\/div>\n<\/div>\n<p><\/a><\/div>\n<div class=\"one_third_bg\"><a href=\"https:\/\/nyanpereira.fr\/dessinateur\/illustration-lido\/\"><\/p>\n<div class=\"blog_minimal_wrapper\">\n<div class=\"content\">\n<h4>Illustration LIDO<\/h4>\n<div class=\"post_detail\">24 juillet 2013<\/div>\n<\/div>\n<\/div>\n<p><\/a><\/div>\n<div class=\"one_third_bg\"><a href=\"https:\/\/nyanpereira.fr\/dessinateur\/photographie-studio\/\"><\/p>\n<div class=\"blog_minimal_wrapper\">\n<div class=\"featured_image\" style=\"background-image:url('https:\/\/nyanpereira.fr\/dessinateur\/wp-content\/uploads\/2013\/07\/moitier.pneu_.-delko.publicite\u0301.promotion.promo_.offert.photographie.photorough-1024x547.jpg');\"><\/div>\n<div class=\"background_overlay\"><\/div>\n<div class=\"content\">\n<h4>Photographie Studio<\/h4>\n<div class=\"post_detail\">23 juillet 2013<\/div>\n<\/div>\n<\/div>\n<p><\/a><\/div>\n<div class=\"one_third_bg\"><a href=\"https:\/\/nyanpereira.fr\/dessinateur\/photographe-freelance-pub-photo-manipulation-studio-creation-publicitaire-paris-nice\/\"><\/p>\n<div class=\"blog_minimal_wrapper\">\n<div class=\"featured_image\" style=\"background-image:url('https:\/\/nyanpereira.fr\/dessinateur\/wp-content\/uploads\/2013\/05\/LE.Morse_1.jpg');\"><\/div>\n<div class=\"background_overlay\"><\/div>\n<div class=\"content\">\n<h4>Cont\u00e9 \/ Animals Photo Manipulation Publicitaire<\/h4>\n<div class=\"post_detail\">23 juillet 2013<\/div>\n<\/div>\n<\/div>\n<p><\/a><\/div>\n<div class=\"one_third_bg\"><a href=\"https:\/\/nyanpereira.fr\/dessinateur\/photographe-portrait-barilla\/\"><\/p>\n<div class=\"blog_minimal_wrapper\">\n<div class=\"featured_image\" style=\"background-image:url('https:\/\/nyanpereira.fr\/dessinateur\/wp-content\/uploads\/2013\/03\/15.photographie.pub_.serie_.portrait.femme_.campagne.publicitaire.barilla-min.jpg');\"><\/div>\n<div class=\"background_overlay\"><\/div>\n<div class=\"content\">\n<h4>S\u00e9rie portrait publicitaire \/\/  BARILLA<\/h4>\n<div class=\"post_detail\">24 mars 2013<\/div>\n<\/div>\n<\/div>\n<p><\/a><\/div>\n<div class=\"one_third_bg\"><a href=\"https:\/\/nyanpereira.fr\/dessinateur\/rough-decathlon\/\"><\/p>\n<div class=\"blog_minimal_wrapper\">\n<div class=\"content\">\n<h4>Rough DECATHLON<\/h4>\n<div class=\"post_detail\">24 mars 2013<\/div>\n<\/div>\n<\/div>\n<p><\/a><\/div>\n<\/div>\n<\/div>\n<\/div>\n<\/div>\n","protected":false},"excerpt":{"rendered":"","protected":false},"author":1,"featured_media":0,"parent":0,"menu_order":0,"comment_status":"closed","ping_status":"closed","template":"","meta":[],"yoast_head":"<!-- This site is optimized with the Yoast SEO plugin v17.9 - https:\/\/yoast.com\/wordpress\/plugins\/seo\/ -->\n<title>\u2605 Les derni\u00e8res News d&#039;un storyboarder \u00e0 PARIS \/\/ PUB\u2022TV &amp; FILM\u2022WEB<\/title>\n<meta name=\"description\" content=\"rough, sc\u00e9no marketing, storyboard pub, storyboarding cinema, animatics, scenographie scp\u00e9ctale, costume stylisme, illsutration mode... Nombreuses sont les recherches crayonn\u00e9s n\u00e9cessaire \u00e0 la production de films ou d&#039;une pub.\" \/>\n<meta name=\"robots\" content=\"index, follow, max-snippet:-1, max-image-preview:large, max-video-preview:-1\" \/>\n<link rel=\"canonical\" href=\"https:\/\/nyanpereira.fr\/dessinateur\/journal-actualites-news-dessinateur-motion-designer-freelance\/\" \/>\n<meta property=\"og:locale\" content=\"fr_FR\" \/>\n<meta property=\"og:type\" content=\"article\" \/>\n<meta property=\"og:title\" content=\"\u2605 Les derni\u00e8res News d&#039;un storyboarder \u00e0 PARIS \/\/ PUB\u2022TV &amp; FILM\u2022WEB\" \/>\n<meta property=\"og:description\" content=\"rough, sc\u00e9no marketing, storyboard pub, storyboarding cinema, animatics, scenographie scp\u00e9ctale, costume stylisme, illsutration mode... Nombreuses sont les recherches crayonn\u00e9s n\u00e9cessaire \u00e0 la production de films ou d&#039;une pub.\" \/>\n<meta property=\"og:url\" content=\"https:\/\/nyanpereira.fr\/dessinateur\/journal-actualites-news-dessinateur-motion-designer-freelance\/\" \/>\n<meta property=\"og:site_name\" content=\"Service Cr\u00e9atif &amp; Pr\u00e9sentation Artistique\" \/>\n<meta property=\"article:modified_time\" content=\"2021-01-24T17:25:44+00:00\" \/>\n<meta property=\"og:image\" content=\"https:\/\/nyanpereira.fr\/dessinateur\/wp-content\/uploads\/2020\/05\/Banner.scenographie.storyboarding.jpg\" \/>\n<meta name=\"twitter:card\" content=\"summary_large_image\" \/>\n<meta name=\"twitter:label1\" content=\"Dur\u00e9e de lecture estim\u00e9e\" \/>\n\t<meta name=\"twitter:data1\" content=\"2 minutes\" \/>\n<script type=\"application\/ld+json\" class=\"yoast-schema-graph\">{\"@context\":\"https:\/\/schema.org\",\"@graph\":[{\"@type\":\"Organization\",\"@id\":\"https:\/\/nyanpereira.fr\/dessinateur\/#organization\",\"name\":\"storyboarder Freelance\",\"url\":\"https:\/\/nyanpereira.fr\/dessinateur\/\",\"sameAs\":[],\"logo\":{\"@type\":\"ImageObject\",\"@id\":\"https:\/\/nyanpereira.fr\/dessinateur\/#logo\",\"inLanguage\":\"fr-FR\",\"url\":\"\",\"contentUrl\":\"\",\"caption\":\"storyboarder Freelance\"},\"image\":{\"@id\":\"https:\/\/nyanpereira.fr\/dessinateur\/#logo\"}},{\"@type\":\"WebSite\",\"@id\":\"https:\/\/nyanpereira.fr\/dessinateur\/#website\",\"url\":\"https:\/\/nyanpereira.fr\/dessinateur\/\",\"name\":\"Service Cr\\u00e9atif &amp; Pr\\u00e9sentation Artistique\",\"description\":\"Roughs, Storyboard, Antimatic &amp; Photomontage\",\"publisher\":{\"@id\":\"https:\/\/nyanpereira.fr\/dessinateur\/#organization\"},\"potentialAction\":[{\"@type\":\"SearchAction\",\"target\":{\"@type\":\"EntryPoint\",\"urlTemplate\":\"https:\/\/nyanpereira.fr\/dessinateur\/?s={search_term_string}\"},\"query-input\":\"required name=search_term_string\"}],\"inLanguage\":\"fr-FR\"},{\"@type\":\"ImageObject\",\"@id\":\"https:\/\/nyanpereira.fr\/dessinateur\/journal-actualites-news-dessinateur-motion-designer-freelance\/#primaryimage\",\"inLanguage\":\"fr-FR\",\"url\":\"https:\/\/nyanpereira.fr\/dessinateur\/wp-content\/uploads\/2020\/05\/Banner.scenographie.storyboarding.jpg\",\"contentUrl\":\"https:\/\/nyanpereira.fr\/dessinateur\/wp-content\/uploads\/2020\/05\/Banner.scenographie.storyboarding.jpg\",\"width\":1520,\"height\":241,\"caption\":\"Banner.scenographie.storyboarding\"},{\"@type\":\"WebPage\",\"@id\":\"https:\/\/nyanpereira.fr\/dessinateur\/journal-actualites-news-dessinateur-motion-designer-freelance\/#webpage\",\"url\":\"https:\/\/nyanpereira.fr\/dessinateur\/journal-actualites-news-dessinateur-motion-designer-freelance\/\",\"name\":\"\\u2605 Les derni\\u00e8res News d'un storyboarder \\u00e0 PARIS \/\/ PUB\\u2022TV & FILM\\u2022WEB\",\"isPartOf\":{\"@id\":\"https:\/\/nyanpereira.fr\/dessinateur\/#website\"},\"primaryImageOfPage\":{\"@id\":\"https:\/\/nyanpereira.fr\/dessinateur\/journal-actualites-news-dessinateur-motion-designer-freelance\/#primaryimage\"},\"datePublished\":\"2020-01-31T14:34:11+00:00\",\"dateModified\":\"2021-01-24T17:25:44+00:00\",\"description\":\"rough, sc\\u00e9no marketing, storyboard pub, storyboarding cinema, animatics, scenographie scp\\u00e9ctale, costume stylisme, illsutration mode... Nombreuses sont les recherches crayonn\\u00e9s n\\u00e9cessaire \\u00e0 la production de films ou d'une pub.\",\"breadcrumb\":{\"@id\":\"https:\/\/nyanpereira.fr\/dessinateur\/journal-actualites-news-dessinateur-motion-designer-freelance\/#breadcrumb\"},\"inLanguage\":\"fr-FR\",\"potentialAction\":[{\"@type\":\"ReadAction\",\"target\":[\"https:\/\/nyanpereira.fr\/dessinateur\/journal-actualites-news-dessinateur-motion-designer-freelance\/\"]}]},{\"@type\":\"BreadcrumbList\",\"@id\":\"https:\/\/nyanpereira.fr\/dessinateur\/journal-actualites-news-dessinateur-motion-designer-freelance\/#breadcrumb\",\"itemListElement\":[{\"@type\":\"ListItem\",\"position\":1,\"name\":\"Accueil\",\"item\":\"https:\/\/nyanpereira.fr\/dessinateur\/\"},{\"@type\":\"ListItem\",\"position\":2,\"name\":\"Les derni\\u00e8res News, Publications &#038; Actualit\\u00e9s\"}]}]}<\/script>\n<!-- \/ Yoast SEO plugin. -->","yoast_head_json":{"title":"\u2605 Les derni\u00e8res News d'un storyboarder \u00e0 PARIS \/\/ PUB\u2022TV & FILM\u2022WEB","description":"rough, sc\u00e9no marketing, storyboard pub, storyboarding cinema, animatics, scenographie scp\u00e9ctale, costume stylisme, illsutration mode... Nombreuses sont les recherches crayonn\u00e9s n\u00e9cessaire \u00e0 la production de films ou d'une pub.","robots":{"index":"index","follow":"follow","max-snippet":"max-snippet:-1","max-image-preview":"max-image-preview:large","max-video-preview":"max-video-preview:-1"},"canonical":"https:\/\/nyanpereira.fr\/dessinateur\/journal-actualites-news-dessinateur-motion-designer-freelance\/","og_locale":"fr_FR","og_type":"article","og_title":"\u2605 Les derni\u00e8res News d'un storyboarder \u00e0 PARIS \/\/ PUB\u2022TV & FILM\u2022WEB","og_description":"rough, sc\u00e9no marketing, storyboard pub, storyboarding cinema, animatics, scenographie scp\u00e9ctale, costume stylisme, illsutration mode... Nombreuses sont les recherches crayonn\u00e9s n\u00e9cessaire \u00e0 la production de films ou d'une pub.","og_url":"https:\/\/nyanpereira.fr\/dessinateur\/journal-actualites-news-dessinateur-motion-designer-freelance\/","og_site_name":"Service Cr\u00e9atif &amp; Pr\u00e9sentation Artistique","article_modified_time":"2021-01-24T17:25:44+00:00","og_image":[{"url":"https:\/\/nyanpereira.fr\/dessinateur\/wp-content\/uploads\/2020\/05\/Banner.scenographie.storyboarding.jpg"}],"twitter_card":"summary_large_image","twitter_misc":{"Dur\u00e9e de lecture estim\u00e9e":"2 minutes"},"schema":{"@context":"https:\/\/schema.org","@graph":[{"@type":"Organization","@id":"https:\/\/nyanpereira.fr\/dessinateur\/#organization","name":"storyboarder Freelance","url":"https:\/\/nyanpereira.fr\/dessinateur\/","sameAs":[],"logo":{"@type":"ImageObject","@id":"https:\/\/nyanpereira.fr\/dessinateur\/#logo","inLanguage":"fr-FR","url":"","contentUrl":"","caption":"storyboarder Freelance"},"image":{"@id":"https:\/\/nyanpereira.fr\/dessinateur\/#logo"}},{"@type":"WebSite","@id":"https:\/\/nyanpereira.fr\/dessinateur\/#website","url":"https:\/\/nyanpereira.fr\/dessinateur\/","name":"Service Cr\u00e9atif &amp; Pr\u00e9sentation Artistique","description":"Roughs, Storyboard, Antimatic &amp; Photomontage","publisher":{"@id":"https:\/\/nyanpereira.fr\/dessinateur\/#organization"},"potentialAction":[{"@type":"SearchAction","target":{"@type":"EntryPoint","urlTemplate":"https:\/\/nyanpereira.fr\/dessinateur\/?s={search_term_string}"},"query-input":"required name=search_term_string"}],"inLanguage":"fr-FR"},{"@type":"ImageObject","@id":"https:\/\/nyanpereira.fr\/dessinateur\/journal-actualites-news-dessinateur-motion-designer-freelance\/#primaryimage","inLanguage":"fr-FR","url":"https:\/\/nyanpereira.fr\/dessinateur\/wp-content\/uploads\/2020\/05\/Banner.scenographie.storyboarding.jpg","contentUrl":"https:\/\/nyanpereira.fr\/dessinateur\/wp-content\/uploads\/2020\/05\/Banner.scenographie.storyboarding.jpg","width":1520,"height":241,"caption":"Banner.scenographie.storyboarding"},{"@type":"WebPage","@id":"https:\/\/nyanpereira.fr\/dessinateur\/journal-actualites-news-dessinateur-motion-designer-freelance\/#webpage","url":"https:\/\/nyanpereira.fr\/dessinateur\/journal-actualites-news-dessinateur-motion-designer-freelance\/","name":"\u2605 Les derni\u00e8res News d'un storyboarder \u00e0 PARIS \/\/ PUB\u2022TV & FILM\u2022WEB","isPartOf":{"@id":"https:\/\/nyanpereira.fr\/dessinateur\/#website"},"primaryImageOfPage":{"@id":"https:\/\/nyanpereira.fr\/dessinateur\/journal-actualites-news-dessinateur-motion-designer-freelance\/#primaryimage"},"datePublished":"2020-01-31T14:34:11+00:00","dateModified":"2021-01-24T17:25:44+00:00","description":"rough, sc\u00e9no marketing, storyboard pub, storyboarding cinema, animatics, scenographie scp\u00e9ctale, costume stylisme, illsutration mode... Nombreuses sont les recherches crayonn\u00e9s n\u00e9cessaire \u00e0 la production de films ou d'une pub.","breadcrumb":{"@id":"https:\/\/nyanpereira.fr\/dessinateur\/journal-actualites-news-dessinateur-motion-designer-freelance\/#breadcrumb"},"inLanguage":"fr-FR","potentialAction":[{"@type":"ReadAction","target":["https:\/\/nyanpereira.fr\/dessinateur\/journal-actualites-news-dessinateur-motion-designer-freelance\/"]}]},{"@type":"BreadcrumbList","@id":"https:\/\/nyanpereira.fr\/dessinateur\/journal-actualites-news-dessinateur-motion-designer-freelance\/#breadcrumb","itemListElement":[{"@type":"ListItem","position":1,"name":"Accueil","item":"https:\/\/nyanpereira.fr\/dessinateur\/"},{"@type":"ListItem","position":2,"name":"Les derni\u00e8res News, Publications &#038; Actualit\u00e9s"}]}]}},"_links":{"self":[{"href":"https:\/\/nyanpereira.fr\/dessinateur\/wp-json\/wp\/v2\/pages\/5633"}],"collection":[{"href":"https:\/\/nyanpereira.fr\/dessinateur\/wp-json\/wp\/v2\/pages"}],"about":[{"href":"https:\/\/nyanpereira.fr\/dessinateur\/wp-json\/wp\/v2\/types\/page"}],"author":[{"embeddable":true,"href":"https:\/\/nyanpereira.fr\/dessinateur\/wp-json\/wp\/v2\/users\/1"}],"replies":[{"embeddable":true,"href":"https:\/\/nyanpereira.fr\/dessinateur\/wp-json\/wp\/v2\/comments?post=5633"}],"version-history":[{"count":99,"href":"https:\/\/nyanpereira.fr\/dessinateur\/wp-json\/wp\/v2\/pages\/5633\/revisions"}],"predecessor-version":[{"id":9270,"href":"https:\/\/nyanpereira.fr\/dessinateur\/wp-json\/wp\/v2\/pages\/5633\/revisions\/9270"}],"wp:attachment":[{"href":"https:\/\/nyanpereira.fr\/dessinateur\/wp-json\/wp\/v2\/media?parent=5633"}],"curies":[{"name":"wp","href":"https:\/\/api.w.org\/{rel}","templated":true}]}}